{"id":16433,"date":"2021-12-17T10:16:06","date_gmt":"2021-12-17T10:16:06","guid":{"rendered":"https:\/\/muzeum.haus.pl\/?post_type=project&#038;p=16433"},"modified":"2021-12-17T10:17:53","modified_gmt":"2021-12-17T10:17:53","slug":"feliks-pieruszka","status":"publish","type":"project","link":"https:\/\/muzeum.haus.pl\/de\/ausstellung\/virtuelle-ausstellung-der-grossvater-aus-der-wehrmacht-erfahrungen-im-gedaechtnis-festgeschrieben\/menschen\/feliks-pieruszka\/","title":{"rendered":"Feliks Pieruszka"},"content":{"rendered":"<div id=\"cmsmasters_row_6flki6shbn\" class=\"cmsmasters_row cmsmasters_color_scheme_default cmsmasters_row_top_default cmsmasters_row_bot_default cmsmasters_row_boxed\">\n<div class=\"cmsmasters_row_outer_parent\">\n<div class=\"cmsmasters_row_outer\">\n<div class=\"cmsmasters_row_inner\">\n<div class=\"cmsmasters_row_margin\">\n<div id=\"cmsmasters_column_2o9cf4r2f\" class=\"cmsmasters_column one_first\">\n<div class=\"cmsmasters_column_inner\"><div id=\"cmsmasters_heading_dvy2g2wdzf\" class=\"cmsmasters_heading_wrap cmsmasters_heading_align_left\">\n\t<h2 class=\"cmsmasters_heading\">Feliks Pieruszka<\/h2>\n<\/div>\n<\/div><\/div>\n<\/div>\n<\/div>\n<\/div>\n<\/div>\n<\/div>\n<div id=\"cmsmasters_row_l9bkqs1vuo\" class=\"cmsmasters_row cmsmasters_color_scheme_default cmsmasters_row_top_default cmsmasters_row_bot_default cmsmasters_row_boxed\">\n<div class=\"cmsmasters_row_outer_parent\">\n<div class=\"cmsmasters_row_outer\">\n<div class=\"cmsmasters_row_inner\">\n<div class=\"cmsmasters_row_margin\">\n<div id=\"cmsmasters_column_5xmici7u6j\" class=\"cmsmasters_column one_third\">\n<div class=\"cmsmasters_column_inner\"><div class=\"aligncenter\"><div class=\"cmsmasters_img  cmsmasters_image_c with_caption\"><a href=\"http:\/\/muzeum.haus.pl\/wp-content\/uploads\/2021\/10\/foto116-scaled.jpg\"><img decoding=\"async\" src=\"https:\/\/muzeum.haus.pl\/wp-content\/uploads\/2021\/10\/foto116-360x460.jpg\" \/><\/a><p class=\"cmsmasters_img_caption\">Feliks Pieruszka<\/p><\/div><\/div>\n<\/div><\/div>\n<div id=\"cmsmasters_column_tn4c81vob9\" class=\"cmsmasters_column two_third\">\n<div class=\"cmsmasters_column_inner\"><div class=\"cmsmasters_text\">\n<p>Geboren 1922 in Gammau\/Gam\u00f3w im Kreis Ratibor\/Racib\u00f3rz. 1941 zur deutschen Wehrmacht eingezogen, leistete er seinen Kriegsdienst bei der Flugabwehr im Norden Norwegens. Im Mai 1945 geriet er in franz\u00f6sische Gefangenschaft, aus der er floh. Nach Hause kam er 1946 zur\u00fcck. Er arbeitete in der elterlichen Landwirtschaft. Jahrelang war er in seiner Heimatgemeinde Mitglied des Gemeinderates. Er starb 2014.<\/p>\n<\/div>\n<\/div><\/div>\n<\/div>\n<\/div>\n<\/div>\n<\/div>\n<\/div>\n<div id=\"cmsmasters_row_r3avypz4uf\" class=\"cmsmasters_row cmsmasters_color_scheme_default cmsmasters_row_top_default cmsmasters_row_bot_default cmsmasters_row_boxed\">\n<div class=\"cmsmasters_row_outer_parent\">\n<div class=\"cmsmasters_row_outer\">\n<div class=\"cmsmasters_row_inner\">\n<div class=\"cmsmasters_row_margin\">\n<div id=\"cmsmasters_column_n98i7butul\" class=\"cmsmasters_column one_first\">\n<div class=\"cmsmasters_column_inner\"><div class=\"cmsmasters_text\">\n<div id=\"audioigniter-16354\" class=\"audioigniter-root \" data-player-type=\"full\" data-tracks-url=\"https:\/\/muzeum.haus.pl\/de\/?audioigniter_playlist_id=16354\" data-display-track-no=\"true\" data-reverse-track-order=\"false\" data-display-tracklist-covers=\"true\" data-display-active-cover=\"true\" data-display-artist-names=\"true\" data-display-buy-buttons=\"true\" data-buy-buttons-target=\"true\" data-cycle-tracks=\"false\" data-display-credits=\"false\" data-display-tracklist=\"true\" data-allow-tracklist-toggle=\"true\" data-allow-tracklist-loop=\"true\" data-limit-tracklist-height=\"false\" data-volume=\"100\" data-tracklist-height=\"185\" ><\/div>\n<\/div>\n<\/div><\/div>\n<\/div>\n<\/div>\n<\/div>\n<\/div>\n<\/div>\n<div id=\"cmsmasters_row_eib5c34yr\" class=\"cmsmasters_row cmsmasters_color_scheme_default cmsmasters_row_top_default cmsmasters_row_bot_default cmsmasters_row_boxed\">\n<div class=\"cmsmasters_row_outer_parent\">\n<div class=\"cmsmasters_row_outer\">\n<div class=\"cmsmasters_row_inner\">\n<div class=\"cmsmasters_row_margin\">\n<div id=\"cmsmasters_column_iu9sotxe2d\" class=\"cmsmasters_column one_first\">\n<div class=\"cmsmasters_column_inner\">\n<div class=\"cmsmasters_sidebar sidebar_layout_11\"><div id=\"text-11\" class=\"widget widget_text\">\t\t\t<div class=\"textwidget\"><hr \/>\n<h3>Menschen<\/h3>\n<\/div>\n\t\t<\/div><div id=\"nav_menu-3\" class=\"widget widget_nav_menu\"><div class=\"menu-dziadek-z-wermachtu-menschen-container\"><ul id=\"menu-dziadek-z-wermachtu-menschen\" class=\"menu\"><li id=\"menu-item-16515\" class=\"menu-item menu-item-type-post_type menu-item-object-project menu-item-16515\"><a href=\"https:\/\/muzeum.haus.pl\/de\/ausstellung\/virtuelle-ausstellung-der-grossvater-aus-der-wehrmacht-erfahrungen-im-gedaechtnis-festgeschrieben\/menschen\/alojzy-stolorz\/\">Alojzy Stolorz<\/a><\/li>\n<li id=\"menu-item-16516\" class=\"menu-item menu-item-type-post_type menu-item-object-project menu-item-16516\"><a href=\"https:\/\/muzeum.haus.pl\/de\/ausstellung\/virtuelle-ausstellung-der-grossvater-aus-der-wehrmacht-erfahrungen-im-gedaechtnis-festgeschrieben\/menschen\/antoni-haftka\/\">Antoni Haftka<\/a><\/li>\n<li id=\"menu-item-16517\" class=\"menu-item menu-item-type-post_type menu-item-object-project menu-item-16517\"><a href=\"https:\/\/muzeum.haus.pl\/de\/ausstellung\/virtuelle-ausstellung-der-grossvater-aus-der-wehrmacht-erfahrungen-im-gedaechtnis-festgeschrieben\/menschen\/blasius-hanczuch\/\">Blasius Hanczuch<\/a><\/li>\n<li id=\"menu-item-16518\" class=\"menu-item menu-item-type-post_type menu-item-object-project menu-item-16518\"><a href=\"https:\/\/muzeum.haus.pl\/de\/ausstellung\/virtuelle-ausstellung-der-grossvater-aus-der-wehrmacht-erfahrungen-im-gedaechtnis-festgeschrieben\/menschen\/brunon-dziecielski\/\">Brunon Dzi\u0119cielski<\/a><\/li>\n<li id=\"menu-item-16519\" class=\"menu-item menu-item-type-post_type menu-item-object-project menu-item-16519\"><a href=\"https:\/\/muzeum.haus.pl\/de\/ausstellung\/virtuelle-ausstellung-der-grossvater-aus-der-wehrmacht-erfahrungen-im-gedaechtnis-festgeschrieben\/menschen\/edward-manowski\/\">Edward Manowski<\/a><\/li>\n<li id=\"menu-item-16520\" class=\"menu-item menu-item-type-post_type menu-item-object-project menu-item-16520\"><a href=\"https:\/\/muzeum.haus.pl\/de\/ausstellung\/virtuelle-ausstellung-der-grossvater-aus-der-wehrmacht-erfahrungen-im-gedaechtnis-festgeschrieben\/menschen\/feliks-pieruszka\/\">Feliks Pieruszka<\/a><\/li>\n<li id=\"menu-item-16521\" class=\"menu-item menu-item-type-post_type menu-item-object-project menu-item-16521\"><a href=\"https:\/\/muzeum.haus.pl\/de\/ausstellung\/virtuelle-ausstellung-der-grossvater-aus-der-wehrmacht-erfahrungen-im-gedaechtnis-festgeschrieben\/menschen\/franciszek-goncz\/\">Franciszek Go\u0144cz<\/a><\/li>\n<li id=\"menu-item-16522\" class=\"menu-item menu-item-type-post_type menu-item-object-project menu-item-16522\"><a href=\"https:\/\/muzeum.haus.pl\/de\/ausstellung\/virtuelle-ausstellung-der-grossvater-aus-der-wehrmacht-erfahrungen-im-gedaechtnis-festgeschrieben\/menschen\/franciszek-kociok\/\">Franciszek Kociok<\/a><\/li>\n<li id=\"menu-item-16523\" class=\"menu-item menu-item-type-post_type menu-item-object-project menu-item-16523\"><a href=\"https:\/\/muzeum.haus.pl\/de\/ausstellung\/virtuelle-ausstellung-der-grossvater-aus-der-wehrmacht-erfahrungen-im-gedaechtnis-festgeschrieben\/menschen\/franciszek-niksza\/\">Franciszek Niksza<\/a><\/li>\n<li id=\"menu-item-16524\" class=\"menu-item menu-item-type-post_type menu-item-object-project menu-item-16524\"><a href=\"https:\/\/muzeum.haus.pl\/de\/ausstellung\/virtuelle-ausstellung-der-grossvater-aus-der-wehrmacht-erfahrungen-im-gedaechtnis-festgeschrieben\/menschen\/gerard-wodarz\/\">Gerard Wodarz<\/a><\/li>\n<li id=\"menu-item-16525\" class=\"menu-item menu-item-type-post_type menu-item-object-project menu-item-16525\"><a href=\"https:\/\/muzeum.haus.pl\/de\/ausstellung\/virtuelle-ausstellung-der-grossvater-aus-der-wehrmacht-erfahrungen-im-gedaechtnis-festgeschrieben\/menschen\/gerhard-ogiermann\/\">Gerhard Ogiermann<\/a><\/li>\n<li id=\"menu-item-16526\" class=\"menu-item menu-item-type-post_type menu-item-object-project menu-item-16526\"><a href=\"https:\/\/muzeum.haus.pl\/de\/ausstellung\/virtuelle-ausstellung-der-grossvater-aus-der-wehrmacht-erfahrungen-im-gedaechtnis-festgeschrieben\/menschen\/heinrich-mielnik\/\">Heinrich Mielnik<\/a><\/li>\n<li id=\"menu-item-16527\" class=\"menu-item menu-item-type-post_type menu-item-object-project menu-item-16527\"><a href=\"https:\/\/muzeum.haus.pl\/de\/ausstellung\/virtuelle-ausstellung-der-grossvater-aus-der-wehrmacht-erfahrungen-im-gedaechtnis-festgeschrieben\/menschen\/henryk-jaksik\/\">Henryk Jaksik<\/a><\/li>\n<li id=\"menu-item-16528\" class=\"menu-item menu-item-type-post_type menu-item-object-project menu-item-16528\"><a href=\"https:\/\/muzeum.haus.pl\/de\/ausstellung\/virtuelle-ausstellung-der-grossvater-aus-der-wehrmacht-erfahrungen-im-gedaechtnis-festgeschrieben\/menschen\/henryk-szymanski\/\">Henryk Szyma\u0144ski<\/a><\/li>\n<li id=\"menu-item-16529\" class=\"menu-item menu-item-type-post_type menu-item-object-project menu-item-16529\"><a href=\"https:\/\/muzeum.haus.pl\/de\/ausstellung\/virtuelle-ausstellung-der-grossvater-aus-der-wehrmacht-erfahrungen-im-gedaechtnis-festgeschrieben\/menschen\/irena-urbiczek\/\">Irena Urbiczek<\/a><\/li>\n<li id=\"menu-item-16535\" class=\"menu-item menu-item-type-post_type menu-item-object-project menu-item-16535\"><a href=\"https:\/\/muzeum.haus.pl\/de\/ausstellung\/virtuelle-ausstellung-der-grossvater-aus-der-wehrmacht-erfahrungen-im-gedaechtnis-festgeschrieben\/menschen\/leon-urbiczek\/\">Leon Urbiczek<\/a><\/li>\n<li id=\"menu-item-16530\" class=\"menu-item menu-item-type-post_type menu-item-object-project menu-item-16530\"><a href=\"https:\/\/muzeum.haus.pl\/de\/ausstellung\/virtuelle-ausstellung-der-grossvater-aus-der-wehrmacht-erfahrungen-im-gedaechtnis-festgeschrieben\/menschen\/jan-mueller\/\">Jan M\u00fcller<\/a><\/li>\n<li id=\"menu-item-16531\" class=\"menu-item menu-item-type-post_type menu-item-object-project menu-item-16531\"><a href=\"https:\/\/muzeum.haus.pl\/de\/ausstellung\/virtuelle-ausstellung-der-grossvater-aus-der-wehrmacht-erfahrungen-im-gedaechtnis-festgeschrieben\/menschen\/jerzy-dudek\/\">Jerzy Dudek<\/a><\/li>\n<li id=\"menu-item-16532\" class=\"menu-item menu-item-type-post_type menu-item-object-project menu-item-16532\"><a href=\"https:\/\/muzeum.haus.pl\/de\/ausstellung\/virtuelle-ausstellung-der-grossvater-aus-der-wehrmacht-erfahrungen-im-gedaechtnis-festgeschrieben\/menschen\/jerzy-rozanski\/\">Jerzy R\u00f3\u017ca\u0144ski<\/a><\/li>\n<li id=\"menu-item-16533\" class=\"menu-item menu-item-type-post_type menu-item-object-project menu-item-16533\"><a href=\"https:\/\/muzeum.haus.pl\/de\/ausstellung\/virtuelle-ausstellung-der-grossvater-aus-der-wehrmacht-erfahrungen-im-gedaechtnis-festgeschrieben\/menschen\/josef-wistuba\/\">Josef Wistuba<\/a><\/li>\n<li id=\"menu-item-16534\" class=\"menu-item menu-item-type-post_type menu-item-object-project menu-item-16534\"><a href=\"https:\/\/muzeum.haus.pl\/de\/ausstellung\/virtuelle-ausstellung-der-grossvater-aus-der-wehrmacht-erfahrungen-im-gedaechtnis-festgeschrieben\/menschen\/kazimierz-brandt\/\">Kazimierz Brandt<\/a><\/li>\n<li id=\"menu-item-16536\" class=\"menu-item menu-item-type-post_type menu-item-object-project menu-item-16536\"><a href=\"https:\/\/muzeum.haus.pl\/de\/ausstellung\/virtuelle-ausstellung-der-grossvater-aus-der-wehrmacht-erfahrungen-im-gedaechtnis-festgeschrieben\/menschen\/leopold-josiek\/\">Leopold Josiek<\/a><\/li>\n<li id=\"menu-item-16537\" class=\"menu-item menu-item-type-post_type menu-item-object-project menu-item-16537\"><a href=\"https:\/\/muzeum.haus.pl\/de\/ausstellung\/virtuelle-ausstellung-der-grossvater-aus-der-wehrmacht-erfahrungen-im-gedaechtnis-festgeschrieben\/menschen\/roman-kalnik\/\">Roman Kalnik<\/a><\/li>\n<li id=\"menu-item-16538\" class=\"menu-item menu-item-type-post_type menu-item-object-project menu-item-16538\"><a href=\"https:\/\/muzeum.haus.pl\/de\/ausstellung\/virtuelle-ausstellung-der-grossvater-aus-der-wehrmacht-erfahrungen-im-gedaechtnis-festgeschrieben\/menschen\/rudolf-mizia\/\">Rudolf Mizia<\/a><\/li>\n<li id=\"menu-item-16539\" class=\"menu-item menu-item-type-post_type menu-item-object-project menu-item-16539\"><a href=\"https:\/\/muzeum.haus.pl\/de\/ausstellung\/virtuelle-ausstellung-der-grossvater-aus-der-wehrmacht-erfahrungen-im-gedaechtnis-festgeschrieben\/menschen\/szczepan-twardoch\/\">Szczepan Twardoch<\/a><\/li>\n<li id=\"menu-item-16540\" class=\"menu-item menu-item-type-post_type menu-item-object-project menu-item-16540\"><a href=\"https:\/\/muzeum.haus.pl\/de\/ausstellung\/virtuelle-ausstellung-der-grossvater-aus-der-wehrmacht-erfahrungen-im-gedaechtnis-festgeschrieben\/menschen\/waclaw-galios\/\">Wac\u0142aw Galios<\/a><\/li>\n<li id=\"menu-item-16541\" class=\"menu-item menu-item-type-post_type menu-item-object-project menu-item-16541\"><a href=\"https:\/\/muzeum.haus.pl\/de\/ausstellung\/virtuelle-ausstellung-der-grossvater-aus-der-wehrmacht-erfahrungen-im-gedaechtnis-festgeschrieben\/menschen\/zbigniew-kubien\/\">Zbigniew Kubie\u0144<\/a><\/li>\n<\/ul><\/div><\/div><div class=\"cl\"><\/div>\n<\/div>\n<\/div><\/div>\n<\/div>\n<\/div>\n<\/div>\n<\/div>\n<\/div>\n\n","protected":false},"excerpt":{"rendered":"","protected":false},"author":1,"featured_media":0,"parent":16306,"menu_order":165,"template":"","format":"standard","meta":{"_acf_changed":false,"footnotes":""},"class_list":["post-16433","project","type-project","status-publish","format-standard","hentry"],"acf":[],"yoast_head":"<!-- This site is optimized with the Yoast SEO plugin v27.3 - https:\/\/yoast.com\/product\/yoast-seo-wordpress\/ -->\n<title>Feliks Pieruszka - Muzeum online Domu Wsp\u00f3\u0142pracy Polsko-Niemieckiej<\/title>\n<meta name=\"robots\" content=\"index, follow, max-snippet:-1, max-image-preview:large, max-video-preview:-1\" \/>\n<link rel=\"canonical\" href=\"https:\/\/muzeum.haus.pl\/de\/ausstellung\/virtuelle-ausstellung-der-grossvater-aus-der-wehrmacht-erfahrungen-im-gedaechtnis-festgeschrieben\/menschen\/feliks-pieruszka\/\" \/>\n<meta property=\"og:locale\" content=\"de_DE\" \/>\n<meta property=\"og:type\" content=\"article\" \/>\n<meta property=\"og:title\" content=\"Feliks Pieruszka - Muzeum online Domu Wsp\u00f3\u0142pracy Polsko-Niemieckiej\" \/>\n<meta property=\"og:url\" content=\"https:\/\/muzeum.haus.pl\/de\/ausstellung\/virtuelle-ausstellung-der-grossvater-aus-der-wehrmacht-erfahrungen-im-gedaechtnis-festgeschrieben\/menschen\/feliks-pieruszka\/\" \/>\n<meta property=\"og:site_name\" content=\"Muzeum online Domu Wsp\u00f3\u0142pracy Polsko-Niemieckiej\" \/>\n<meta property=\"article:modified_time\" content=\"2021-12-17T10:17:53+00:00\" \/>\n<meta name=\"twitter:card\" content=\"summary_large_image\" \/>\n<meta name=\"twitter:label1\" content=\"Gesch\u00e4tzte Lesezeit\" \/>\n\t<meta name=\"twitter:data1\" content=\"2\u00a0Minuten\" \/>\n<script type=\"application\/ld+json\" class=\"yoast-schema-graph\">{\"@context\":\"https:\\\/\\\/schema.org\",\"@graph\":[{\"@type\":\"WebPage\",\"@id\":\"https:\\\/\\\/muzeum.haus.pl\\\/de\\\/ausstellung\\\/virtuelle-ausstellung-der-grossvater-aus-der-wehrmacht-erfahrungen-im-gedaechtnis-festgeschrieben\\\/menschen\\\/feliks-pieruszka\\\/\",\"url\":\"https:\\\/\\\/muzeum.haus.pl\\\/de\\\/ausstellung\\\/virtuelle-ausstellung-der-grossvater-aus-der-wehrmacht-erfahrungen-im-gedaechtnis-festgeschrieben\\\/menschen\\\/feliks-pieruszka\\\/\",\"name\":\"Feliks Pieruszka - Muzeum online Domu Wsp\u00f3\u0142pracy Polsko-Niemieckiej\",\"isPartOf\":{\"@id\":\"https:\\\/\\\/muzeum.haus.pl\\\/de\\\/#website\"},\"datePublished\":\"2021-12-17T10:16:06+00:00\",\"dateModified\":\"2021-12-17T10:17:53+00:00\",\"breadcrumb\":{\"@id\":\"https:\\\/\\\/muzeum.haus.pl\\\/de\\\/ausstellung\\\/virtuelle-ausstellung-der-grossvater-aus-der-wehrmacht-erfahrungen-im-gedaechtnis-festgeschrieben\\\/menschen\\\/feliks-pieruszka\\\/#breadcrumb\"},\"inLanguage\":\"de\",\"potentialAction\":[{\"@type\":\"ReadAction\",\"target\":[\"https:\\\/\\\/muzeum.haus.pl\\\/de\\\/ausstellung\\\/virtuelle-ausstellung-der-grossvater-aus-der-wehrmacht-erfahrungen-im-gedaechtnis-festgeschrieben\\\/menschen\\\/feliks-pieruszka\\\/\"]}]},{\"@type\":\"BreadcrumbList\",\"@id\":\"https:\\\/\\\/muzeum.haus.pl\\\/de\\\/ausstellung\\\/virtuelle-ausstellung-der-grossvater-aus-der-wehrmacht-erfahrungen-im-gedaechtnis-festgeschrieben\\\/menschen\\\/feliks-pieruszka\\\/#breadcrumb\",\"itemListElement\":[{\"@type\":\"ListItem\",\"position\":1,\"name\":\"Home\",\"item\":\"https:\\\/\\\/muzeum.haus.pl\\\/de\\\/\"},{\"@type\":\"ListItem\",\"position\":2,\"name\":\"ausstellung\",\"item\":\"https:\\\/\\\/muzeum.haus.pl\\\/de\\\/ausstellung\\\/\"},{\"@type\":\"ListItem\",\"position\":3,\"name\":\"Virtuelle Ausstellung: \u201eDer Gro\u00dfvater aus der Wehrmacht. Erfahrungen, im Ged\u00e4chtnis festgeschrieben\u201c\",\"item\":\"https:\\\/\\\/muzeum.haus.pl\\\/de\\\/ausstellung\\\/virtuelle-ausstellung-der-grossvater-aus-der-wehrmacht-erfahrungen-im-gedaechtnis-festgeschrieben\\\/\"},{\"@type\":\"ListItem\",\"position\":4,\"name\":\"Menschen\",\"item\":\"https:\\\/\\\/muzeum.haus.pl\\\/de\\\/ausstellung\\\/virtuelle-ausstellung-der-grossvater-aus-der-wehrmacht-erfahrungen-im-gedaechtnis-festgeschrieben\\\/menschen\\\/\"},{\"@type\":\"ListItem\",\"position\":5,\"name\":\"Feliks Pieruszka\"}]},{\"@type\":\"WebSite\",\"@id\":\"https:\\\/\\\/muzeum.haus.pl\\\/de\\\/#website\",\"url\":\"https:\\\/\\\/muzeum.haus.pl\\\/de\\\/\",\"name\":\"Muzeum online Domu Wsp\u00f3\u0142pracy Polsko-Niemieckiej\",\"description\":\"DWPN\",\"potentialAction\":[{\"@type\":\"SearchAction\",\"target\":{\"@type\":\"EntryPoint\",\"urlTemplate\":\"https:\\\/\\\/muzeum.haus.pl\\\/de\\\/?s={search_term_string}\"},\"query-input\":{\"@type\":\"PropertyValueSpecification\",\"valueRequired\":true,\"valueName\":\"search_term_string\"}}],\"inLanguage\":\"de\"}]}<\/script>\n<!-- \/ Yoast SEO plugin. -->","yoast_head_json":{"title":"Feliks Pieruszka - Muzeum online Domu Wsp\u00f3\u0142pracy Polsko-Niemieckiej","robots":{"index":"index","follow":"follow","max-snippet":"max-snippet:-1","max-image-preview":"max-image-preview:large","max-video-preview":"max-video-preview:-1"},"canonical":"https:\/\/muzeum.haus.pl\/de\/ausstellung\/virtuelle-ausstellung-der-grossvater-aus-der-wehrmacht-erfahrungen-im-gedaechtnis-festgeschrieben\/menschen\/feliks-pieruszka\/","og_locale":"de_DE","og_type":"article","og_title":"Feliks Pieruszka - Muzeum online Domu Wsp\u00f3\u0142pracy Polsko-Niemieckiej","og_url":"https:\/\/muzeum.haus.pl\/de\/ausstellung\/virtuelle-ausstellung-der-grossvater-aus-der-wehrmacht-erfahrungen-im-gedaechtnis-festgeschrieben\/menschen\/feliks-pieruszka\/","og_site_name":"Muzeum online Domu Wsp\u00f3\u0142pracy Polsko-Niemieckiej","article_modified_time":"2021-12-17T10:17:53+00:00","twitter_card":"summary_large_image","twitter_misc":{"Gesch\u00e4tzte Lesezeit":"2\u00a0Minuten"},"schema":{"@context":"https:\/\/schema.org","@graph":[{"@type":"WebPage","@id":"https:\/\/muzeum.haus.pl\/de\/ausstellung\/virtuelle-ausstellung-der-grossvater-aus-der-wehrmacht-erfahrungen-im-gedaechtnis-festgeschrieben\/menschen\/feliks-pieruszka\/","url":"https:\/\/muzeum.haus.pl\/de\/ausstellung\/virtuelle-ausstellung-der-grossvater-aus-der-wehrmacht-erfahrungen-im-gedaechtnis-festgeschrieben\/menschen\/feliks-pieruszka\/","name":"Feliks Pieruszka - Muzeum online Domu Wsp\u00f3\u0142pracy Polsko-Niemieckiej","isPartOf":{"@id":"https:\/\/muzeum.haus.pl\/de\/#website"},"datePublished":"2021-12-17T10:16:06+00:00","dateModified":"2021-12-17T10:17:53+00:00","breadcrumb":{"@id":"https:\/\/muzeum.haus.pl\/de\/ausstellung\/virtuelle-ausstellung-der-grossvater-aus-der-wehrmacht-erfahrungen-im-gedaechtnis-festgeschrieben\/menschen\/feliks-pieruszka\/#breadcrumb"},"inLanguage":"de","potentialAction":[{"@type":"ReadAction","target":["https:\/\/muzeum.haus.pl\/de\/ausstellung\/virtuelle-ausstellung-der-grossvater-aus-der-wehrmacht-erfahrungen-im-gedaechtnis-festgeschrieben\/menschen\/feliks-pieruszka\/"]}]},{"@type":"BreadcrumbList","@id":"https:\/\/muzeum.haus.pl\/de\/ausstellung\/virtuelle-ausstellung-der-grossvater-aus-der-wehrmacht-erfahrungen-im-gedaechtnis-festgeschrieben\/menschen\/feliks-pieruszka\/#breadcrumb","itemListElement":[{"@type":"ListItem","position":1,"name":"Home","item":"https:\/\/muzeum.haus.pl\/de\/"},{"@type":"ListItem","position":2,"name":"ausstellung","item":"https:\/\/muzeum.haus.pl\/de\/ausstellung\/"},{"@type":"ListItem","position":3,"name":"Virtuelle Ausstellung: \u201eDer Gro\u00dfvater aus der Wehrmacht. Erfahrungen, im Ged\u00e4chtnis festgeschrieben\u201c","item":"https:\/\/muzeum.haus.pl\/de\/ausstellung\/virtuelle-ausstellung-der-grossvater-aus-der-wehrmacht-erfahrungen-im-gedaechtnis-festgeschrieben\/"},{"@type":"ListItem","position":4,"name":"Menschen","item":"https:\/\/muzeum.haus.pl\/de\/ausstellung\/virtuelle-ausstellung-der-grossvater-aus-der-wehrmacht-erfahrungen-im-gedaechtnis-festgeschrieben\/menschen\/"},{"@type":"ListItem","position":5,"name":"Feliks Pieruszka"}]},{"@type":"WebSite","@id":"https:\/\/muzeum.haus.pl\/de\/#website","url":"https:\/\/muzeum.haus.pl\/de\/","name":"Muzeum online Domu Wsp\u00f3\u0142pracy Polsko-Niemieckiej","description":"DWPN","potentialAction":[{"@type":"SearchAction","target":{"@type":"EntryPoint","urlTemplate":"https:\/\/muzeum.haus.pl\/de\/?s={search_term_string}"},"query-input":{"@type":"PropertyValueSpecification","valueRequired":true,"valueName":"search_term_string"}}],"inLanguage":"de"}]}},"_links":{"self":[{"href":"https:\/\/muzeum.haus.pl\/de\/wp-json\/wp\/v2\/project\/16433","targetHints":{"allow":["GET"]}}],"collection":[{"href":"https:\/\/muzeum.haus.pl\/de\/wp-json\/wp\/v2\/project"}],"about":[{"href":"https:\/\/muzeum.haus.pl\/de\/wp-json\/wp\/v2\/types\/project"}],"author":[{"embeddable":true,"href":"https:\/\/muzeum.haus.pl\/de\/wp-json\/wp\/v2\/users\/1"}],"version-history":[{"count":3,"href":"https:\/\/muzeum.haus.pl\/de\/wp-json\/wp\/v2\/project\/16433\/revisions"}],"predecessor-version":[{"id":16436,"href":"https:\/\/muzeum.haus.pl\/de\/wp-json\/wp\/v2\/project\/16433\/revisions\/16436"}],"up":[{"embeddable":true,"href":"https:\/\/muzeum.haus.pl\/de\/wp-json\/wp\/v2\/project\/16306"}],"wp:attachment":[{"href":"https:\/\/muzeum.haus.pl\/de\/wp-json\/wp\/v2\/media?parent=16433"}],"curies":[{"name":"wp","href":"https:\/\/api.w.org\/{rel}","templated":true}]}}