{"id":16474,"date":"2021-12-17T11:03:46","date_gmt":"2021-12-17T11:03:46","guid":{"rendered":"https:\/\/muzeum.haus.pl\/?post_type=project&#038;p=16474"},"modified":"2021-12-17T11:05:50","modified_gmt":"2021-12-17T11:05:50","slug":"leon-urbiczek","status":"publish","type":"project","link":"https:\/\/muzeum.haus.pl\/de\/ausstellung\/virtuelle-ausstellung-der-grossvater-aus-der-wehrmacht-erfahrungen-im-gedaechtnis-festgeschrieben\/menschen\/leon-urbiczek\/","title":{"rendered":"Leon Urbiczek"},"content":{"rendered":"<div id=\"cmsmasters_row_bj0fhyolo7\" class=\"cmsmasters_row cmsmasters_color_scheme_default cmsmasters_row_top_default cmsmasters_row_bot_default cmsmasters_row_boxed\">\n<div class=\"cmsmasters_row_outer_parent\">\n<div class=\"cmsmasters_row_outer\">\n<div class=\"cmsmasters_row_inner\">\n<div class=\"cmsmasters_row_margin\">\n<div id=\"cmsmasters_column_d7t09h57xt\" class=\"cmsmasters_column one_first\">\n<div class=\"cmsmasters_column_inner\"><div id=\"cmsmasters_heading_40wp9m4jpj\" class=\"cmsmasters_heading_wrap cmsmasters_heading_align_left\">\n\t<h2 class=\"cmsmasters_heading\">Leon Urbiczek<\/h2>\n<\/div>\n<\/div><\/div>\n<\/div>\n<\/div>\n<\/div>\n<\/div>\n<\/div>\n<div id=\"cmsmasters_row_wfh4be58by\" class=\"cmsmasters_row cmsmasters_color_scheme_default cmsmasters_row_top_default cmsmasters_row_bot_default cmsmasters_row_boxed\">\n<div class=\"cmsmasters_row_outer_parent\">\n<div class=\"cmsmasters_row_outer\">\n<div class=\"cmsmasters_row_inner\">\n<div class=\"cmsmasters_row_margin\">\n<div id=\"cmsmasters_column_vido0f7nqw\" class=\"cmsmasters_column one_third\">\n<div class=\"cmsmasters_column_inner\"><div class=\"aligncenter\"><div class=\"cmsmasters_img  cmsmasters_image_c with_caption\"><a href=\"http:\/\/muzeum.haus.pl\/wp-content\/uploads\/2021\/10\/foto111.jpg\"><img decoding=\"async\" src=\"https:\/\/muzeum.haus.pl\/wp-content\/uploads\/2021\/10\/foto111-360x460.jpg\" \/><\/a><p class=\"cmsmasters_img_caption\">Leon Urbiczek<\/p><\/div><\/div>\n<\/div><\/div>\n<div id=\"cmsmasters_column_0xbvj63zrc\" class=\"cmsmasters_column two_third\">\n<div class=\"cmsmasters_column_inner\"><div class=\"cmsmasters_text\">\n<p>Geboren 1922 in Kochlowitz\/Koch\u0142owice in Oberschlesien. Sein Hobby war Zeichnen, \u00fcberdies war er passionierter Modellbauer. Als 19-J\u00e4hriger wurde er zur deutschen Wehrmacht eingezogen. Er fiel im Juli 1942 in der Schlacht bei Trawino (heute Oblast Smolensk, Russland). Erst 67 Jahre sp\u00e4ter erfuhren seine Angeh\u00f6rigen \u00fcber die Umst\u00e4nde seines Todes.<\/p>\n<\/div>\n<\/div><\/div>\n<\/div>\n<\/div>\n<\/div>\n<\/div>\n<\/div>\n<div id=\"cmsmasters_row_nam8ls9tf8\" class=\"cmsmasters_row cmsmasters_color_scheme_default cmsmasters_row_top_default cmsmasters_row_bot_default cmsmasters_row_boxed\">\n<div class=\"cmsmasters_row_outer_parent\">\n<div class=\"cmsmasters_row_outer\">\n<div class=\"cmsmasters_row_inner\">\n<div class=\"cmsmasters_row_margin\">\n<div id=\"cmsmasters_column_ed527nff\" class=\"cmsmasters_column one_first\">\n<div class=\"cmsmasters_column_inner\"><div id=\"cmsmasters_gallery_dmd2rnc69\" class=\"cmsmasters_gallery_wrap\" data-type=\"grid\" data-count=\"0\"><ul class=\"cmsmasters_gallery cmsmasters_4 cmsmasters_more_items_loader\"><li id=\"rzecz_15552\" class=\"cmsmasters_gallery_item cmsmasters_caption\"><figure><a href=\"https:\/\/muzeum.haus.pl\/wp-content\/uploads\/2021\/10\/foto5.jpg\" rel=\"ilightbox[dmd2rnc69]\" data-caption=\"Der Schulausweis von Leon Urbiczek\"><img loading=\"lazy\" decoding=\"async\" width=\"360\" height=\"460\" src=\"https:\/\/muzeum.haus.pl\/wp-content\/uploads\/2021\/10\/foto5-360x460.jpg\" class=\"attachment-cmsmasters-blog-masonry-thumb size-cmsmasters-blog-masonry-thumb\" alt=\"\" \/><\/a><figcaption>Der Schulausweis von Leon Urbiczek<\/figcaption><\/figure><\/li><li id=\"rzecz_15240\" class=\"cmsmasters_gallery_item cmsmasters_caption\"><figure><a href=\"https:\/\/muzeum.haus.pl\/wp-content\/uploads\/2021\/10\/foto33.jpg\" rel=\"ilightbox[dmd2rnc69]\" data-caption=\"Auszug aus einem Brief von Leon Urbiczek an seinen Bruder Roman, 1942.\"><img loading=\"lazy\" decoding=\"async\" width=\"360\" height=\"460\" src=\"https:\/\/muzeum.haus.pl\/wp-content\/uploads\/2021\/10\/foto33-360x460.jpg\" class=\"attachment-cmsmasters-blog-masonry-thumb size-cmsmasters-blog-masonry-thumb\" alt=\"\" \/><\/a><figcaption>Auszug aus einem Brief von Leon Urbiczek an seinen Bruder Roman, 1942.<\/figcaption><\/figure><\/li><li id=\"rzecz_15238\" class=\"cmsmasters_gallery_item cmsmasters_caption\"><figure><a href=\"https:\/\/muzeum.haus.pl\/wp-content\/uploads\/2021\/10\/foto34a-scaled.jpg\" rel=\"ilightbox[dmd2rnc69]\" data-caption=\"Postkarte von Leon Urbiczek an seine Familie, abgeschickt aus der Kaserne in Saint-Avold, Lothringen, 1942.\"><img loading=\"lazy\" decoding=\"async\" width=\"360\" height=\"460\" src=\"https:\/\/muzeum.haus.pl\/wp-content\/uploads\/2021\/10\/foto34a-360x460.jpg\" class=\"attachment-cmsmasters-blog-masonry-thumb size-cmsmasters-blog-masonry-thumb\" alt=\"\" \/><\/a><figcaption>Postkarte von Leon Urbiczek an seine Familie, abgeschickt aus der Kaserne in Saint-Avold, Lothringen, 1942.<\/figcaption><\/figure><\/li><li id=\"rzecz_15236\" class=\"cmsmasters_gallery_item cmsmasters_caption\"><figure><a href=\"https:\/\/muzeum.haus.pl\/wp-content\/uploads\/2021\/10\/foto34b-scaled.jpg\" rel=\"ilightbox[dmd2rnc69]\" data-caption=\"Postkarte von Leon Urbiczek an seine Familie, abgeschickt aus der Kaserne in Saint-Avold, Lothringen, 1942.\"><img loading=\"lazy\" decoding=\"async\" width=\"360\" height=\"460\" src=\"https:\/\/muzeum.haus.pl\/wp-content\/uploads\/2021\/10\/foto34b-360x460.jpg\" class=\"attachment-cmsmasters-blog-masonry-thumb size-cmsmasters-blog-masonry-thumb\" alt=\"\" \/><\/a><figcaption>Postkarte von Leon Urbiczek an seine Familie, abgeschickt aus der Kaserne in Saint-Avold, Lothringen, 1942.<\/figcaption><\/figure><\/li><li id=\"rzecz_15297\" class=\"cmsmasters_gallery_item cmsmasters_caption\"><figure><a href=\"https:\/\/muzeum.haus.pl\/wp-content\/uploads\/2021\/10\/foto51-scaled.jpg\" rel=\"ilightbox[dmd2rnc69]\" data-caption=\"Postkarte an Leon Urbiczek, die an den Absender zur\u00fcckgeschickt wurde. Leon Urbiczek war bereits tot, als der Brief seine Einheit erreichte.\"><img loading=\"lazy\" decoding=\"async\" width=\"360\" height=\"460\" src=\"https:\/\/muzeum.haus.pl\/wp-content\/uploads\/2021\/10\/foto51-360x460.jpg\" class=\"attachment-cmsmasters-blog-masonry-thumb size-cmsmasters-blog-masonry-thumb\" alt=\"\" \/><\/a><figcaption>Postkarte an Leon Urbiczek, die an den Absender zur\u00fcckgeschickt wurde. Leon Urbiczek war bereits tot, als der Brief seine Einheit erreichte.<\/figcaption><\/figure><\/li><li id=\"rzecz_15435\" class=\"cmsmasters_gallery_item cmsmasters_caption\"><figure><a href=\"https:\/\/muzeum.haus.pl\/wp-content\/uploads\/2021\/10\/foto85-scaled.jpg\" rel=\"ilightbox[dmd2rnc69]\" data-caption=\"Offizielle Erkl\u00e4rung von Roman Urbiczek, in der er seine Zeit in der Wehrmacht nicht erw\u00e4hnt, 1970er Jahre\"><img loading=\"lazy\" decoding=\"async\" width=\"360\" height=\"460\" src=\"https:\/\/muzeum.haus.pl\/wp-content\/uploads\/2021\/10\/foto85-360x460.jpg\" class=\"attachment-cmsmasters-blog-masonry-thumb size-cmsmasters-blog-masonry-thumb\" alt=\"\" \/><\/a><figcaption>Offizielle Erkl\u00e4rung von Roman Urbiczek, in der er seine Zeit in der Wehrmacht nicht erw\u00e4hnt, 1970er Jahre<\/figcaption><\/figure><\/li><\/ul><\/div>\n<\/div><\/div>\n<\/div>\n<\/div>\n<\/div>\n<\/div>\n<\/div>\n<div id=\"cmsmasters_row_5aeelmn89r\" class=\"cmsmasters_row cmsmasters_color_scheme_default cmsmasters_row_top_default cmsmasters_row_bot_default cmsmasters_row_boxed\">\n<div class=\"cmsmasters_row_outer_parent\">\n<div class=\"cmsmasters_row_outer\">\n<div class=\"cmsmasters_row_inner\">\n<div class=\"cmsmasters_row_margin\">\n<div id=\"cmsmasters_column_h3nyiamhxt\" class=\"cmsmasters_column one_first\">\n<div class=\"cmsmasters_column_inner\">\n<div class=\"cmsmasters_sidebar sidebar_layout_11\"><div id=\"text-11\" class=\"widget widget_text\">\t\t\t<div class=\"textwidget\"><hr \/>\n<h3>Menschen<\/h3>\n<\/div>\n\t\t<\/div><div id=\"nav_menu-3\" class=\"widget widget_nav_menu\"><div class=\"menu-dziadek-z-wermachtu-menschen-container\"><ul id=\"menu-dziadek-z-wermachtu-menschen\" class=\"menu\"><li id=\"menu-item-16515\" class=\"menu-item menu-item-type-post_type menu-item-object-project menu-item-16515\"><a href=\"https:\/\/muzeum.haus.pl\/de\/ausstellung\/virtuelle-ausstellung-der-grossvater-aus-der-wehrmacht-erfahrungen-im-gedaechtnis-festgeschrieben\/menschen\/alojzy-stolorz\/\">Alojzy Stolorz<\/a><\/li>\n<li id=\"menu-item-16516\" class=\"menu-item menu-item-type-post_type menu-item-object-project menu-item-16516\"><a href=\"https:\/\/muzeum.haus.pl\/de\/ausstellung\/virtuelle-ausstellung-der-grossvater-aus-der-wehrmacht-erfahrungen-im-gedaechtnis-festgeschrieben\/menschen\/antoni-haftka\/\">Antoni Haftka<\/a><\/li>\n<li id=\"menu-item-16517\" class=\"menu-item menu-item-type-post_type menu-item-object-project menu-item-16517\"><a href=\"https:\/\/muzeum.haus.pl\/de\/ausstellung\/virtuelle-ausstellung-der-grossvater-aus-der-wehrmacht-erfahrungen-im-gedaechtnis-festgeschrieben\/menschen\/blasius-hanczuch\/\">Blasius Hanczuch<\/a><\/li>\n<li id=\"menu-item-16518\" class=\"menu-item menu-item-type-post_type menu-item-object-project menu-item-16518\"><a href=\"https:\/\/muzeum.haus.pl\/de\/ausstellung\/virtuelle-ausstellung-der-grossvater-aus-der-wehrmacht-erfahrungen-im-gedaechtnis-festgeschrieben\/menschen\/brunon-dziecielski\/\">Brunon Dzi\u0119cielski<\/a><\/li>\n<li id=\"menu-item-16519\" class=\"menu-item menu-item-type-post_type menu-item-object-project menu-item-16519\"><a href=\"https:\/\/muzeum.haus.pl\/de\/ausstellung\/virtuelle-ausstellung-der-grossvater-aus-der-wehrmacht-erfahrungen-im-gedaechtnis-festgeschrieben\/menschen\/edward-manowski\/\">Edward Manowski<\/a><\/li>\n<li id=\"menu-item-16520\" class=\"menu-item menu-item-type-post_type menu-item-object-project menu-item-16520\"><a href=\"https:\/\/muzeum.haus.pl\/de\/ausstellung\/virtuelle-ausstellung-der-grossvater-aus-der-wehrmacht-erfahrungen-im-gedaechtnis-festgeschrieben\/menschen\/feliks-pieruszka\/\">Feliks Pieruszka<\/a><\/li>\n<li id=\"menu-item-16521\" class=\"menu-item menu-item-type-post_type menu-item-object-project menu-item-16521\"><a href=\"https:\/\/muzeum.haus.pl\/de\/ausstellung\/virtuelle-ausstellung-der-grossvater-aus-der-wehrmacht-erfahrungen-im-gedaechtnis-festgeschrieben\/menschen\/franciszek-goncz\/\">Franciszek Go\u0144cz<\/a><\/li>\n<li id=\"menu-item-16522\" class=\"menu-item menu-item-type-post_type menu-item-object-project menu-item-16522\"><a href=\"https:\/\/muzeum.haus.pl\/de\/ausstellung\/virtuelle-ausstellung-der-grossvater-aus-der-wehrmacht-erfahrungen-im-gedaechtnis-festgeschrieben\/menschen\/franciszek-kociok\/\">Franciszek Kociok<\/a><\/li>\n<li id=\"menu-item-16523\" class=\"menu-item menu-item-type-post_type menu-item-object-project menu-item-16523\"><a href=\"https:\/\/muzeum.haus.pl\/de\/ausstellung\/virtuelle-ausstellung-der-grossvater-aus-der-wehrmacht-erfahrungen-im-gedaechtnis-festgeschrieben\/menschen\/franciszek-niksza\/\">Franciszek Niksza<\/a><\/li>\n<li id=\"menu-item-16524\" class=\"menu-item menu-item-type-post_type menu-item-object-project menu-item-16524\"><a href=\"https:\/\/muzeum.haus.pl\/de\/ausstellung\/virtuelle-ausstellung-der-grossvater-aus-der-wehrmacht-erfahrungen-im-gedaechtnis-festgeschrieben\/menschen\/gerard-wodarz\/\">Gerard Wodarz<\/a><\/li>\n<li id=\"menu-item-16525\" class=\"menu-item menu-item-type-post_type menu-item-object-project menu-item-16525\"><a href=\"https:\/\/muzeum.haus.pl\/de\/ausstellung\/virtuelle-ausstellung-der-grossvater-aus-der-wehrmacht-erfahrungen-im-gedaechtnis-festgeschrieben\/menschen\/gerhard-ogiermann\/\">Gerhard Ogiermann<\/a><\/li>\n<li id=\"menu-item-16526\" class=\"menu-item menu-item-type-post_type menu-item-object-project menu-item-16526\"><a href=\"https:\/\/muzeum.haus.pl\/de\/ausstellung\/virtuelle-ausstellung-der-grossvater-aus-der-wehrmacht-erfahrungen-im-gedaechtnis-festgeschrieben\/menschen\/heinrich-mielnik\/\">Heinrich Mielnik<\/a><\/li>\n<li id=\"menu-item-16527\" class=\"menu-item menu-item-type-post_type menu-item-object-project menu-item-16527\"><a href=\"https:\/\/muzeum.haus.pl\/de\/ausstellung\/virtuelle-ausstellung-der-grossvater-aus-der-wehrmacht-erfahrungen-im-gedaechtnis-festgeschrieben\/menschen\/henryk-jaksik\/\">Henryk Jaksik<\/a><\/li>\n<li id=\"menu-item-16528\" class=\"menu-item menu-item-type-post_type menu-item-object-project menu-item-16528\"><a href=\"https:\/\/muzeum.haus.pl\/de\/ausstellung\/virtuelle-ausstellung-der-grossvater-aus-der-wehrmacht-erfahrungen-im-gedaechtnis-festgeschrieben\/menschen\/henryk-szymanski\/\">Henryk Szyma\u0144ski<\/a><\/li>\n<li id=\"menu-item-16529\" class=\"menu-item menu-item-type-post_type menu-item-object-project menu-item-16529\"><a href=\"https:\/\/muzeum.haus.pl\/de\/ausstellung\/virtuelle-ausstellung-der-grossvater-aus-der-wehrmacht-erfahrungen-im-gedaechtnis-festgeschrieben\/menschen\/irena-urbiczek\/\">Irena Urbiczek<\/a><\/li>\n<li id=\"menu-item-16535\" class=\"menu-item menu-item-type-post_type menu-item-object-project menu-item-16535\"><a href=\"https:\/\/muzeum.haus.pl\/de\/ausstellung\/virtuelle-ausstellung-der-grossvater-aus-der-wehrmacht-erfahrungen-im-gedaechtnis-festgeschrieben\/menschen\/leon-urbiczek\/\">Leon Urbiczek<\/a><\/li>\n<li id=\"menu-item-16530\" class=\"menu-item menu-item-type-post_type menu-item-object-project menu-item-16530\"><a href=\"https:\/\/muzeum.haus.pl\/de\/ausstellung\/virtuelle-ausstellung-der-grossvater-aus-der-wehrmacht-erfahrungen-im-gedaechtnis-festgeschrieben\/menschen\/jan-mueller\/\">Jan M\u00fcller<\/a><\/li>\n<li id=\"menu-item-16531\" class=\"menu-item menu-item-type-post_type menu-item-object-project menu-item-16531\"><a href=\"https:\/\/muzeum.haus.pl\/de\/ausstellung\/virtuelle-ausstellung-der-grossvater-aus-der-wehrmacht-erfahrungen-im-gedaechtnis-festgeschrieben\/menschen\/jerzy-dudek\/\">Jerzy Dudek<\/a><\/li>\n<li id=\"menu-item-16532\" class=\"menu-item menu-item-type-post_type menu-item-object-project menu-item-16532\"><a href=\"https:\/\/muzeum.haus.pl\/de\/ausstellung\/virtuelle-ausstellung-der-grossvater-aus-der-wehrmacht-erfahrungen-im-gedaechtnis-festgeschrieben\/menschen\/jerzy-rozanski\/\">Jerzy R\u00f3\u017ca\u0144ski<\/a><\/li>\n<li id=\"menu-item-16533\" class=\"menu-item menu-item-type-post_type menu-item-object-project menu-item-16533\"><a href=\"https:\/\/muzeum.haus.pl\/de\/ausstellung\/virtuelle-ausstellung-der-grossvater-aus-der-wehrmacht-erfahrungen-im-gedaechtnis-festgeschrieben\/menschen\/josef-wistuba\/\">Josef Wistuba<\/a><\/li>\n<li id=\"menu-item-16534\" class=\"menu-item menu-item-type-post_type menu-item-object-project menu-item-16534\"><a href=\"https:\/\/muzeum.haus.pl\/de\/ausstellung\/virtuelle-ausstellung-der-grossvater-aus-der-wehrmacht-erfahrungen-im-gedaechtnis-festgeschrieben\/menschen\/kazimierz-brandt\/\">Kazimierz Brandt<\/a><\/li>\n<li id=\"menu-item-16536\" class=\"menu-item menu-item-type-post_type menu-item-object-project menu-item-16536\"><a href=\"https:\/\/muzeum.haus.pl\/de\/ausstellung\/virtuelle-ausstellung-der-grossvater-aus-der-wehrmacht-erfahrungen-im-gedaechtnis-festgeschrieben\/menschen\/leopold-josiek\/\">Leopold Josiek<\/a><\/li>\n<li id=\"menu-item-16537\" class=\"menu-item menu-item-type-post_type menu-item-object-project menu-item-16537\"><a href=\"https:\/\/muzeum.haus.pl\/de\/ausstellung\/virtuelle-ausstellung-der-grossvater-aus-der-wehrmacht-erfahrungen-im-gedaechtnis-festgeschrieben\/menschen\/roman-kalnik\/\">Roman Kalnik<\/a><\/li>\n<li id=\"menu-item-16538\" class=\"menu-item menu-item-type-post_type menu-item-object-project menu-item-16538\"><a href=\"https:\/\/muzeum.haus.pl\/de\/ausstellung\/virtuelle-ausstellung-der-grossvater-aus-der-wehrmacht-erfahrungen-im-gedaechtnis-festgeschrieben\/menschen\/rudolf-mizia\/\">Rudolf Mizia<\/a><\/li>\n<li id=\"menu-item-16539\" class=\"menu-item menu-item-type-post_type menu-item-object-project menu-item-16539\"><a href=\"https:\/\/muzeum.haus.pl\/de\/ausstellung\/virtuelle-ausstellung-der-grossvater-aus-der-wehrmacht-erfahrungen-im-gedaechtnis-festgeschrieben\/menschen\/szczepan-twardoch\/\">Szczepan Twardoch<\/a><\/li>\n<li id=\"menu-item-16540\" class=\"menu-item menu-item-type-post_type menu-item-object-project menu-item-16540\"><a href=\"https:\/\/muzeum.haus.pl\/de\/ausstellung\/virtuelle-ausstellung-der-grossvater-aus-der-wehrmacht-erfahrungen-im-gedaechtnis-festgeschrieben\/menschen\/waclaw-galios\/\">Wac\u0142aw Galios<\/a><\/li>\n<li id=\"menu-item-16541\" class=\"menu-item menu-item-type-post_type menu-item-object-project menu-item-16541\"><a href=\"https:\/\/muzeum.haus.pl\/de\/ausstellung\/virtuelle-ausstellung-der-grossvater-aus-der-wehrmacht-erfahrungen-im-gedaechtnis-festgeschrieben\/menschen\/zbigniew-kubien\/\">Zbigniew Kubie\u0144<\/a><\/li>\n<\/ul><\/div><\/div><div class=\"cl\"><\/div>\n<\/div>\n<\/div><\/div>\n<\/div>\n<\/div>\n<\/div>\n<\/div>\n<\/div>\n\n","protected":false},"excerpt":{"rendered":"","protected":false},"author":1,"featured_media":0,"parent":16306,"menu_order":157,"template":"","format":"standard","meta":{"_acf_changed":false,"footnotes":""},"class_list":["post-16474","project","type-project","status-publish","format-standard","hentry"],"acf":[],"yoast_head":"<!-- This site is optimized with the Yoast SEO plugin v27.3 - https:\/\/yoast.com\/product\/yoast-seo-wordpress\/ -->\n<title>Leon Urbiczek - Muzeum online Domu Wsp\u00f3\u0142pracy Polsko-Niemieckiej<\/title>\n<meta name=\"robots\" content=\"index, follow, max-snippet:-1, max-image-preview:large, max-video-preview:-1\" \/>\n<link rel=\"canonical\" href=\"https:\/\/muzeum.haus.pl\/de\/ausstellung\/virtuelle-ausstellung-der-grossvater-aus-der-wehrmacht-erfahrungen-im-gedaechtnis-festgeschrieben\/menschen\/leon-urbiczek\/\" \/>\n<meta property=\"og:locale\" content=\"de_DE\" \/>\n<meta property=\"og:type\" content=\"article\" \/>\n<meta property=\"og:title\" content=\"Leon Urbiczek - Muzeum online Domu Wsp\u00f3\u0142pracy Polsko-Niemieckiej\" \/>\n<meta property=\"og:url\" content=\"https:\/\/muzeum.haus.pl\/de\/ausstellung\/virtuelle-ausstellung-der-grossvater-aus-der-wehrmacht-erfahrungen-im-gedaechtnis-festgeschrieben\/menschen\/leon-urbiczek\/\" \/>\n<meta property=\"og:site_name\" content=\"Muzeum online Domu Wsp\u00f3\u0142pracy Polsko-Niemieckiej\" \/>\n<meta property=\"article:modified_time\" content=\"2021-12-17T11:05:50+00:00\" \/>\n<meta name=\"twitter:card\" content=\"summary_large_image\" \/>\n<meta name=\"twitter:label1\" content=\"Gesch\u00e4tzte Lesezeit\" \/>\n\t<meta name=\"twitter:data1\" content=\"2\u00a0Minuten\" \/>\n<script type=\"application\/ld+json\" class=\"yoast-schema-graph\">{\"@context\":\"https:\\\/\\\/schema.org\",\"@graph\":[{\"@type\":\"WebPage\",\"@id\":\"https:\\\/\\\/muzeum.haus.pl\\\/de\\\/ausstellung\\\/virtuelle-ausstellung-der-grossvater-aus-der-wehrmacht-erfahrungen-im-gedaechtnis-festgeschrieben\\\/menschen\\\/leon-urbiczek\\\/\",\"url\":\"https:\\\/\\\/muzeum.haus.pl\\\/de\\\/ausstellung\\\/virtuelle-ausstellung-der-grossvater-aus-der-wehrmacht-erfahrungen-im-gedaechtnis-festgeschrieben\\\/menschen\\\/leon-urbiczek\\\/\",\"name\":\"Leon Urbiczek - Muzeum online Domu Wsp\u00f3\u0142pracy Polsko-Niemieckiej\",\"isPartOf\":{\"@id\":\"https:\\\/\\\/muzeum.haus.pl\\\/de\\\/#website\"},\"datePublished\":\"2021-12-17T11:03:46+00:00\",\"dateModified\":\"2021-12-17T11:05:50+00:00\",\"breadcrumb\":{\"@id\":\"https:\\\/\\\/muzeum.haus.pl\\\/de\\\/ausstellung\\\/virtuelle-ausstellung-der-grossvater-aus-der-wehrmacht-erfahrungen-im-gedaechtnis-festgeschrieben\\\/menschen\\\/leon-urbiczek\\\/#breadcrumb\"},\"inLanguage\":\"de\",\"potentialAction\":[{\"@type\":\"ReadAction\",\"target\":[\"https:\\\/\\\/muzeum.haus.pl\\\/de\\\/ausstellung\\\/virtuelle-ausstellung-der-grossvater-aus-der-wehrmacht-erfahrungen-im-gedaechtnis-festgeschrieben\\\/menschen\\\/leon-urbiczek\\\/\"]}]},{\"@type\":\"BreadcrumbList\",\"@id\":\"https:\\\/\\\/muzeum.haus.pl\\\/de\\\/ausstellung\\\/virtuelle-ausstellung-der-grossvater-aus-der-wehrmacht-erfahrungen-im-gedaechtnis-festgeschrieben\\\/menschen\\\/leon-urbiczek\\\/#breadcrumb\",\"itemListElement\":[{\"@type\":\"ListItem\",\"position\":1,\"name\":\"Home\",\"item\":\"https:\\\/\\\/muzeum.haus.pl\\\/de\\\/\"},{\"@type\":\"ListItem\",\"position\":2,\"name\":\"ausstellung\",\"item\":\"https:\\\/\\\/muzeum.haus.pl\\\/de\\\/ausstellung\\\/\"},{\"@type\":\"ListItem\",\"position\":3,\"name\":\"Virtuelle Ausstellung: \u201eDer Gro\u00dfvater aus der Wehrmacht. Erfahrungen, im Ged\u00e4chtnis festgeschrieben\u201c\",\"item\":\"https:\\\/\\\/muzeum.haus.pl\\\/de\\\/ausstellung\\\/virtuelle-ausstellung-der-grossvater-aus-der-wehrmacht-erfahrungen-im-gedaechtnis-festgeschrieben\\\/\"},{\"@type\":\"ListItem\",\"position\":4,\"name\":\"Menschen\",\"item\":\"https:\\\/\\\/muzeum.haus.pl\\\/de\\\/ausstellung\\\/virtuelle-ausstellung-der-grossvater-aus-der-wehrmacht-erfahrungen-im-gedaechtnis-festgeschrieben\\\/menschen\\\/\"},{\"@type\":\"ListItem\",\"position\":5,\"name\":\"Leon Urbiczek\"}]},{\"@type\":\"WebSite\",\"@id\":\"https:\\\/\\\/muzeum.haus.pl\\\/de\\\/#website\",\"url\":\"https:\\\/\\\/muzeum.haus.pl\\\/de\\\/\",\"name\":\"Muzeum online Domu Wsp\u00f3\u0142pracy Polsko-Niemieckiej\",\"description\":\"DWPN\",\"potentialAction\":[{\"@type\":\"SearchAction\",\"target\":{\"@type\":\"EntryPoint\",\"urlTemplate\":\"https:\\\/\\\/muzeum.haus.pl\\\/de\\\/?s={search_term_string}\"},\"query-input\":{\"@type\":\"PropertyValueSpecification\",\"valueRequired\":true,\"valueName\":\"search_term_string\"}}],\"inLanguage\":\"de\"}]}<\/script>\n<!-- \/ Yoast SEO plugin. -->","yoast_head_json":{"title":"Leon Urbiczek - Muzeum online Domu Wsp\u00f3\u0142pracy Polsko-Niemieckiej","robots":{"index":"index","follow":"follow","max-snippet":"max-snippet:-1","max-image-preview":"max-image-preview:large","max-video-preview":"max-video-preview:-1"},"canonical":"https:\/\/muzeum.haus.pl\/de\/ausstellung\/virtuelle-ausstellung-der-grossvater-aus-der-wehrmacht-erfahrungen-im-gedaechtnis-festgeschrieben\/menschen\/leon-urbiczek\/","og_locale":"de_DE","og_type":"article","og_title":"Leon Urbiczek - Muzeum online Domu Wsp\u00f3\u0142pracy Polsko-Niemieckiej","og_url":"https:\/\/muzeum.haus.pl\/de\/ausstellung\/virtuelle-ausstellung-der-grossvater-aus-der-wehrmacht-erfahrungen-im-gedaechtnis-festgeschrieben\/menschen\/leon-urbiczek\/","og_site_name":"Muzeum online Domu Wsp\u00f3\u0142pracy Polsko-Niemieckiej","article_modified_time":"2021-12-17T11:05:50+00:00","twitter_card":"summary_large_image","twitter_misc":{"Gesch\u00e4tzte Lesezeit":"2\u00a0Minuten"},"schema":{"@context":"https:\/\/schema.org","@graph":[{"@type":"WebPage","@id":"https:\/\/muzeum.haus.pl\/de\/ausstellung\/virtuelle-ausstellung-der-grossvater-aus-der-wehrmacht-erfahrungen-im-gedaechtnis-festgeschrieben\/menschen\/leon-urbiczek\/","url":"https:\/\/muzeum.haus.pl\/de\/ausstellung\/virtuelle-ausstellung-der-grossvater-aus-der-wehrmacht-erfahrungen-im-gedaechtnis-festgeschrieben\/menschen\/leon-urbiczek\/","name":"Leon Urbiczek - Muzeum online Domu Wsp\u00f3\u0142pracy Polsko-Niemieckiej","isPartOf":{"@id":"https:\/\/muzeum.haus.pl\/de\/#website"},"datePublished":"2021-12-17T11:03:46+00:00","dateModified":"2021-12-17T11:05:50+00:00","breadcrumb":{"@id":"https:\/\/muzeum.haus.pl\/de\/ausstellung\/virtuelle-ausstellung-der-grossvater-aus-der-wehrmacht-erfahrungen-im-gedaechtnis-festgeschrieben\/menschen\/leon-urbiczek\/#breadcrumb"},"inLanguage":"de","potentialAction":[{"@type":"ReadAction","target":["https:\/\/muzeum.haus.pl\/de\/ausstellung\/virtuelle-ausstellung-der-grossvater-aus-der-wehrmacht-erfahrungen-im-gedaechtnis-festgeschrieben\/menschen\/leon-urbiczek\/"]}]},{"@type":"BreadcrumbList","@id":"https:\/\/muzeum.haus.pl\/de\/ausstellung\/virtuelle-ausstellung-der-grossvater-aus-der-wehrmacht-erfahrungen-im-gedaechtnis-festgeschrieben\/menschen\/leon-urbiczek\/#breadcrumb","itemListElement":[{"@type":"ListItem","position":1,"name":"Home","item":"https:\/\/muzeum.haus.pl\/de\/"},{"@type":"ListItem","position":2,"name":"ausstellung","item":"https:\/\/muzeum.haus.pl\/de\/ausstellung\/"},{"@type":"ListItem","position":3,"name":"Virtuelle Ausstellung: \u201eDer Gro\u00dfvater aus der Wehrmacht. Erfahrungen, im Ged\u00e4chtnis festgeschrieben\u201c","item":"https:\/\/muzeum.haus.pl\/de\/ausstellung\/virtuelle-ausstellung-der-grossvater-aus-der-wehrmacht-erfahrungen-im-gedaechtnis-festgeschrieben\/"},{"@type":"ListItem","position":4,"name":"Menschen","item":"https:\/\/muzeum.haus.pl\/de\/ausstellung\/virtuelle-ausstellung-der-grossvater-aus-der-wehrmacht-erfahrungen-im-gedaechtnis-festgeschrieben\/menschen\/"},{"@type":"ListItem","position":5,"name":"Leon Urbiczek"}]},{"@type":"WebSite","@id":"https:\/\/muzeum.haus.pl\/de\/#website","url":"https:\/\/muzeum.haus.pl\/de\/","name":"Muzeum online Domu Wsp\u00f3\u0142pracy Polsko-Niemieckiej","description":"DWPN","potentialAction":[{"@type":"SearchAction","target":{"@type":"EntryPoint","urlTemplate":"https:\/\/muzeum.haus.pl\/de\/?s={search_term_string}"},"query-input":{"@type":"PropertyValueSpecification","valueRequired":true,"valueName":"search_term_string"}}],"inLanguage":"de"}]}},"_links":{"self":[{"href":"https:\/\/muzeum.haus.pl\/de\/wp-json\/wp\/v2\/project\/16474","targetHints":{"allow":["GET"]}}],"collection":[{"href":"https:\/\/muzeum.haus.pl\/de\/wp-json\/wp\/v2\/project"}],"about":[{"href":"https:\/\/muzeum.haus.pl\/de\/wp-json\/wp\/v2\/types\/project"}],"author":[{"embeddable":true,"href":"https:\/\/muzeum.haus.pl\/de\/wp-json\/wp\/v2\/users\/1"}],"version-history":[{"count":2,"href":"https:\/\/muzeum.haus.pl\/de\/wp-json\/wp\/v2\/project\/16474\/revisions"}],"predecessor-version":[{"id":16476,"href":"https:\/\/muzeum.haus.pl\/de\/wp-json\/wp\/v2\/project\/16474\/revisions\/16476"}],"up":[{"embeddable":true,"href":"https:\/\/muzeum.haus.pl\/de\/wp-json\/wp\/v2\/project\/16306"}],"wp:attachment":[{"href":"https:\/\/muzeum.haus.pl\/de\/wp-json\/wp\/v2\/media?parent=16474"}],"curies":[{"name":"wp","href":"https:\/\/api.w.org\/{rel}","templated":true}]}}