{"id":16512,"date":"2021-12-17T11:46:34","date_gmt":"2021-12-17T11:46:34","guid":{"rendered":"https:\/\/muzeum.haus.pl\/?post_type=project&#038;p=16512"},"modified":"2021-12-17T11:49:56","modified_gmt":"2021-12-17T11:49:56","slug":"jerzy-dudek","status":"publish","type":"project","link":"https:\/\/muzeum.haus.pl\/de\/ausstellung\/virtuelle-ausstellung-der-grossvater-aus-der-wehrmacht-erfahrungen-im-gedaechtnis-festgeschrieben\/menschen\/jerzy-dudek\/","title":{"rendered":"Jerzy Dudek"},"content":{"rendered":"<div id=\"cmsmasters_row_vimsdx7rso\" class=\"cmsmasters_row cmsmasters_color_scheme_default cmsmasters_row_top_default cmsmasters_row_bot_default cmsmasters_row_boxed\">\n<div class=\"cmsmasters_row_outer_parent\">\n<div class=\"cmsmasters_row_outer\">\n<div class=\"cmsmasters_row_inner\">\n<div class=\"cmsmasters_row_margin\">\n<div id=\"cmsmasters_column_si1u8gebfc\" class=\"cmsmasters_column one_first\">\n<div class=\"cmsmasters_column_inner\"><div id=\"cmsmasters_heading_zlx7xl3eip\" class=\"cmsmasters_heading_wrap cmsmasters_heading_align_left\">\n\t<h2 class=\"cmsmasters_heading\">Jerzy Dudek<\/h2>\n<\/div>\n<\/div><\/div>\n<\/div>\n<\/div>\n<\/div>\n<\/div>\n<\/div>\n<div id=\"cmsmasters_row_itu88p2yj\" class=\"cmsmasters_row cmsmasters_color_scheme_default cmsmasters_row_top_default cmsmasters_row_bot_default cmsmasters_row_boxed\">\n<div class=\"cmsmasters_row_outer_parent\">\n<div class=\"cmsmasters_row_outer\">\n<div class=\"cmsmasters_row_inner\">\n<div class=\"cmsmasters_row_margin\">\n<div id=\"cmsmasters_column_ifd8909gcd\" class=\"cmsmasters_column one_third\">\n<div class=\"cmsmasters_column_inner\"><div class=\"aligncenter\"><div class=\"cmsmasters_img  cmsmasters_image_c with_caption\"><a href=\"http:\/\/muzeum.haus.pl\/wp-content\/uploads\/2021\/12\/foto112-scaled.jpg\"><img decoding=\"async\" src=\"https:\/\/muzeum.haus.pl\/wp-content\/uploads\/2021\/12\/foto112-360x460.jpg\" \/><\/a><p class=\"cmsmasters_img_caption\">Jerzy Dudek<\/p><\/div><\/div>\n<\/div><\/div>\n<div id=\"cmsmasters_column_rrjl904vpl\" class=\"cmsmasters_column two_third\">\n<div class=\"cmsmasters_column_inner\"><div class=\"cmsmasters_text\">\n<p>Geboren 1925 in Cieschowa\/Cieszowa (Kreis Lublinitz\/Lubliniec). Er wuchs in dem nahe der Grenze zu Deutschland gelegenen oberschlesischen Ruda\/Ruda auf. W\u00e4hrend des Krieges schloss er eine Berufsschule f\u00fcr Bergleute ab und arbeitete anschlie\u00dfend in der Concordia-Grube in Hindenburg\/Zabrze. Im August 1943 wurde er zur deutschen Wehrmacht eingezogen. Er diente in Norditalien, wo er das Kriegsende erlebte. Seit Juni 1945 war Jerzy Dudek Soldat der Polnischen Streitkr\u00e4fte im Westen, u.a. arbeitete er als Fahrer und in einem Hotel f\u00fcr polnische Offiziere in Rom. 1946 kam er zusammen mit der polnischen Armee nach Gro\u00dfbritannien, im April 1947 kehrte er in die Heimat zur\u00fcck. Sp\u00e4ter arbeitete er u. a. im Bergwerk \u201eWalenty-Wawel\u201c in Ruda\/Ruda \u015al\u0105ska.<\/p>\n<\/div>\n<\/div><\/div>\n<\/div>\n<\/div>\n<\/div>\n<\/div>\n<\/div>\n<div id=\"cmsmasters_row_xrozzccm2\" class=\"cmsmasters_row cmsmasters_color_scheme_default cmsmasters_row_top_default cmsmasters_row_bot_default cmsmasters_row_boxed\">\n<div class=\"cmsmasters_row_outer_parent\">\n<div class=\"cmsmasters_row_outer\">\n<div class=\"cmsmasters_row_inner\">\n<div class=\"cmsmasters_row_margin\">\n<div id=\"cmsmasters_column_u42tnuzv2b\" class=\"cmsmasters_column one_first\">\n<div class=\"cmsmasters_column_inner\"><div class=\"cmsmasters_text\">\n<iframe loading=\"lazy\" title=\"YouTube video player\" src=\"https:\/\/www.youtube.com\/embed\/W_KFpMGTV1E\" width=\"100%\" height=\"315\" frameborder=\"0\" allowfullscreen=\"allowfullscreen\"><\/iframe>\n<p style=\"text-align: center;\">Jerzy Dudek aus Ruda \u015al\u0105ska \u00fcber die &#8222;\u00dcberwachung&#8220; der Polizei nach dem Krieg<\/p>\n<\/div>\n<\/div><\/div>\n<\/div>\n<\/div>\n<\/div>\n<\/div>\n<\/div>\n<div id=\"cmsmasters_row_5nupiwtn6\" class=\"cmsmasters_row cmsmasters_color_scheme_default cmsmasters_row_top_default cmsmasters_row_bot_default cmsmasters_row_boxed\">\n<div class=\"cmsmasters_row_outer_parent\">\n<div class=\"cmsmasters_row_outer\">\n<div class=\"cmsmasters_row_inner\">\n<div class=\"cmsmasters_row_margin\">\n<div id=\"cmsmasters_column_1sp8fxsy6s\" class=\"cmsmasters_column one_first\">\n<div class=\"cmsmasters_column_inner\"><div id=\"cmsmasters_gallery_1zpm41mr39\" class=\"cmsmasters_gallery_wrap\" data-type=\"grid\" data-count=\"0\"><ul class=\"cmsmasters_gallery cmsmasters_4 cmsmasters_more_items_loader\"><li id=\"rzecz_15097\" class=\"cmsmasters_gallery_item cmsmasters_caption\"><figure><a href=\"https:\/\/muzeum.haus.pl\/wp-content\/uploads\/2021\/10\/foto1-scaled.jpg\" rel=\"ilightbox[1zpm41mr39]\" data-caption=\"Ein Fragment des so genannten &quot;Fingerabdrucks&quot; von Jerzy Dudek, Anfang 1940. In der Spalte - Nationalit\u00e4t: Deutsch. Unter der Rubrik - welche Sprache wird zu Hause gesprochen: Polnisch. &quot;Palatka&quot; war ein Dokument einer der Name stammt von dem Fingerabdruck, der das Foto ersetzt.\"><img loading=\"lazy\" decoding=\"async\" width=\"360\" height=\"460\" src=\"https:\/\/muzeum.haus.pl\/wp-content\/uploads\/2021\/10\/foto1-360x460.jpg\" class=\"attachment-cmsmasters-blog-masonry-thumb size-cmsmasters-blog-masonry-thumb\" alt=\"\" \/><\/a><figcaption>Ein Fragment des so genannten \"Fingerabdrucks\" von Jerzy Dudek, Anfang 1940. In der Spalte - Nationalit\u00e4t: Deutsch. Unter der Rubrik - welche Sprache wird zu Hause gesprochen: Polnisch. \"Palatka\" war ein Dokument einer der Name stammt von dem Fingerabdruck, der das Foto ersetzt.<\/figcaption><\/figure><\/li><li id=\"rzecz_15099\" class=\"cmsmasters_gallery_item cmsmasters_caption\"><figure><a href=\"https:\/\/muzeum.haus.pl\/wp-content\/uploads\/2021\/10\/foto2-scaled.jpg\" rel=\"ilightbox[1zpm41mr39]\" data-caption=\"Schilderung des Schicksals.  der Familie von Jerzy Dudek,  Bielschowitz\/Bielszowice\"><img loading=\"lazy\" decoding=\"async\" width=\"360\" height=\"460\" src=\"https:\/\/muzeum.haus.pl\/wp-content\/uploads\/2021\/10\/foto2-360x460.jpg\" class=\"attachment-cmsmasters-blog-masonry-thumb size-cmsmasters-blog-masonry-thumb\" alt=\"\" \/><\/a><figcaption>Schilderung des Schicksals.  der Familie von Jerzy Dudek,  Bielschowitz\/Bielszowice<\/figcaption><\/figure><\/li><li id=\"rzecz_15111\" class=\"cmsmasters_gallery_item cmsmasters_caption\"><figure><a href=\"https:\/\/muzeum.haus.pl\/wp-content\/uploads\/2021\/10\/foto3-scaled.jpg\" rel=\"ilightbox[1zpm41mr39]\" data-caption=\"Mein Onkel (geb. 18. Juni 1898), 1940 in Ostaszkow get\u00f6tet, wohin er 1939 deportiert wurde. Heini [Heniek] ist im Krieg, im Jahre 1942, als ein deutscher Soldat in Russland gefallen. Die Tante (geb. 24. November 1901) ist am 20. Mai 1979 in Gieraltowitz gestorben. Der Onkel war vor dem Krieg ein [polnischer] Polizist.\"><img loading=\"lazy\" decoding=\"async\" width=\"360\" height=\"460\" src=\"https:\/\/muzeum.haus.pl\/wp-content\/uploads\/2021\/10\/foto3-360x460.jpg\" class=\"attachment-cmsmasters-blog-masonry-thumb size-cmsmasters-blog-masonry-thumb\" alt=\"\" \/><\/a><figcaption>Mein Onkel (geb. 18. Juni 1898), 1940 in Ostaszkow get\u00f6tet, wohin er 1939 deportiert wurde. Heini [Heniek] ist im Krieg, im Jahre 1942, als ein deutscher Soldat in Russland gefallen. Die Tante (geb. 24. November 1901) ist am 20. Mai 1979 in Gieraltowitz gestorben. Der Onkel war vor dem Krieg ein [polnischer] Polizist.<\/figcaption><\/figure><\/li><li id=\"rzecz_15109\" class=\"cmsmasters_gallery_item cmsmasters_caption\"><figure><a href=\"https:\/\/muzeum.haus.pl\/wp-content\/uploads\/2021\/10\/foto4-scaled.jpg\" rel=\"ilightbox[1zpm41mr39]\" data-caption=\"Angestellte eines Gutshofs in Ruda (Schlesien) - Jerzy Dudek steht barfu\u00df, zweiter von links, seine Eltern und sein Bruder \u00fcber ihm, um 1929.\"><img loading=\"lazy\" decoding=\"async\" width=\"360\" height=\"460\" src=\"https:\/\/muzeum.haus.pl\/wp-content\/uploads\/2021\/10\/foto4-360x460.jpg\" class=\"attachment-cmsmasters-blog-masonry-thumb size-cmsmasters-blog-masonry-thumb\" alt=\"\" \/><\/a><figcaption>Angestellte eines Gutshofs in Ruda (Schlesien) - Jerzy Dudek steht barfu\u00df, zweiter von links, seine Eltern und sein Bruder \u00fcber ihm, um 1929.<\/figcaption><\/figure><\/li><li id=\"rzecz_15216\" class=\"cmsmasters_gallery_item cmsmasters_caption\"><figure><a href=\"https:\/\/muzeum.haus.pl\/wp-content\/uploads\/2021\/10\/foto24.jpg\" rel=\"ilightbox[1zpm41mr39]\" data-caption=\"Mahlzeit in den Alpen, in der N\u00e4he des Gardasees, 1944, Foto: Jerzy Dudek\"><img loading=\"lazy\" decoding=\"async\" width=\"360\" height=\"460\" src=\"https:\/\/muzeum.haus.pl\/wp-content\/uploads\/2021\/10\/foto24-360x460.jpg\" class=\"attachment-cmsmasters-blog-masonry-thumb size-cmsmasters-blog-masonry-thumb\" alt=\"\" \/><\/a><figcaption>Mahlzeit in den Alpen, in der N\u00e4he des Gardasees, 1944, Foto: Jerzy Dudek<\/figcaption><\/figure><\/li><li id=\"rzecz_15275\" class=\"cmsmasters_gallery_item cmsmasters_caption\"><figure><a href=\"https:\/\/muzeum.haus.pl\/wp-content\/uploads\/2021\/10\/foto38a-scaled.jpg\" rel=\"ilightbox[1zpm41mr39]\" data-caption=\"Soldbuch von Jerzy Dudek\"><img loading=\"lazy\" decoding=\"async\" width=\"360\" height=\"460\" src=\"https:\/\/muzeum.haus.pl\/wp-content\/uploads\/2021\/10\/foto38a-360x460.jpg\" class=\"attachment-cmsmasters-blog-masonry-thumb size-cmsmasters-blog-masonry-thumb\" alt=\"\" \/><\/a><figcaption>Soldbuch von Jerzy Dudek<\/figcaption><\/figure><\/li><li id=\"rzecz_15273\" class=\"cmsmasters_gallery_item cmsmasters_caption\"><figure><a href=\"https:\/\/muzeum.haus.pl\/wp-content\/uploads\/2021\/10\/foto38b-scaled.jpg\" rel=\"ilightbox[1zpm41mr39]\" data-caption=\"Soldbuch von Jerzy Dudek\"><img loading=\"lazy\" decoding=\"async\" width=\"360\" height=\"460\" src=\"https:\/\/muzeum.haus.pl\/wp-content\/uploads\/2021\/10\/foto38b-360x460.jpg\" class=\"attachment-cmsmasters-blog-masonry-thumb size-cmsmasters-blog-masonry-thumb\" alt=\"\" \/><\/a><figcaption>Soldbuch von Jerzy Dudek<\/figcaption><\/figure><\/li><li id=\"rzecz_15271\" class=\"cmsmasters_gallery_item cmsmasters_caption\"><figure><a href=\"https:\/\/muzeum.haus.pl\/wp-content\/uploads\/2021\/10\/foto38c-scaled.jpg\" rel=\"ilightbox[1zpm41mr39]\" data-caption=\"Soldbuch von Jerzy Dudek\"><img loading=\"lazy\" decoding=\"async\" width=\"360\" height=\"460\" src=\"https:\/\/muzeum.haus.pl\/wp-content\/uploads\/2021\/10\/foto38c-360x460.jpg\" class=\"attachment-cmsmasters-blog-masonry-thumb size-cmsmasters-blog-masonry-thumb\" alt=\"\" \/><\/a><figcaption>Soldbuch von Jerzy Dudek<\/figcaption><\/figure><\/li><li id=\"rzecz_15269\" class=\"cmsmasters_gallery_item cmsmasters_caption\"><figure><a href=\"https:\/\/muzeum.haus.pl\/wp-content\/uploads\/2021\/10\/foto38d-scaled.jpg\" rel=\"ilightbox[1zpm41mr39]\" data-caption=\"Soldbuch von Jerzy Dudek\"><img loading=\"lazy\" decoding=\"async\" width=\"360\" height=\"460\" src=\"https:\/\/muzeum.haus.pl\/wp-content\/uploads\/2021\/10\/foto38d-360x460.jpg\" class=\"attachment-cmsmasters-blog-masonry-thumb size-cmsmasters-blog-masonry-thumb\" alt=\"\" \/><\/a><figcaption>Soldbuch von Jerzy Dudek<\/figcaption><\/figure><\/li><li id=\"rzecz_15267\" class=\"cmsmasters_gallery_item cmsmasters_caption\"><figure><a href=\"https:\/\/muzeum.haus.pl\/wp-content\/uploads\/2021\/10\/foto38e-scaled.jpg\" rel=\"ilightbox[1zpm41mr39]\" data-caption=\"Soldbuch von Jerzy Dudek\"><img loading=\"lazy\" decoding=\"async\" width=\"360\" height=\"460\" src=\"https:\/\/muzeum.haus.pl\/wp-content\/uploads\/2021\/10\/foto38e-360x460.jpg\" class=\"attachment-cmsmasters-blog-masonry-thumb size-cmsmasters-blog-masonry-thumb\" alt=\"\" \/><\/a><figcaption>Soldbuch von Jerzy Dudek<\/figcaption><\/figure><\/li><li id=\"rzecz_15265\" class=\"cmsmasters_gallery_item cmsmasters_caption\"><figure><a href=\"https:\/\/muzeum.haus.pl\/wp-content\/uploads\/2021\/10\/foto39a-scaled.jpg\" rel=\"ilightbox[1zpm41mr39]\" data-caption=\"Die deutsche und englische Erkennungsmarke von Jerzy Dudek\"><img loading=\"lazy\" decoding=\"async\" width=\"360\" height=\"460\" src=\"https:\/\/muzeum.haus.pl\/wp-content\/uploads\/2021\/10\/foto39a-360x460.jpg\" class=\"attachment-cmsmasters-blog-masonry-thumb size-cmsmasters-blog-masonry-thumb\" alt=\"\" \/><\/a><figcaption>Die deutsche und englische Erkennungsmarke von Jerzy Dudek<\/figcaption><\/figure><\/li><li id=\"rzecz_15263\" class=\"cmsmasters_gallery_item cmsmasters_caption\"><figure><a href=\"https:\/\/muzeum.haus.pl\/wp-content\/uploads\/2021\/10\/foto39b-scaled.jpg\" rel=\"ilightbox[1zpm41mr39]\" data-caption=\"Die deutsche und englische Erkennungsmarke von Jerzy Dudek\"><img loading=\"lazy\" decoding=\"async\" width=\"360\" height=\"460\" src=\"https:\/\/muzeum.haus.pl\/wp-content\/uploads\/2021\/10\/foto39b-360x460.jpg\" class=\"attachment-cmsmasters-blog-masonry-thumb size-cmsmasters-blog-masonry-thumb\" alt=\"\" \/><\/a><figcaption>Die deutsche und englische Erkennungsmarke von Jerzy Dudek<\/figcaption><\/figure><\/li><li id=\"rzecz_15564\" class=\"cmsmasters_gallery_item cmsmasters_caption\"><figure><a href=\"https:\/\/muzeum.haus.pl\/wp-content\/uploads\/2021\/10\/foto43-scaled.jpg\" rel=\"ilightbox[1zpm41mr39]\" data-caption=\"Jerzy Dudeks Urkunde zu der Auszeichnung mit dem Eisernen Kreuz. Deutsche Dienststelle, Berlin\"><img loading=\"lazy\" decoding=\"async\" width=\"360\" height=\"460\" src=\"https:\/\/muzeum.haus.pl\/wp-content\/uploads\/2021\/10\/foto43-360x460.jpg\" class=\"attachment-cmsmasters-blog-masonry-thumb size-cmsmasters-blog-masonry-thumb\" alt=\"\" \/><\/a><figcaption>Jerzy Dudeks Urkunde zu der Auszeichnung mit dem Eisernen Kreuz. Deutsche Dienststelle, Berlin<\/figcaption><\/figure><\/li><li id=\"rzecz_15362\" class=\"cmsmasters_gallery_item cmsmasters_caption\"><figure><a href=\"https:\/\/muzeum.haus.pl\/wp-content\/uploads\/2021\/10\/foto63.jpg\" rel=\"ilightbox[1zpm41mr39]\" data-caption=\"Jerzy Dudek (am Steuer) w\u00e4hrend seines Dienstes im II. Korps in Rom, 1946.\"><img loading=\"lazy\" decoding=\"async\" width=\"360\" height=\"460\" src=\"https:\/\/muzeum.haus.pl\/wp-content\/uploads\/2021\/10\/foto63-360x460.jpg\" class=\"attachment-cmsmasters-blog-masonry-thumb size-cmsmasters-blog-masonry-thumb\" alt=\"\" \/><\/a><figcaption>Jerzy Dudek (am Steuer) w\u00e4hrend seines Dienstes im II. Korps in Rom, 1946.<\/figcaption><\/figure><\/li><li id=\"rzecz_15378\" class=\"cmsmasters_gallery_item cmsmasters_caption\"><figure><a href=\"https:\/\/muzeum.haus.pl\/wp-content\/uploads\/2021\/10\/foto64-scaled.jpg\" rel=\"ilightbox[1zpm41mr39]\" data-caption=\"Besuch des Friedhofs des Klosters von Monte Cassino, 2. November 1945. Der erste auf der linken Seite ist Jerzy Dudek.\"><img loading=\"lazy\" decoding=\"async\" width=\"360\" height=\"460\" src=\"https:\/\/muzeum.haus.pl\/wp-content\/uploads\/2021\/10\/foto64-360x460.jpg\" class=\"attachment-cmsmasters-blog-masonry-thumb size-cmsmasters-blog-masonry-thumb\" alt=\"\" \/><\/a><figcaption>Besuch des Friedhofs des Klosters von Monte Cassino, 2. November 1945. Der erste auf der linken Seite ist Jerzy Dudek.<\/figcaption><\/figure><\/li><li id=\"rzecz_15376\" class=\"cmsmasters_gallery_item cmsmasters_caption\"><figure><a href=\"https:\/\/muzeum.haus.pl\/wp-content\/uploads\/2021\/10\/foto65-scaled.jpg\" rel=\"ilightbox[1zpm41mr39]\" data-caption=\"Jerzy Dudek (rechts) in Rom, 1946.\"><img loading=\"lazy\" decoding=\"async\" width=\"360\" height=\"460\" src=\"https:\/\/muzeum.haus.pl\/wp-content\/uploads\/2021\/10\/foto65-360x460.jpg\" class=\"attachment-cmsmasters-blog-masonry-thumb size-cmsmasters-blog-masonry-thumb\" alt=\"\" \/><\/a><figcaption>Jerzy Dudek (rechts) in Rom, 1946.<\/figcaption><\/figure><\/li><li id=\"rzecz_15394\" class=\"cmsmasters_gallery_item cmsmasters_caption\"><figure><a href=\"https:\/\/muzeum.haus.pl\/wp-content\/uploads\/2021\/10\/foto75-scaled.jpg\" rel=\"ilightbox[1zpm41mr39]\" data-caption=\"Auf solchen Schiffen kehrten in den ersten Nachkriegsjahren viele ehemalige Soldaten aus England und Skandinavien zur\u00fcck. Jerzy Dudek bewahrte eine Postkarte der britischen &quot;Clan Lamont&quot; als Erinnerung an die Reise auf, die er zwischen dem 26. und 28. April 1947 mit diesem Schiff unternahm.\"><img loading=\"lazy\" decoding=\"async\" width=\"360\" height=\"460\" src=\"https:\/\/muzeum.haus.pl\/wp-content\/uploads\/2021\/10\/foto75-360x460.jpg\" class=\"attachment-cmsmasters-blog-masonry-thumb size-cmsmasters-blog-masonry-thumb\" alt=\"\" \/><\/a><figcaption>Auf solchen Schiffen kehrten in den ersten Nachkriegsjahren viele ehemalige Soldaten aus England und Skandinavien zur\u00fcck. Jerzy Dudek bewahrte eine Postkarte der britischen \"Clan Lamont\" als Erinnerung an die Reise auf, die er zwischen dem 26. und 28. April 1947 mit diesem Schiff unternahm.<\/figcaption><\/figure><\/li><li id=\"rzecz_15396\" class=\"cmsmasters_gallery_item cmsmasters_caption\"><figure><a href=\"https:\/\/muzeum.haus.pl\/wp-content\/uploads\/2021\/10\/foto77-scaled.jpg\" rel=\"ilightbox[1zpm41mr39]\" data-caption=\"Bescheinigung des Staatlichen Repatriierungsamtes - einer Einrichtung, die die Migrationen auf polnischem Gebiet nach 1945 koordinierte -, die die Ankunft eines Kriegsgefangenen in Polen registriert und ihn zu einer kostenlosen Heimreise berechtigt. Ausgestellt f\u00fcr Jerzy Dudek, Danzig 1947\"><img loading=\"lazy\" decoding=\"async\" width=\"360\" height=\"460\" src=\"https:\/\/muzeum.haus.pl\/wp-content\/uploads\/2021\/10\/foto77-360x460.jpg\" class=\"attachment-cmsmasters-blog-masonry-thumb size-cmsmasters-blog-masonry-thumb\" alt=\"\" \/><\/a><figcaption>Bescheinigung des Staatlichen Repatriierungsamtes - einer Einrichtung, die die Migrationen auf polnischem Gebiet nach 1945 koordinierte -, die die Ankunft eines Kriegsgefangenen in Polen registriert und ihn zu einer kostenlosen Heimreise berechtigt. Ausgestellt f\u00fcr Jerzy Dudek, Danzig 1947<\/figcaption><\/figure><\/li><\/ul><\/div>\n<\/div><\/div>\n<\/div>\n<\/div>\n<\/div>\n<\/div>\n<\/div>\n<div id=\"cmsmasters_row_czfaruivv4\" class=\"cmsmasters_row cmsmasters_color_scheme_default cmsmasters_row_top_default cmsmasters_row_bot_default cmsmasters_row_boxed\">\n<div class=\"cmsmasters_row_outer_parent\">\n<div class=\"cmsmasters_row_outer\">\n<div class=\"cmsmasters_row_inner\">\n<div class=\"cmsmasters_row_margin\">\n<div id=\"cmsmasters_column_rru9qzus6\" class=\"cmsmasters_column one_first\">\n<div class=\"cmsmasters_column_inner\">\n<div class=\"cmsmasters_sidebar sidebar_layout_11\"><div id=\"text-11\" class=\"widget widget_text\">\t\t\t<div class=\"textwidget\"><hr \/>\n<h3>Menschen<\/h3>\n<\/div>\n\t\t<\/div><div id=\"nav_menu-3\" class=\"widget widget_nav_menu\"><div class=\"menu-dziadek-z-wermachtu-menschen-container\"><ul id=\"menu-dziadek-z-wermachtu-menschen\" class=\"menu\"><li id=\"menu-item-16515\" class=\"menu-item menu-item-type-post_type menu-item-object-project menu-item-16515\"><a href=\"https:\/\/muzeum.haus.pl\/de\/ausstellung\/virtuelle-ausstellung-der-grossvater-aus-der-wehrmacht-erfahrungen-im-gedaechtnis-festgeschrieben\/menschen\/alojzy-stolorz\/\">Alojzy Stolorz<\/a><\/li>\n<li id=\"menu-item-16516\" class=\"menu-item menu-item-type-post_type menu-item-object-project menu-item-16516\"><a href=\"https:\/\/muzeum.haus.pl\/de\/ausstellung\/virtuelle-ausstellung-der-grossvater-aus-der-wehrmacht-erfahrungen-im-gedaechtnis-festgeschrieben\/menschen\/antoni-haftka\/\">Antoni Haftka<\/a><\/li>\n<li id=\"menu-item-16517\" class=\"menu-item menu-item-type-post_type menu-item-object-project menu-item-16517\"><a href=\"https:\/\/muzeum.haus.pl\/de\/ausstellung\/virtuelle-ausstellung-der-grossvater-aus-der-wehrmacht-erfahrungen-im-gedaechtnis-festgeschrieben\/menschen\/blasius-hanczuch\/\">Blasius Hanczuch<\/a><\/li>\n<li id=\"menu-item-16518\" class=\"menu-item menu-item-type-post_type menu-item-object-project menu-item-16518\"><a href=\"https:\/\/muzeum.haus.pl\/de\/ausstellung\/virtuelle-ausstellung-der-grossvater-aus-der-wehrmacht-erfahrungen-im-gedaechtnis-festgeschrieben\/menschen\/brunon-dziecielski\/\">Brunon Dzi\u0119cielski<\/a><\/li>\n<li id=\"menu-item-16519\" class=\"menu-item menu-item-type-post_type menu-item-object-project menu-item-16519\"><a href=\"https:\/\/muzeum.haus.pl\/de\/ausstellung\/virtuelle-ausstellung-der-grossvater-aus-der-wehrmacht-erfahrungen-im-gedaechtnis-festgeschrieben\/menschen\/edward-manowski\/\">Edward Manowski<\/a><\/li>\n<li id=\"menu-item-16520\" class=\"menu-item menu-item-type-post_type menu-item-object-project menu-item-16520\"><a href=\"https:\/\/muzeum.haus.pl\/de\/ausstellung\/virtuelle-ausstellung-der-grossvater-aus-der-wehrmacht-erfahrungen-im-gedaechtnis-festgeschrieben\/menschen\/feliks-pieruszka\/\">Feliks Pieruszka<\/a><\/li>\n<li id=\"menu-item-16521\" class=\"menu-item menu-item-type-post_type menu-item-object-project menu-item-16521\"><a href=\"https:\/\/muzeum.haus.pl\/de\/ausstellung\/virtuelle-ausstellung-der-grossvater-aus-der-wehrmacht-erfahrungen-im-gedaechtnis-festgeschrieben\/menschen\/franciszek-goncz\/\">Franciszek Go\u0144cz<\/a><\/li>\n<li id=\"menu-item-16522\" class=\"menu-item menu-item-type-post_type menu-item-object-project menu-item-16522\"><a href=\"https:\/\/muzeum.haus.pl\/de\/ausstellung\/virtuelle-ausstellung-der-grossvater-aus-der-wehrmacht-erfahrungen-im-gedaechtnis-festgeschrieben\/menschen\/franciszek-kociok\/\">Franciszek Kociok<\/a><\/li>\n<li id=\"menu-item-16523\" class=\"menu-item menu-item-type-post_type menu-item-object-project menu-item-16523\"><a href=\"https:\/\/muzeum.haus.pl\/de\/ausstellung\/virtuelle-ausstellung-der-grossvater-aus-der-wehrmacht-erfahrungen-im-gedaechtnis-festgeschrieben\/menschen\/franciszek-niksza\/\">Franciszek Niksza<\/a><\/li>\n<li id=\"menu-item-16524\" class=\"menu-item menu-item-type-post_type menu-item-object-project menu-item-16524\"><a href=\"https:\/\/muzeum.haus.pl\/de\/ausstellung\/virtuelle-ausstellung-der-grossvater-aus-der-wehrmacht-erfahrungen-im-gedaechtnis-festgeschrieben\/menschen\/gerard-wodarz\/\">Gerard Wodarz<\/a><\/li>\n<li id=\"menu-item-16525\" class=\"menu-item menu-item-type-post_type menu-item-object-project menu-item-16525\"><a href=\"https:\/\/muzeum.haus.pl\/de\/ausstellung\/virtuelle-ausstellung-der-grossvater-aus-der-wehrmacht-erfahrungen-im-gedaechtnis-festgeschrieben\/menschen\/gerhard-ogiermann\/\">Gerhard Ogiermann<\/a><\/li>\n<li id=\"menu-item-16526\" class=\"menu-item menu-item-type-post_type menu-item-object-project menu-item-16526\"><a href=\"https:\/\/muzeum.haus.pl\/de\/ausstellung\/virtuelle-ausstellung-der-grossvater-aus-der-wehrmacht-erfahrungen-im-gedaechtnis-festgeschrieben\/menschen\/heinrich-mielnik\/\">Heinrich Mielnik<\/a><\/li>\n<li id=\"menu-item-16527\" class=\"menu-item menu-item-type-post_type menu-item-object-project menu-item-16527\"><a href=\"https:\/\/muzeum.haus.pl\/de\/ausstellung\/virtuelle-ausstellung-der-grossvater-aus-der-wehrmacht-erfahrungen-im-gedaechtnis-festgeschrieben\/menschen\/henryk-jaksik\/\">Henryk Jaksik<\/a><\/li>\n<li id=\"menu-item-16528\" class=\"menu-item menu-item-type-post_type menu-item-object-project menu-item-16528\"><a href=\"https:\/\/muzeum.haus.pl\/de\/ausstellung\/virtuelle-ausstellung-der-grossvater-aus-der-wehrmacht-erfahrungen-im-gedaechtnis-festgeschrieben\/menschen\/henryk-szymanski\/\">Henryk Szyma\u0144ski<\/a><\/li>\n<li id=\"menu-item-16529\" class=\"menu-item menu-item-type-post_type menu-item-object-project menu-item-16529\"><a href=\"https:\/\/muzeum.haus.pl\/de\/ausstellung\/virtuelle-ausstellung-der-grossvater-aus-der-wehrmacht-erfahrungen-im-gedaechtnis-festgeschrieben\/menschen\/irena-urbiczek\/\">Irena Urbiczek<\/a><\/li>\n<li id=\"menu-item-16535\" class=\"menu-item menu-item-type-post_type menu-item-object-project menu-item-16535\"><a href=\"https:\/\/muzeum.haus.pl\/de\/ausstellung\/virtuelle-ausstellung-der-grossvater-aus-der-wehrmacht-erfahrungen-im-gedaechtnis-festgeschrieben\/menschen\/leon-urbiczek\/\">Leon Urbiczek<\/a><\/li>\n<li id=\"menu-item-16530\" class=\"menu-item menu-item-type-post_type menu-item-object-project menu-item-16530\"><a href=\"https:\/\/muzeum.haus.pl\/de\/ausstellung\/virtuelle-ausstellung-der-grossvater-aus-der-wehrmacht-erfahrungen-im-gedaechtnis-festgeschrieben\/menschen\/jan-mueller\/\">Jan M\u00fcller<\/a><\/li>\n<li id=\"menu-item-16531\" class=\"menu-item menu-item-type-post_type menu-item-object-project menu-item-16531\"><a href=\"https:\/\/muzeum.haus.pl\/de\/ausstellung\/virtuelle-ausstellung-der-grossvater-aus-der-wehrmacht-erfahrungen-im-gedaechtnis-festgeschrieben\/menschen\/jerzy-dudek\/\">Jerzy Dudek<\/a><\/li>\n<li id=\"menu-item-16532\" class=\"menu-item menu-item-type-post_type menu-item-object-project menu-item-16532\"><a href=\"https:\/\/muzeum.haus.pl\/de\/ausstellung\/virtuelle-ausstellung-der-grossvater-aus-der-wehrmacht-erfahrungen-im-gedaechtnis-festgeschrieben\/menschen\/jerzy-rozanski\/\">Jerzy R\u00f3\u017ca\u0144ski<\/a><\/li>\n<li id=\"menu-item-16533\" class=\"menu-item menu-item-type-post_type menu-item-object-project menu-item-16533\"><a href=\"https:\/\/muzeum.haus.pl\/de\/ausstellung\/virtuelle-ausstellung-der-grossvater-aus-der-wehrmacht-erfahrungen-im-gedaechtnis-festgeschrieben\/menschen\/josef-wistuba\/\">Josef Wistuba<\/a><\/li>\n<li id=\"menu-item-16534\" class=\"menu-item menu-item-type-post_type menu-item-object-project menu-item-16534\"><a href=\"https:\/\/muzeum.haus.pl\/de\/ausstellung\/virtuelle-ausstellung-der-grossvater-aus-der-wehrmacht-erfahrungen-im-gedaechtnis-festgeschrieben\/menschen\/kazimierz-brandt\/\">Kazimierz Brandt<\/a><\/li>\n<li id=\"menu-item-16536\" class=\"menu-item menu-item-type-post_type menu-item-object-project menu-item-16536\"><a href=\"https:\/\/muzeum.haus.pl\/de\/ausstellung\/virtuelle-ausstellung-der-grossvater-aus-der-wehrmacht-erfahrungen-im-gedaechtnis-festgeschrieben\/menschen\/leopold-josiek\/\">Leopold Josiek<\/a><\/li>\n<li id=\"menu-item-16537\" class=\"menu-item menu-item-type-post_type menu-item-object-project menu-item-16537\"><a href=\"https:\/\/muzeum.haus.pl\/de\/ausstellung\/virtuelle-ausstellung-der-grossvater-aus-der-wehrmacht-erfahrungen-im-gedaechtnis-festgeschrieben\/menschen\/roman-kalnik\/\">Roman Kalnik<\/a><\/li>\n<li id=\"menu-item-16538\" class=\"menu-item menu-item-type-post_type menu-item-object-project menu-item-16538\"><a href=\"https:\/\/muzeum.haus.pl\/de\/ausstellung\/virtuelle-ausstellung-der-grossvater-aus-der-wehrmacht-erfahrungen-im-gedaechtnis-festgeschrieben\/menschen\/rudolf-mizia\/\">Rudolf Mizia<\/a><\/li>\n<li id=\"menu-item-16539\" class=\"menu-item menu-item-type-post_type menu-item-object-project menu-item-16539\"><a href=\"https:\/\/muzeum.haus.pl\/de\/ausstellung\/virtuelle-ausstellung-der-grossvater-aus-der-wehrmacht-erfahrungen-im-gedaechtnis-festgeschrieben\/menschen\/szczepan-twardoch\/\">Szczepan Twardoch<\/a><\/li>\n<li id=\"menu-item-16540\" class=\"menu-item menu-item-type-post_type menu-item-object-project menu-item-16540\"><a href=\"https:\/\/muzeum.haus.pl\/de\/ausstellung\/virtuelle-ausstellung-der-grossvater-aus-der-wehrmacht-erfahrungen-im-gedaechtnis-festgeschrieben\/menschen\/waclaw-galios\/\">Wac\u0142aw Galios<\/a><\/li>\n<li id=\"menu-item-16541\" class=\"menu-item menu-item-type-post_type menu-item-object-project menu-item-16541\"><a href=\"https:\/\/muzeum.haus.pl\/de\/ausstellung\/virtuelle-ausstellung-der-grossvater-aus-der-wehrmacht-erfahrungen-im-gedaechtnis-festgeschrieben\/menschen\/zbigniew-kubien\/\">Zbigniew Kubie\u0144<\/a><\/li>\n<\/ul><\/div><\/div><div class=\"cl\"><\/div>\n<\/div>\n<\/div><\/div>\n<\/div>\n<\/div>\n<\/div>\n<\/div>\n<\/div>\n\n","protected":false},"excerpt":{"rendered":"","protected":false},"author":1,"featured_media":0,"parent":16306,"menu_order":174,"template":"","format":"standard","meta":{"_acf_changed":false,"footnotes":""},"class_list":["post-16512","project","type-project","status-publish","format-standard","hentry"],"acf":[],"yoast_head":"<!-- This site is optimized with the Yoast SEO plugin v27.3 - https:\/\/yoast.com\/product\/yoast-seo-wordpress\/ -->\n<title>Jerzy Dudek - Muzeum online Domu Wsp\u00f3\u0142pracy Polsko-Niemieckiej<\/title>\n<meta name=\"robots\" content=\"index, follow, max-snippet:-1, max-image-preview:large, max-video-preview:-1\" \/>\n<link rel=\"canonical\" href=\"https:\/\/muzeum.haus.pl\/de\/ausstellung\/virtuelle-ausstellung-der-grossvater-aus-der-wehrmacht-erfahrungen-im-gedaechtnis-festgeschrieben\/menschen\/jerzy-dudek\/\" \/>\n<meta property=\"og:locale\" content=\"de_DE\" \/>\n<meta property=\"og:type\" content=\"article\" \/>\n<meta property=\"og:title\" content=\"Jerzy Dudek - Muzeum online Domu Wsp\u00f3\u0142pracy Polsko-Niemieckiej\" \/>\n<meta property=\"og:url\" content=\"https:\/\/muzeum.haus.pl\/de\/ausstellung\/virtuelle-ausstellung-der-grossvater-aus-der-wehrmacht-erfahrungen-im-gedaechtnis-festgeschrieben\/menschen\/jerzy-dudek\/\" \/>\n<meta property=\"og:site_name\" content=\"Muzeum online Domu Wsp\u00f3\u0142pracy Polsko-Niemieckiej\" \/>\n<meta property=\"article:modified_time\" content=\"2021-12-17T11:49:56+00:00\" \/>\n<meta name=\"twitter:card\" content=\"summary_large_image\" \/>\n<meta name=\"twitter:label1\" content=\"Gesch\u00e4tzte Lesezeit\" \/>\n\t<meta name=\"twitter:data1\" content=\"2\u00a0Minuten\" \/>\n<script type=\"application\/ld+json\" class=\"yoast-schema-graph\">{\"@context\":\"https:\\\/\\\/schema.org\",\"@graph\":[{\"@type\":\"WebPage\",\"@id\":\"https:\\\/\\\/muzeum.haus.pl\\\/de\\\/ausstellung\\\/virtuelle-ausstellung-der-grossvater-aus-der-wehrmacht-erfahrungen-im-gedaechtnis-festgeschrieben\\\/menschen\\\/jerzy-dudek\\\/\",\"url\":\"https:\\\/\\\/muzeum.haus.pl\\\/de\\\/ausstellung\\\/virtuelle-ausstellung-der-grossvater-aus-der-wehrmacht-erfahrungen-im-gedaechtnis-festgeschrieben\\\/menschen\\\/jerzy-dudek\\\/\",\"name\":\"Jerzy Dudek - Muzeum online Domu Wsp\u00f3\u0142pracy Polsko-Niemieckiej\",\"isPartOf\":{\"@id\":\"https:\\\/\\\/muzeum.haus.pl\\\/de\\\/#website\"},\"datePublished\":\"2021-12-17T11:46:34+00:00\",\"dateModified\":\"2021-12-17T11:49:56+00:00\",\"breadcrumb\":{\"@id\":\"https:\\\/\\\/muzeum.haus.pl\\\/de\\\/ausstellung\\\/virtuelle-ausstellung-der-grossvater-aus-der-wehrmacht-erfahrungen-im-gedaechtnis-festgeschrieben\\\/menschen\\\/jerzy-dudek\\\/#breadcrumb\"},\"inLanguage\":\"de\",\"potentialAction\":[{\"@type\":\"ReadAction\",\"target\":[\"https:\\\/\\\/muzeum.haus.pl\\\/de\\\/ausstellung\\\/virtuelle-ausstellung-der-grossvater-aus-der-wehrmacht-erfahrungen-im-gedaechtnis-festgeschrieben\\\/menschen\\\/jerzy-dudek\\\/\"]}]},{\"@type\":\"BreadcrumbList\",\"@id\":\"https:\\\/\\\/muzeum.haus.pl\\\/de\\\/ausstellung\\\/virtuelle-ausstellung-der-grossvater-aus-der-wehrmacht-erfahrungen-im-gedaechtnis-festgeschrieben\\\/menschen\\\/jerzy-dudek\\\/#breadcrumb\",\"itemListElement\":[{\"@type\":\"ListItem\",\"position\":1,\"name\":\"Home\",\"item\":\"https:\\\/\\\/muzeum.haus.pl\\\/de\\\/\"},{\"@type\":\"ListItem\",\"position\":2,\"name\":\"ausstellung\",\"item\":\"https:\\\/\\\/muzeum.haus.pl\\\/de\\\/ausstellung\\\/\"},{\"@type\":\"ListItem\",\"position\":3,\"name\":\"Virtuelle Ausstellung: \u201eDer Gro\u00dfvater aus der Wehrmacht. Erfahrungen, im Ged\u00e4chtnis festgeschrieben\u201c\",\"item\":\"https:\\\/\\\/muzeum.haus.pl\\\/de\\\/ausstellung\\\/virtuelle-ausstellung-der-grossvater-aus-der-wehrmacht-erfahrungen-im-gedaechtnis-festgeschrieben\\\/\"},{\"@type\":\"ListItem\",\"position\":4,\"name\":\"Menschen\",\"item\":\"https:\\\/\\\/muzeum.haus.pl\\\/de\\\/ausstellung\\\/virtuelle-ausstellung-der-grossvater-aus-der-wehrmacht-erfahrungen-im-gedaechtnis-festgeschrieben\\\/menschen\\\/\"},{\"@type\":\"ListItem\",\"position\":5,\"name\":\"Jerzy Dudek\"}]},{\"@type\":\"WebSite\",\"@id\":\"https:\\\/\\\/muzeum.haus.pl\\\/de\\\/#website\",\"url\":\"https:\\\/\\\/muzeum.haus.pl\\\/de\\\/\",\"name\":\"Muzeum online Domu Wsp\u00f3\u0142pracy Polsko-Niemieckiej\",\"description\":\"DWPN\",\"potentialAction\":[{\"@type\":\"SearchAction\",\"target\":{\"@type\":\"EntryPoint\",\"urlTemplate\":\"https:\\\/\\\/muzeum.haus.pl\\\/de\\\/?s={search_term_string}\"},\"query-input\":{\"@type\":\"PropertyValueSpecification\",\"valueRequired\":true,\"valueName\":\"search_term_string\"}}],\"inLanguage\":\"de\"}]}<\/script>\n<!-- \/ Yoast SEO plugin. -->","yoast_head_json":{"title":"Jerzy Dudek - Muzeum online Domu Wsp\u00f3\u0142pracy Polsko-Niemieckiej","robots":{"index":"index","follow":"follow","max-snippet":"max-snippet:-1","max-image-preview":"max-image-preview:large","max-video-preview":"max-video-preview:-1"},"canonical":"https:\/\/muzeum.haus.pl\/de\/ausstellung\/virtuelle-ausstellung-der-grossvater-aus-der-wehrmacht-erfahrungen-im-gedaechtnis-festgeschrieben\/menschen\/jerzy-dudek\/","og_locale":"de_DE","og_type":"article","og_title":"Jerzy Dudek - Muzeum online Domu Wsp\u00f3\u0142pracy Polsko-Niemieckiej","og_url":"https:\/\/muzeum.haus.pl\/de\/ausstellung\/virtuelle-ausstellung-der-grossvater-aus-der-wehrmacht-erfahrungen-im-gedaechtnis-festgeschrieben\/menschen\/jerzy-dudek\/","og_site_name":"Muzeum online Domu Wsp\u00f3\u0142pracy Polsko-Niemieckiej","article_modified_time":"2021-12-17T11:49:56+00:00","twitter_card":"summary_large_image","twitter_misc":{"Gesch\u00e4tzte Lesezeit":"2\u00a0Minuten"},"schema":{"@context":"https:\/\/schema.org","@graph":[{"@type":"WebPage","@id":"https:\/\/muzeum.haus.pl\/de\/ausstellung\/virtuelle-ausstellung-der-grossvater-aus-der-wehrmacht-erfahrungen-im-gedaechtnis-festgeschrieben\/menschen\/jerzy-dudek\/","url":"https:\/\/muzeum.haus.pl\/de\/ausstellung\/virtuelle-ausstellung-der-grossvater-aus-der-wehrmacht-erfahrungen-im-gedaechtnis-festgeschrieben\/menschen\/jerzy-dudek\/","name":"Jerzy Dudek - Muzeum online Domu Wsp\u00f3\u0142pracy Polsko-Niemieckiej","isPartOf":{"@id":"https:\/\/muzeum.haus.pl\/de\/#website"},"datePublished":"2021-12-17T11:46:34+00:00","dateModified":"2021-12-17T11:49:56+00:00","breadcrumb":{"@id":"https:\/\/muzeum.haus.pl\/de\/ausstellung\/virtuelle-ausstellung-der-grossvater-aus-der-wehrmacht-erfahrungen-im-gedaechtnis-festgeschrieben\/menschen\/jerzy-dudek\/#breadcrumb"},"inLanguage":"de","potentialAction":[{"@type":"ReadAction","target":["https:\/\/muzeum.haus.pl\/de\/ausstellung\/virtuelle-ausstellung-der-grossvater-aus-der-wehrmacht-erfahrungen-im-gedaechtnis-festgeschrieben\/menschen\/jerzy-dudek\/"]}]},{"@type":"BreadcrumbList","@id":"https:\/\/muzeum.haus.pl\/de\/ausstellung\/virtuelle-ausstellung-der-grossvater-aus-der-wehrmacht-erfahrungen-im-gedaechtnis-festgeschrieben\/menschen\/jerzy-dudek\/#breadcrumb","itemListElement":[{"@type":"ListItem","position":1,"name":"Home","item":"https:\/\/muzeum.haus.pl\/de\/"},{"@type":"ListItem","position":2,"name":"ausstellung","item":"https:\/\/muzeum.haus.pl\/de\/ausstellung\/"},{"@type":"ListItem","position":3,"name":"Virtuelle Ausstellung: \u201eDer Gro\u00dfvater aus der Wehrmacht. Erfahrungen, im Ged\u00e4chtnis festgeschrieben\u201c","item":"https:\/\/muzeum.haus.pl\/de\/ausstellung\/virtuelle-ausstellung-der-grossvater-aus-der-wehrmacht-erfahrungen-im-gedaechtnis-festgeschrieben\/"},{"@type":"ListItem","position":4,"name":"Menschen","item":"https:\/\/muzeum.haus.pl\/de\/ausstellung\/virtuelle-ausstellung-der-grossvater-aus-der-wehrmacht-erfahrungen-im-gedaechtnis-festgeschrieben\/menschen\/"},{"@type":"ListItem","position":5,"name":"Jerzy Dudek"}]},{"@type":"WebSite","@id":"https:\/\/muzeum.haus.pl\/de\/#website","url":"https:\/\/muzeum.haus.pl\/de\/","name":"Muzeum online Domu Wsp\u00f3\u0142pracy Polsko-Niemieckiej","description":"DWPN","potentialAction":[{"@type":"SearchAction","target":{"@type":"EntryPoint","urlTemplate":"https:\/\/muzeum.haus.pl\/de\/?s={search_term_string}"},"query-input":{"@type":"PropertyValueSpecification","valueRequired":true,"valueName":"search_term_string"}}],"inLanguage":"de"}]}},"_links":{"self":[{"href":"https:\/\/muzeum.haus.pl\/de\/wp-json\/wp\/v2\/project\/16512","targetHints":{"allow":["GET"]}}],"collection":[{"href":"https:\/\/muzeum.haus.pl\/de\/wp-json\/wp\/v2\/project"}],"about":[{"href":"https:\/\/muzeum.haus.pl\/de\/wp-json\/wp\/v2\/types\/project"}],"author":[{"embeddable":true,"href":"https:\/\/muzeum.haus.pl\/de\/wp-json\/wp\/v2\/users\/1"}],"version-history":[{"count":2,"href":"https:\/\/muzeum.haus.pl\/de\/wp-json\/wp\/v2\/project\/16512\/revisions"}],"predecessor-version":[{"id":16514,"href":"https:\/\/muzeum.haus.pl\/de\/wp-json\/wp\/v2\/project\/16512\/revisions\/16514"}],"up":[{"embeddable":true,"href":"https:\/\/muzeum.haus.pl\/de\/wp-json\/wp\/v2\/project\/16306"}],"wp:attachment":[{"href":"https:\/\/muzeum.haus.pl\/de\/wp-json\/wp\/v2\/media?parent=16512"}],"curies":[{"name":"wp","href":"https:\/\/api.w.org\/{rel}","templated":true}]}}