{"id":16868,"date":"2022-01-10T13:59:45","date_gmt":"2022-01-10T13:59:45","guid":{"rendered":"https:\/\/muzeum.haus.pl\/?post_type=project&#038;p=16868"},"modified":"2022-01-10T14:07:31","modified_gmt":"2022-01-10T14:07:31","slug":"irene-jablonska","status":"publish","type":"project","link":"https:\/\/muzeum.haus.pl\/de\/ausstellung\/virtuelle-ausstellung-an-der-grenze-eine-sache-ueber-zeiten-menschen-und-orte\/menschen\/irene-jablonska\/","title":{"rendered":"Irene Jab\u0142o\u0144ska"},"content":{"rendered":"<div id=\"cmsmasters_row_ttxmzxqof\" class=\"cmsmasters_row cmsmasters_color_scheme_default cmsmasters_row_top_default cmsmasters_row_bot_default cmsmasters_row_boxed\">\n<div class=\"cmsmasters_row_outer_parent\">\n<div class=\"cmsmasters_row_outer\">\n<div class=\"cmsmasters_row_inner\">\n<div class=\"cmsmasters_row_margin\">\n<div id=\"cmsmasters_column_za06u62k6\" class=\"cmsmasters_column one_first\">\n<div class=\"cmsmasters_column_inner\"><div id=\"cmsmasters_heading_gott64vtai\" class=\"cmsmasters_heading_wrap cmsmasters_heading_align_left\">\n\t<h2 class=\"cmsmasters_heading\">Irene Jab\u0142o\u0144ska<\/h2>\n<\/div>\n<\/div><\/div>\n<\/div>\n<\/div>\n<\/div>\n<\/div>\n<\/div>\n<div id=\"cmsmasters_row_pz79hrfat\" class=\"cmsmasters_row cmsmasters_color_scheme_default cmsmasters_row_top_default cmsmasters_row_bot_default cmsmasters_row_boxed\">\n<div class=\"cmsmasters_row_outer_parent\">\n<div class=\"cmsmasters_row_outer\">\n<div class=\"cmsmasters_row_inner\">\n<div class=\"cmsmasters_row_margin\">\n<div id=\"cmsmasters_column_hyrghtj9wr\" class=\"cmsmasters_column one_third\">\n<div class=\"cmsmasters_column_inner\"><div class=\"aligncenter\"><div class=\"cmsmasters_img  cmsmasters_image_c\"><a href=\"https:\/\/muzeum.haus.pl\/wp-content\/uploads\/2021\/12\/Jablonska.jpg\"><img decoding=\"async\" src=\"https:\/\/muzeum.haus.pl\/wp-content\/uploads\/2021\/12\/Jablonska-360x460.jpg\" \/><\/a><\/div><\/div>\n<\/div><\/div>\n<div id=\"cmsmasters_column_b5wn9nbgr3\" class=\"cmsmasters_column two_third\">\n<div class=\"cmsmasters_column_inner\"><div class=\"cmsmasters_text\">\n<p>geboren 1927, aus <strong>Koschwitz<\/strong>, Kreis Guttentag (Deutschland), heute Kreis Lublinitz.<\/p>\n<blockquote>\n<p>Mein Elternhaus stand direkt an der Grenze. Unser Feld, das auf der anderen Stra\u00dfenseite lag, geh\u00f6rte schon zu Polen. Oft gingen wir mehrmals am Tag hin\u00fcber.<\/p>\n<p>Als Kind habe ich mich einmal auf dem R\u00fcckweg von der Kirche verlaufen und kam, ohne es bemerkt zu haben, am Grenzposten vorbei nach Polen.<\/p>\n<\/blockquote>\n<\/div>\n<\/div><\/div>\n<\/div>\n<\/div>\n<\/div>\n<\/div>\n<\/div>\n<div id=\"cmsmasters_row_ku9eakzcjw\" class=\"cmsmasters_row cmsmasters_color_scheme_default cmsmasters_row_top_default cmsmasters_row_bot_default cmsmasters_row_boxed\">\n<div class=\"cmsmasters_row_outer_parent\">\n<div class=\"cmsmasters_row_outer\">\n<div class=\"cmsmasters_row_inner\">\n<div class=\"cmsmasters_row_margin\">\n<div id=\"cmsmasters_column_jbja0expac\" class=\"cmsmasters_column one_first\">\n<div class=\"cmsmasters_column_inner\"><div class=\"cmsmasters_text\">\n<div id=\"audioigniter-16728\" class=\"audioigniter-root \" data-player-type=\"full\" data-tracks-url=\"https:\/\/muzeum.haus.pl\/de\/?audioigniter_playlist_id=16728\" data-display-track-no=\"true\" data-reverse-track-order=\"false\" data-display-tracklist-covers=\"true\" data-display-active-cover=\"true\" data-display-artist-names=\"true\" data-display-buy-buttons=\"true\" data-buy-buttons-target=\"true\" data-cycle-tracks=\"false\" data-display-credits=\"false\" data-display-tracklist=\"true\" data-allow-tracklist-toggle=\"true\" data-allow-tracklist-loop=\"true\" data-limit-tracklist-height=\"false\" data-volume=\"100\" data-tracklist-height=\"185\" ><\/div>\n<\/div>\n<\/div><\/div>\n<\/div>\n<\/div>\n<\/div>\n<\/div>\n<\/div>\n<div id=\"cmsmasters_row_3wgdms717\" class=\"cmsmasters_row cmsmasters_color_scheme_default cmsmasters_row_top_default cmsmasters_row_bot_default cmsmasters_row_boxed\">\n<div class=\"cmsmasters_row_outer_parent\">\n<div class=\"cmsmasters_row_outer\">\n<div class=\"cmsmasters_row_inner\">\n<div class=\"cmsmasters_row_margin\">\n<div id=\"cmsmasters_column_xa3erqbpr\" class=\"cmsmasters_column one_first\">\n<div class=\"cmsmasters_column_inner\">\n<div class=\"cmsmasters_sidebar sidebar_layout_11\"><aside id=\"text-14\" class=\"widget widget_text\">\t\t\t<div class=\"textwidget\"><hr \/>\n<h3>Menschen<\/h3>\n<\/div>\n\t\t<\/aside><aside id=\"nav_menu-4\" class=\"widget widget_nav_menu\"><div class=\"menu-wystawa-menu-2-an-der-grenze-leute-container\"><ul id=\"menu-wystawa-menu-2-an-der-grenze-leute\" class=\"menu\"><li id=\"menu-item-16892\" class=\"menu-item menu-item-type-post_type menu-item-object-project menu-item-16892\"><a href=\"https:\/\/muzeum.haus.pl\/de\/ausstellung\/virtuelle-ausstellung-an-der-grenze-eine-sache-ueber-zeiten-menschen-und-orte\/menschen\/pawel-barteczko\/\">Pawe\u0142 Barteczko<\/a><\/li>\n<li id=\"menu-item-16893\" class=\"menu-item menu-item-type-post_type menu-item-object-project menu-item-16893\"><a href=\"https:\/\/muzeum.haus.pl\/de\/ausstellung\/virtuelle-ausstellung-an-der-grenze-eine-sache-ueber-zeiten-menschen-und-orte\/menschen\/maria-rozek\/\">Maria Ro\u017cek<\/a><\/li>\n<li id=\"menu-item-16894\" class=\"menu-item menu-item-type-post_type menu-item-object-project menu-item-16894\"><a href=\"https:\/\/muzeum.haus.pl\/de\/ausstellung\/virtuelle-ausstellung-an-der-grenze-eine-sache-ueber-zeiten-menschen-und-orte\/menschen\/krystyna-malczak\/\">Krystyna Ma\u0142czak<\/a><\/li>\n<li id=\"menu-item-16895\" class=\"menu-item menu-item-type-post_type menu-item-object-project menu-item-16895\"><a href=\"https:\/\/muzeum.haus.pl\/de\/ausstellung\/virtuelle-ausstellung-an-der-grenze-eine-sache-ueber-zeiten-menschen-und-orte\/menschen\/janosch-horst-eckert\/\">Janosch (Horst Eckert)<\/a><\/li>\n<li id=\"menu-item-16896\" class=\"menu-item menu-item-type-post_type menu-item-object-project menu-item-16896\"><a href=\"https:\/\/muzeum.haus.pl\/de\/ausstellung\/virtuelle-ausstellung-an-der-grenze-eine-sache-ueber-zeiten-menschen-und-orte\/menschen\/teodor-kura\/\">Teodor Kura<\/a><\/li>\n<li id=\"menu-item-16897\" class=\"menu-item menu-item-type-post_type menu-item-object-project menu-item-16897\"><a href=\"https:\/\/muzeum.haus.pl\/de\/ausstellung\/virtuelle-ausstellung-an-der-grenze-eine-sache-ueber-zeiten-menschen-und-orte\/menschen\/irene-jablonska\/\">Irene Jab\u0142o\u0144ska<\/a><\/li>\n<li id=\"menu-item-16898\" class=\"menu-item menu-item-type-post_type menu-item-object-project menu-item-16898\"><a href=\"https:\/\/muzeum.haus.pl\/de\/ausstellung\/virtuelle-ausstellung-an-der-grenze-eine-sache-ueber-zeiten-menschen-und-orte\/menschen\/urszula-jarzombek\/\">Urszula Jarzombek<\/a><\/li>\n<li id=\"menu-item-16899\" class=\"menu-item menu-item-type-post_type menu-item-object-project menu-item-16899\"><a href=\"https:\/\/muzeum.haus.pl\/de\/ausstellung\/virtuelle-ausstellung-an-der-grenze-eine-sache-ueber-zeiten-menschen-und-orte\/menschen\/horst-bienek\/\">Horst Bienek<\/a><\/li>\n<li id=\"menu-item-16900\" class=\"menu-item menu-item-type-post_type menu-item-object-project menu-item-16900\"><a href=\"https:\/\/muzeum.haus.pl\/de\/ausstellung\/virtuelle-ausstellung-an-der-grenze-eine-sache-ueber-zeiten-menschen-und-orte\/menschen\/stanislaw-bieniasz\/\">Stanis\u0142aw Bieniasz<\/a><\/li>\n<\/ul><\/div><\/aside><div class=\"cl\"><\/div>\n<\/div>\n<\/div><\/div>\n<\/div>\n<\/div>\n<\/div>\n<\/div>\n<\/div>\n\n","protected":false},"excerpt":{"rendered":"","protected":false},"author":1,"featured_media":0,"parent":16852,"menu_order":136,"template":"","format":"standard","meta":{"_acf_changed":false,"footnotes":""},"class_list":["post-16868","project","type-project","status-publish","format-standard","hentry"],"acf":[],"yoast_head":"<!-- This site is optimized with the Yoast SEO plugin v27.3 - https:\/\/yoast.com\/product\/yoast-seo-wordpress\/ -->\n<title>Irene Jab\u0142o\u0144ska - Muzeum online Domu Wsp\u00f3\u0142pracy Polsko-Niemieckiej<\/title>\n<meta name=\"robots\" content=\"index, follow, max-snippet:-1, max-image-preview:large, max-video-preview:-1\" \/>\n<link rel=\"canonical\" href=\"https:\/\/muzeum.haus.pl\/de\/ausstellung\/virtuelle-ausstellung-an-der-grenze-eine-sache-ueber-zeiten-menschen-und-orte\/menschen\/irene-jablonska\/\" \/>\n<meta property=\"og:locale\" content=\"de_DE\" \/>\n<meta property=\"og:type\" content=\"article\" \/>\n<meta property=\"og:title\" content=\"Irene Jab\u0142o\u0144ska - Muzeum online Domu Wsp\u00f3\u0142pracy Polsko-Niemieckiej\" \/>\n<meta property=\"og:url\" content=\"https:\/\/muzeum.haus.pl\/de\/ausstellung\/virtuelle-ausstellung-an-der-grenze-eine-sache-ueber-zeiten-menschen-und-orte\/menschen\/irene-jablonska\/\" \/>\n<meta property=\"og:site_name\" content=\"Muzeum online Domu Wsp\u00f3\u0142pracy Polsko-Niemieckiej\" \/>\n<meta property=\"article:modified_time\" content=\"2022-01-10T14:07:31+00:00\" \/>\n<meta name=\"twitter:card\" content=\"summary_large_image\" \/>\n<meta name=\"twitter:label1\" content=\"Gesch\u00e4tzte Lesezeit\" \/>\n\t<meta name=\"twitter:data1\" content=\"2\u00a0Minuten\" \/>\n<script type=\"application\/ld+json\" class=\"yoast-schema-graph\">{\"@context\":\"https:\\\/\\\/schema.org\",\"@graph\":[{\"@type\":\"WebPage\",\"@id\":\"https:\\\/\\\/muzeum.haus.pl\\\/de\\\/ausstellung\\\/virtuelle-ausstellung-an-der-grenze-eine-sache-ueber-zeiten-menschen-und-orte\\\/menschen\\\/irene-jablonska\\\/\",\"url\":\"https:\\\/\\\/muzeum.haus.pl\\\/de\\\/ausstellung\\\/virtuelle-ausstellung-an-der-grenze-eine-sache-ueber-zeiten-menschen-und-orte\\\/menschen\\\/irene-jablonska\\\/\",\"name\":\"Irene Jab\u0142o\u0144ska - Muzeum online Domu Wsp\u00f3\u0142pracy Polsko-Niemieckiej\",\"isPartOf\":{\"@id\":\"https:\\\/\\\/muzeum.haus.pl\\\/de\\\/#website\"},\"datePublished\":\"2022-01-10T13:59:45+00:00\",\"dateModified\":\"2022-01-10T14:07:31+00:00\",\"breadcrumb\":{\"@id\":\"https:\\\/\\\/muzeum.haus.pl\\\/de\\\/ausstellung\\\/virtuelle-ausstellung-an-der-grenze-eine-sache-ueber-zeiten-menschen-und-orte\\\/menschen\\\/irene-jablonska\\\/#breadcrumb\"},\"inLanguage\":\"de\",\"potentialAction\":[{\"@type\":\"ReadAction\",\"target\":[\"https:\\\/\\\/muzeum.haus.pl\\\/de\\\/ausstellung\\\/virtuelle-ausstellung-an-der-grenze-eine-sache-ueber-zeiten-menschen-und-orte\\\/menschen\\\/irene-jablonska\\\/\"]}]},{\"@type\":\"BreadcrumbList\",\"@id\":\"https:\\\/\\\/muzeum.haus.pl\\\/de\\\/ausstellung\\\/virtuelle-ausstellung-an-der-grenze-eine-sache-ueber-zeiten-menschen-und-orte\\\/menschen\\\/irene-jablonska\\\/#breadcrumb\",\"itemListElement\":[{\"@type\":\"ListItem\",\"position\":1,\"name\":\"Home\",\"item\":\"https:\\\/\\\/muzeum.haus.pl\\\/de\\\/\"},{\"@type\":\"ListItem\",\"position\":2,\"name\":\"ausstellung\",\"item\":\"https:\\\/\\\/muzeum.haus.pl\\\/de\\\/ausstellung\\\/\"},{\"@type\":\"ListItem\",\"position\":3,\"name\":\"Virtuelle Ausstellung: \u201eGrenzg\u00e4nger. Erz\u00e4hlte Zeiten, Menschen, Orte&#8221;\",\"item\":\"https:\\\/\\\/muzeum.haus.pl\\\/de\\\/ausstellung\\\/virtuelle-ausstellung-an-der-grenze-eine-sache-ueber-zeiten-menschen-und-orte\\\/\"},{\"@type\":\"ListItem\",\"position\":4,\"name\":\"Menschen\",\"item\":\"https:\\\/\\\/muzeum.haus.pl\\\/de\\\/ausstellung\\\/virtuelle-ausstellung-an-der-grenze-eine-sache-ueber-zeiten-menschen-und-orte\\\/menschen\\\/\"},{\"@type\":\"ListItem\",\"position\":5,\"name\":\"Irene Jab\u0142o\u0144ska\"}]},{\"@type\":\"WebSite\",\"@id\":\"https:\\\/\\\/muzeum.haus.pl\\\/de\\\/#website\",\"url\":\"https:\\\/\\\/muzeum.haus.pl\\\/de\\\/\",\"name\":\"Muzeum online Domu Wsp\u00f3\u0142pracy Polsko-Niemieckiej\",\"description\":\"DWPN\",\"potentialAction\":[{\"@type\":\"SearchAction\",\"target\":{\"@type\":\"EntryPoint\",\"urlTemplate\":\"https:\\\/\\\/muzeum.haus.pl\\\/de\\\/?s={search_term_string}\"},\"query-input\":{\"@type\":\"PropertyValueSpecification\",\"valueRequired\":true,\"valueName\":\"search_term_string\"}}],\"inLanguage\":\"de\"}]}<\/script>\n<!-- \/ Yoast SEO plugin. -->","yoast_head_json":{"title":"Irene Jab\u0142o\u0144ska - Muzeum online Domu Wsp\u00f3\u0142pracy Polsko-Niemieckiej","robots":{"index":"index","follow":"follow","max-snippet":"max-snippet:-1","max-image-preview":"max-image-preview:large","max-video-preview":"max-video-preview:-1"},"canonical":"https:\/\/muzeum.haus.pl\/de\/ausstellung\/virtuelle-ausstellung-an-der-grenze-eine-sache-ueber-zeiten-menschen-und-orte\/menschen\/irene-jablonska\/","og_locale":"de_DE","og_type":"article","og_title":"Irene Jab\u0142o\u0144ska - Muzeum online Domu Wsp\u00f3\u0142pracy Polsko-Niemieckiej","og_url":"https:\/\/muzeum.haus.pl\/de\/ausstellung\/virtuelle-ausstellung-an-der-grenze-eine-sache-ueber-zeiten-menschen-und-orte\/menschen\/irene-jablonska\/","og_site_name":"Muzeum online Domu Wsp\u00f3\u0142pracy Polsko-Niemieckiej","article_modified_time":"2022-01-10T14:07:31+00:00","twitter_card":"summary_large_image","twitter_misc":{"Gesch\u00e4tzte Lesezeit":"2\u00a0Minuten"},"schema":{"@context":"https:\/\/schema.org","@graph":[{"@type":"WebPage","@id":"https:\/\/muzeum.haus.pl\/de\/ausstellung\/virtuelle-ausstellung-an-der-grenze-eine-sache-ueber-zeiten-menschen-und-orte\/menschen\/irene-jablonska\/","url":"https:\/\/muzeum.haus.pl\/de\/ausstellung\/virtuelle-ausstellung-an-der-grenze-eine-sache-ueber-zeiten-menschen-und-orte\/menschen\/irene-jablonska\/","name":"Irene Jab\u0142o\u0144ska - Muzeum online Domu Wsp\u00f3\u0142pracy Polsko-Niemieckiej","isPartOf":{"@id":"https:\/\/muzeum.haus.pl\/de\/#website"},"datePublished":"2022-01-10T13:59:45+00:00","dateModified":"2022-01-10T14:07:31+00:00","breadcrumb":{"@id":"https:\/\/muzeum.haus.pl\/de\/ausstellung\/virtuelle-ausstellung-an-der-grenze-eine-sache-ueber-zeiten-menschen-und-orte\/menschen\/irene-jablonska\/#breadcrumb"},"inLanguage":"de","potentialAction":[{"@type":"ReadAction","target":["https:\/\/muzeum.haus.pl\/de\/ausstellung\/virtuelle-ausstellung-an-der-grenze-eine-sache-ueber-zeiten-menschen-und-orte\/menschen\/irene-jablonska\/"]}]},{"@type":"BreadcrumbList","@id":"https:\/\/muzeum.haus.pl\/de\/ausstellung\/virtuelle-ausstellung-an-der-grenze-eine-sache-ueber-zeiten-menschen-und-orte\/menschen\/irene-jablonska\/#breadcrumb","itemListElement":[{"@type":"ListItem","position":1,"name":"Home","item":"https:\/\/muzeum.haus.pl\/de\/"},{"@type":"ListItem","position":2,"name":"ausstellung","item":"https:\/\/muzeum.haus.pl\/de\/ausstellung\/"},{"@type":"ListItem","position":3,"name":"Virtuelle Ausstellung: \u201eGrenzg\u00e4nger. Erz\u00e4hlte Zeiten, Menschen, Orte&#8221;","item":"https:\/\/muzeum.haus.pl\/de\/ausstellung\/virtuelle-ausstellung-an-der-grenze-eine-sache-ueber-zeiten-menschen-und-orte\/"},{"@type":"ListItem","position":4,"name":"Menschen","item":"https:\/\/muzeum.haus.pl\/de\/ausstellung\/virtuelle-ausstellung-an-der-grenze-eine-sache-ueber-zeiten-menschen-und-orte\/menschen\/"},{"@type":"ListItem","position":5,"name":"Irene Jab\u0142o\u0144ska"}]},{"@type":"WebSite","@id":"https:\/\/muzeum.haus.pl\/de\/#website","url":"https:\/\/muzeum.haus.pl\/de\/","name":"Muzeum online Domu Wsp\u00f3\u0142pracy Polsko-Niemieckiej","description":"DWPN","potentialAction":[{"@type":"SearchAction","target":{"@type":"EntryPoint","urlTemplate":"https:\/\/muzeum.haus.pl\/de\/?s={search_term_string}"},"query-input":{"@type":"PropertyValueSpecification","valueRequired":true,"valueName":"search_term_string"}}],"inLanguage":"de"}]}},"_links":{"self":[{"href":"https:\/\/muzeum.haus.pl\/de\/wp-json\/wp\/v2\/project\/16868","targetHints":{"allow":["GET"]}}],"collection":[{"href":"https:\/\/muzeum.haus.pl\/de\/wp-json\/wp\/v2\/project"}],"about":[{"href":"https:\/\/muzeum.haus.pl\/de\/wp-json\/wp\/v2\/types\/project"}],"author":[{"embeddable":true,"href":"https:\/\/muzeum.haus.pl\/de\/wp-json\/wp\/v2\/users\/1"}],"version-history":[{"count":2,"href":"https:\/\/muzeum.haus.pl\/de\/wp-json\/wp\/v2\/project\/16868\/revisions"}],"predecessor-version":[{"id":16870,"href":"https:\/\/muzeum.haus.pl\/de\/wp-json\/wp\/v2\/project\/16868\/revisions\/16870"}],"up":[{"embeddable":true,"href":"https:\/\/muzeum.haus.pl\/de\/wp-json\/wp\/v2\/project\/16852"}],"wp:attachment":[{"href":"https:\/\/muzeum.haus.pl\/de\/wp-json\/wp\/v2\/media?parent=16868"}],"curies":[{"name":"wp","href":"https:\/\/api.w.org\/{rel}","templated":true}]}}