{"id":17511,"date":"2023-06-27T05:36:16","date_gmt":"2023-06-27T05:36:16","guid":{"rendered":"https:\/\/muzeum.haus.pl\/?post_type=project&#038;p=17511"},"modified":"2023-06-27T06:18:50","modified_gmt":"2023-06-27T06:18:50","slug":"virtuelle-ausstellung-sieben-schlesische-spuren","status":"publish","type":"project","link":"https:\/\/muzeum.haus.pl\/de\/ausstellung\/virtuelle-ausstellung-sieben-schlesische-spuren\/","title":{"rendered":"Virtuelle Ausstellung: &#8222;Sieben schlesische Spuren&#8220;"},"content":{"rendered":"<div id=\"cmsmasters_row_aubqooij48\" class=\"cmsmasters_row cmsmasters_color_scheme_default cmsmasters_row_top_default cmsmasters_row_bot_default cmsmasters_row_boxed\">\n<div class=\"cmsmasters_row_outer_parent\">\n<div class=\"cmsmasters_row_outer\">\n<div class=\"cmsmasters_row_inner\">\n<div class=\"cmsmasters_row_margin\">\n<div id=\"cmsmasters_column_80xxo4l8hp\" class=\"cmsmasters_column one_first\">\n<div class=\"cmsmasters_column_inner\"><div class=\"cmsmasters_text\">\n<p align=\"JUSTIFY\">Wir stellen Ihnen ausgew\u00e4hlte Objekte aus den Sammlungen der Regionalkammer vor, die ein integraler Bestandteil der st\u00e4dtischen \u00f6ffentlichen Bibliothek Teodor Heneczko in Piekary \u015al\u0105skie ist. Die Einrichtung ist Erbe der Sammlungen und setzt Aktivit\u00e4ten dreier gesellschaftlicher Organisationen fort, die im 20. Jahrhundert in der Stadt aktiv waren: <em>Piekarski Landvereinigung<\/em>, des <em>Vereins der Liebhaber von Piekary \u015al\u0105skie<\/em> und des 1938 gegr\u00fcndeten <em>Kreises von Liebhabern von Piekary \u015al\u0105skie<\/em>.<\/p>\n<p align=\"JUSTIFY\">Die Sammlung dieser Regionalkammer umfasst Tausende von Dokumenten, Fotografien und Artefakten, die in 49 Sammlungen zusammengefasst sind und anschauliche Beispiele f\u00fcr das Zusammenleben polnischer und deutscher Kulturelemente in Oberschlesien liefern. Einige von ihnen sind in Dauerausstellungen zu sehen, die nach Themen geordnet sind: Bergbau, schlesische Kleidung, schlesische Aufst\u00e4nde, Zweiter Weltkrieg und das Martyrium der Stadtbewohner, Verlags- und Drucktraditionen, religi\u00f6ses Leben, Alltagsleben, Arbeit, Wohnungseinrichtung, Handwerk, Dekoration, Pfadfinderwesen, Vereine. Ein Teil der Sammlung kann in der Schlesischen Digitalen Bibliothek und auf der Website zbioryspoleczne.pl eingesehen werden.<\/p>\n<p align=\"JUSTIFY\">Das Online-Museum pr\u00e4sentiert nur einen Teil dieser reichen Sammlung \u2013 sieben Exponate, die von \u0141ukasz \u017bywulski, Sozialarchivar und Leiter der Regionalkammer in Piekary \u015al\u0105skie, ausgew\u00e4hlt und beschrieben wurden. Diese historischen Sammlungen, die oft von einzigartigem regionalen Wert sind, wurden nicht zerstreut und fanden auch nicht den Weg auf den kommerziellen Sammlermarkt, sondern sind nun f\u00fcr alle frei zug\u00e4nglich, auch auf der Plattform &#8222;Museum Online&#8220;.<\/p>\n<p align=\"JUSTIFY\">Wir laden Sie herzlich ein, dieses St\u00fcck schlesische Kulturlandschaft zu entdecken.<\/p>\n<\/div>\n<\/div><\/div>\n<div id=\"cmsmasters_column_c60z0q7jrp\" class=\"cmsmasters_column one_first\">\n<div class=\"cmsmasters_column_inner\"><\/div><\/div>\n<\/div>\n<\/div>\n<\/div>\n<\/div>\n<\/div>\n\n","protected":false},"excerpt":{"rendered":"","protected":false},"author":1,"featured_media":17479,"parent":0,"menu_order":79,"template":"","format":"standard","meta":{"_acf_changed":false,"footnotes":""},"class_list":["post-17511","project","type-project","status-publish","format-standard","has-post-thumbnail","hentry"],"acf":[],"yoast_head":"<!-- This site is optimized with the Yoast SEO plugin v27.3 - https:\/\/yoast.com\/product\/yoast-seo-wordpress\/ -->\n<title>Virtuelle Ausstellung: &quot;Sieben schlesische Spuren&quot; - Muzeum online Domu Wsp\u00f3\u0142pracy Polsko-Niemieckiej<\/title>\n<meta name=\"description\" content=\"Wir stellen Ihnen ausgew\u00e4hlte Objekte aus den Sammlungen der Regionalkammer vor, die ein integraler Bestandteil der st\u00e4dtischen \u00f6ffentlichen Bibliothek Teodor Heneczko in Piekary \u015al\u0105skie ist.\" \/>\n<meta name=\"robots\" content=\"index, follow, max-snippet:-1, max-image-preview:large, max-video-preview:-1\" \/>\n<link rel=\"canonical\" href=\"https:\/\/muzeum.haus.pl\/de\/ausstellung\/virtuelle-ausstellung-sieben-schlesische-spuren\/\" \/>\n<meta property=\"og:locale\" content=\"de_DE\" \/>\n<meta property=\"og:type\" content=\"article\" \/>\n<meta property=\"og:title\" content=\"Virtuelle Ausstellung: &quot;Sieben schlesische Spuren&quot; - Muzeum online Domu Wsp\u00f3\u0142pracy Polsko-Niemieckiej\" \/>\n<meta property=\"og:description\" content=\"Wir stellen Ihnen ausgew\u00e4hlte Objekte aus den Sammlungen der Regionalkammer vor, die ein integraler Bestandteil der st\u00e4dtischen \u00f6ffentlichen Bibliothek Teodor Heneczko in Piekary \u015al\u0105skie ist.\" \/>\n<meta property=\"og:url\" content=\"https:\/\/muzeum.haus.pl\/de\/ausstellung\/virtuelle-ausstellung-sieben-schlesische-spuren\/\" \/>\n<meta property=\"og:site_name\" content=\"Muzeum online Domu Wsp\u00f3\u0142pracy Polsko-Niemieckiej\" \/>\n<meta property=\"article:modified_time\" content=\"2023-06-27T06:18:50+00:00\" \/>\n<meta property=\"og:image\" content=\"https:\/\/muzeum.haus.pl\/wp-content\/uploads\/2023\/06\/siedem_slaskich_sladow_main.jpg\" \/>\n\t<meta property=\"og:image:width\" content=\"1200\" \/>\n\t<meta property=\"og:image:height\" content=\"1600\" \/>\n\t<meta property=\"og:image:type\" content=\"image\/jpeg\" \/>\n<meta name=\"twitter:card\" content=\"summary_large_image\" \/>\n<meta name=\"twitter:label1\" content=\"Gesch\u00e4tzte Lesezeit\" \/>\n\t<meta name=\"twitter:data1\" content=\"2\u00a0Minuten\" \/>\n<script type=\"application\/ld+json\" class=\"yoast-schema-graph\">{\"@context\":\"https:\\\/\\\/schema.org\",\"@graph\":[{\"@type\":\"WebPage\",\"@id\":\"https:\\\/\\\/muzeum.haus.pl\\\/de\\\/ausstellung\\\/virtuelle-ausstellung-sieben-schlesische-spuren\\\/\",\"url\":\"https:\\\/\\\/muzeum.haus.pl\\\/de\\\/ausstellung\\\/virtuelle-ausstellung-sieben-schlesische-spuren\\\/\",\"name\":\"Virtuelle Ausstellung: \\\"Sieben schlesische Spuren\\\" - Muzeum online Domu Wsp\u00f3\u0142pracy Polsko-Niemieckiej\",\"isPartOf\":{\"@id\":\"https:\\\/\\\/muzeum.haus.pl\\\/de\\\/#website\"},\"primaryImageOfPage\":{\"@id\":\"https:\\\/\\\/muzeum.haus.pl\\\/de\\\/ausstellung\\\/virtuelle-ausstellung-sieben-schlesische-spuren\\\/#primaryimage\"},\"image\":{\"@id\":\"https:\\\/\\\/muzeum.haus.pl\\\/de\\\/ausstellung\\\/virtuelle-ausstellung-sieben-schlesische-spuren\\\/#primaryimage\"},\"thumbnailUrl\":\"https:\\\/\\\/muzeum.haus.pl\\\/wp-content\\\/uploads\\\/2023\\\/06\\\/siedem_slaskich_sladow_main.jpg\",\"datePublished\":\"2023-06-27T05:36:16+00:00\",\"dateModified\":\"2023-06-27T06:18:50+00:00\",\"description\":\"Wir stellen Ihnen ausgew\u00e4hlte Objekte aus den Sammlungen der Regionalkammer vor, die ein integraler Bestandteil der st\u00e4dtischen \u00f6ffentlichen Bibliothek Teodor Heneczko in Piekary \u015al\u0105skie ist.\",\"breadcrumb\":{\"@id\":\"https:\\\/\\\/muzeum.haus.pl\\\/de\\\/ausstellung\\\/virtuelle-ausstellung-sieben-schlesische-spuren\\\/#breadcrumb\"},\"inLanguage\":\"de\",\"potentialAction\":[{\"@type\":\"ReadAction\",\"target\":[\"https:\\\/\\\/muzeum.haus.pl\\\/de\\\/ausstellung\\\/virtuelle-ausstellung-sieben-schlesische-spuren\\\/\"]}]},{\"@type\":\"ImageObject\",\"inLanguage\":\"de\",\"@id\":\"https:\\\/\\\/muzeum.haus.pl\\\/de\\\/ausstellung\\\/virtuelle-ausstellung-sieben-schlesische-spuren\\\/#primaryimage\",\"url\":\"https:\\\/\\\/muzeum.haus.pl\\\/wp-content\\\/uploads\\\/2023\\\/06\\\/siedem_slaskich_sladow_main.jpg\",\"contentUrl\":\"https:\\\/\\\/muzeum.haus.pl\\\/wp-content\\\/uploads\\\/2023\\\/06\\\/siedem_slaskich_sladow_main.jpg\",\"width\":1200,\"height\":1600},{\"@type\":\"BreadcrumbList\",\"@id\":\"https:\\\/\\\/muzeum.haus.pl\\\/de\\\/ausstellung\\\/virtuelle-ausstellung-sieben-schlesische-spuren\\\/#breadcrumb\",\"itemListElement\":[{\"@type\":\"ListItem\",\"position\":1,\"name\":\"Home\",\"item\":\"https:\\\/\\\/muzeum.haus.pl\\\/de\\\/\"},{\"@type\":\"ListItem\",\"position\":2,\"name\":\"ausstellung\",\"item\":\"https:\\\/\\\/muzeum.haus.pl\\\/de\\\/ausstellung\\\/\"},{\"@type\":\"ListItem\",\"position\":3,\"name\":\"Virtuelle Ausstellung: &#8220;Sieben schlesische Spuren&#8221;\"}]},{\"@type\":\"WebSite\",\"@id\":\"https:\\\/\\\/muzeum.haus.pl\\\/de\\\/#website\",\"url\":\"https:\\\/\\\/muzeum.haus.pl\\\/de\\\/\",\"name\":\"Muzeum online Domu Wsp\u00f3\u0142pracy Polsko-Niemieckiej\",\"description\":\"DWPN\",\"potentialAction\":[{\"@type\":\"SearchAction\",\"target\":{\"@type\":\"EntryPoint\",\"urlTemplate\":\"https:\\\/\\\/muzeum.haus.pl\\\/de\\\/?s={search_term_string}\"},\"query-input\":{\"@type\":\"PropertyValueSpecification\",\"valueRequired\":true,\"valueName\":\"search_term_string\"}}],\"inLanguage\":\"de\"}]}<\/script>\n<!-- \/ Yoast SEO plugin. -->","yoast_head_json":{"title":"Virtuelle Ausstellung: \"Sieben schlesische Spuren\" - Muzeum online Domu Wsp\u00f3\u0142pracy Polsko-Niemieckiej","description":"Wir stellen Ihnen ausgew\u00e4hlte Objekte aus den Sammlungen der Regionalkammer vor, die ein integraler Bestandteil der st\u00e4dtischen \u00f6ffentlichen Bibliothek Teodor Heneczko in Piekary \u015al\u0105skie ist.","robots":{"index":"index","follow":"follow","max-snippet":"max-snippet:-1","max-image-preview":"max-image-preview:large","max-video-preview":"max-video-preview:-1"},"canonical":"https:\/\/muzeum.haus.pl\/de\/ausstellung\/virtuelle-ausstellung-sieben-schlesische-spuren\/","og_locale":"de_DE","og_type":"article","og_title":"Virtuelle Ausstellung: \"Sieben schlesische Spuren\" - Muzeum online Domu Wsp\u00f3\u0142pracy Polsko-Niemieckiej","og_description":"Wir stellen Ihnen ausgew\u00e4hlte Objekte aus den Sammlungen der Regionalkammer vor, die ein integraler Bestandteil der st\u00e4dtischen \u00f6ffentlichen Bibliothek Teodor Heneczko in Piekary \u015al\u0105skie ist.","og_url":"https:\/\/muzeum.haus.pl\/de\/ausstellung\/virtuelle-ausstellung-sieben-schlesische-spuren\/","og_site_name":"Muzeum online Domu Wsp\u00f3\u0142pracy Polsko-Niemieckiej","article_modified_time":"2023-06-27T06:18:50+00:00","og_image":[{"width":1200,"height":1600,"url":"https:\/\/muzeum.haus.pl\/wp-content\/uploads\/2023\/06\/siedem_slaskich_sladow_main.jpg","type":"image\/jpeg"}],"twitter_card":"summary_large_image","twitter_misc":{"Gesch\u00e4tzte Lesezeit":"2\u00a0Minuten"},"schema":{"@context":"https:\/\/schema.org","@graph":[{"@type":"WebPage","@id":"https:\/\/muzeum.haus.pl\/de\/ausstellung\/virtuelle-ausstellung-sieben-schlesische-spuren\/","url":"https:\/\/muzeum.haus.pl\/de\/ausstellung\/virtuelle-ausstellung-sieben-schlesische-spuren\/","name":"Virtuelle Ausstellung: \"Sieben schlesische Spuren\" - Muzeum online Domu Wsp\u00f3\u0142pracy Polsko-Niemieckiej","isPartOf":{"@id":"https:\/\/muzeum.haus.pl\/de\/#website"},"primaryImageOfPage":{"@id":"https:\/\/muzeum.haus.pl\/de\/ausstellung\/virtuelle-ausstellung-sieben-schlesische-spuren\/#primaryimage"},"image":{"@id":"https:\/\/muzeum.haus.pl\/de\/ausstellung\/virtuelle-ausstellung-sieben-schlesische-spuren\/#primaryimage"},"thumbnailUrl":"https:\/\/muzeum.haus.pl\/wp-content\/uploads\/2023\/06\/siedem_slaskich_sladow_main.jpg","datePublished":"2023-06-27T05:36:16+00:00","dateModified":"2023-06-27T06:18:50+00:00","description":"Wir stellen Ihnen ausgew\u00e4hlte Objekte aus den Sammlungen der Regionalkammer vor, die ein integraler Bestandteil der st\u00e4dtischen \u00f6ffentlichen Bibliothek Teodor Heneczko in Piekary \u015al\u0105skie ist.","breadcrumb":{"@id":"https:\/\/muzeum.haus.pl\/de\/ausstellung\/virtuelle-ausstellung-sieben-schlesische-spuren\/#breadcrumb"},"inLanguage":"de","potentialAction":[{"@type":"ReadAction","target":["https:\/\/muzeum.haus.pl\/de\/ausstellung\/virtuelle-ausstellung-sieben-schlesische-spuren\/"]}]},{"@type":"ImageObject","inLanguage":"de","@id":"https:\/\/muzeum.haus.pl\/de\/ausstellung\/virtuelle-ausstellung-sieben-schlesische-spuren\/#primaryimage","url":"https:\/\/muzeum.haus.pl\/wp-content\/uploads\/2023\/06\/siedem_slaskich_sladow_main.jpg","contentUrl":"https:\/\/muzeum.haus.pl\/wp-content\/uploads\/2023\/06\/siedem_slaskich_sladow_main.jpg","width":1200,"height":1600},{"@type":"BreadcrumbList","@id":"https:\/\/muzeum.haus.pl\/de\/ausstellung\/virtuelle-ausstellung-sieben-schlesische-spuren\/#breadcrumb","itemListElement":[{"@type":"ListItem","position":1,"name":"Home","item":"https:\/\/muzeum.haus.pl\/de\/"},{"@type":"ListItem","position":2,"name":"ausstellung","item":"https:\/\/muzeum.haus.pl\/de\/ausstellung\/"},{"@type":"ListItem","position":3,"name":"Virtuelle Ausstellung: &#8220;Sieben schlesische Spuren&#8221;"}]},{"@type":"WebSite","@id":"https:\/\/muzeum.haus.pl\/de\/#website","url":"https:\/\/muzeum.haus.pl\/de\/","name":"Muzeum online Domu Wsp\u00f3\u0142pracy Polsko-Niemieckiej","description":"DWPN","potentialAction":[{"@type":"SearchAction","target":{"@type":"EntryPoint","urlTemplate":"https:\/\/muzeum.haus.pl\/de\/?s={search_term_string}"},"query-input":{"@type":"PropertyValueSpecification","valueRequired":true,"valueName":"search_term_string"}}],"inLanguage":"de"}]}},"_links":{"self":[{"href":"https:\/\/muzeum.haus.pl\/de\/wp-json\/wp\/v2\/project\/17511","targetHints":{"allow":["GET"]}}],"collection":[{"href":"https:\/\/muzeum.haus.pl\/de\/wp-json\/wp\/v2\/project"}],"about":[{"href":"https:\/\/muzeum.haus.pl\/de\/wp-json\/wp\/v2\/types\/project"}],"author":[{"embeddable":true,"href":"https:\/\/muzeum.haus.pl\/de\/wp-json\/wp\/v2\/users\/1"}],"version-history":[{"count":2,"href":"https:\/\/muzeum.haus.pl\/de\/wp-json\/wp\/v2\/project\/17511\/revisions"}],"predecessor-version":[{"id":17513,"href":"https:\/\/muzeum.haus.pl\/de\/wp-json\/wp\/v2\/project\/17511\/revisions\/17513"}],"wp:featuredmedia":[{"embeddable":true,"href":"https:\/\/muzeum.haus.pl\/de\/wp-json\/wp\/v2\/media\/17479"}],"wp:attachment":[{"href":"https:\/\/muzeum.haus.pl\/de\/wp-json\/wp\/v2\/media?parent=17511"}],"curies":[{"name":"wp","href":"https:\/\/api.w.org\/{rel}","templated":true}]}}