{"id":18141,"date":"2023-12-21T08:57:56","date_gmt":"2023-12-21T08:57:56","guid":{"rendered":"https:\/\/muzeum.haus.pl\/?post_type=project&#038;p=18141"},"modified":"2023-12-21T08:57:56","modified_gmt":"2023-12-21T08:57:56","slug":"gesammlete-collage","status":"publish","type":"project","link":"https:\/\/muzeum.haus.pl\/de\/ausstellung\/virtuelle-ausstellung-mischung-erkenntnis-durch-kunst\/gesammlete-collage\/","title":{"rendered":"Gesammlete Collage"},"content":{"rendered":"<div id=\"cmsmasters_row_bkrqerlwx6\" class=\"cmsmasters_row cmsmasters_color_scheme_default cmsmasters_row_top_default cmsmasters_row_bot_default cmsmasters_row_boxed\">\n<div class=\"cmsmasters_row_outer_parent\">\n<div class=\"cmsmasters_row_outer\">\n<div class=\"cmsmasters_row_inner\">\n<div class=\"cmsmasters_row_margin\">\n<div id=\"cmsmasters_column_f4duwgmvn\" class=\"cmsmasters_column one_first\">\n<div class=\"cmsmasters_column_inner\"><div id=\"cmsmasters_heading_h2r97yffe\" class=\"cmsmasters_heading_wrap cmsmasters_heading_align_left\">\n\t<h2 class=\"cmsmasters_heading\">Gesammlete Collage<\/h2>\n<\/div>\n<div id=\"cmsmasters_divider_8qawy5fd2p\" class=\"cmsmasters_divider cmsmasters_divider_width_long cmsmasters_divider_pos_center\"><\/div>\n<div class=\"cmsmasters_text\">\n<p>Ist es m\u00f6glich, durch die Beziehung zu den vor Ort gefundenen Artefakten Geschichten \u00fcber Identit\u00e4t zu erz\u00e4hlen? Welche Geschichten erz\u00e4hlen sie? Wie sehen wir uns selbst durch sie und beeinflussen sie unser individuelles und kollektives Ged\u00e4chtnis und Bewusstsein?<\/p>\n<p>Dr. Katarzyna \u0141ata &#8211; K\u00fcnstlerin, Fotografin und Mitglied des schlesischen Distrikts der Vereinigung polnischer Kunstfotografen &#8211; hat die Teilnehmer und ihre einzigartigen Erinnerungsst\u00fccken fotografiert. Einen besonderen Platz in ihrer Arbeit nehmen die abstrakte und kreative Fotografie, die Stilllebenfotografie und die Portr\u00e4tfotografie ein. Seit 2017 ist sie Kuratorin von vier Galerien der Stadt Kattowitz. 2010 erhielt sie eine Auszeichnung des Ministeriums f\u00fcr Kultur und Nationales Erbe f\u00fcr ihr fotografisches Werk und ihren Einsatz f\u00fcr die Fotografie. Im Jahr 2017 wurde sie mit der Bronzemedaille f\u00fcr &#8222;Verdienste um die Kultur Gloria Artis&#8220; ausgezeichnet.<\/p>\n<\/div>\n<div id=\"cmsmasters_divider_pr44uozq3d\" class=\"cmsmasters_divider cmsmasters_divider_width_long cmsmasters_divider_pos_center\"><\/div>\n<div id=\"cmsmasters_gallery_ugj6p08il8\" class=\"cmsmasters_gallery_wrap\" data-type=\"grid\" data-count=\"0\"><ul class=\"cmsmasters_gallery cmsmasters_2 cmsmasters_more_items_loader\"><li id=\"rzecz_17986\" class=\"cmsmasters_gallery_item cmsmasters_caption\"><figure><a href=\"https:\/\/muzeum.haus.pl\/wp-content\/uploads\/2023\/12\/miszung_05_1.jpg\" rel=\"ilightbox[ugj6p08il8]\" data-caption=\"Brotbackk\u00f6rbe aus Wilcye Gard\u0142o. \"><img loading=\"lazy\" decoding=\"async\" width=\"580\" height=\"420\" src=\"https:\/\/muzeum.haus.pl\/wp-content\/uploads\/2023\/12\/miszung_05_1-580x420.jpg\" class=\"attachment-cmsmasters-project-thumb size-cmsmasters-project-thumb\" alt=\"\" \/><\/a><figcaption>Brotbackk\u00f6rbe aus Wilcye Gard\u0142o. <\/figcaption><\/figure><\/li><li id=\"rzecz_17954\" class=\"cmsmasters_gallery_item cmsmasters_caption\"><figure><a href=\"https:\/\/muzeum.haus.pl\/wp-content\/uploads\/2023\/12\/miszung_05_2.jpg\" rel=\"ilightbox[ugj6p08il8]\" data-caption=\"Erinnerungst\u00fccken von einer Reise nach Paris, die Weronika Giepart aus Frankreich mitgebracht hat.\"><img loading=\"lazy\" decoding=\"async\" width=\"580\" height=\"420\" src=\"https:\/\/muzeum.haus.pl\/wp-content\/uploads\/2023\/12\/miszung_05_2-580x420.jpg\" class=\"attachment-cmsmasters-project-thumb size-cmsmasters-project-thumb\" alt=\"\" \/><\/a><figcaption>Erinnerungst\u00fccken von einer Reise nach Paris, die Weronika Giepart aus Frankreich mitgebracht hat.<\/figcaption><\/figure><\/li><li id=\"rzecz_17956\" class=\"cmsmasters_gallery_item cmsmasters_caption\"><figure><a href=\"https:\/\/muzeum.haus.pl\/wp-content\/uploads\/2023\/12\/miszung_05_2_n.jpg\" rel=\"ilightbox[ugj6p08il8]\" data-caption=\"Erinnerungst\u00fccken von einer Reise nach Paris, die Weronika Giepart aus Frankreich mitgebracht hat.\"><img loading=\"lazy\" decoding=\"async\" width=\"580\" height=\"420\" src=\"https:\/\/muzeum.haus.pl\/wp-content\/uploads\/2023\/12\/miszung_05_2_n-580x420.jpg\" class=\"attachment-cmsmasters-project-thumb size-cmsmasters-project-thumb\" alt=\"\" \/><\/a><figcaption>Erinnerungst\u00fccken von einer Reise nach Paris, die Weronika Giepart aus Frankreich mitgebracht hat.<\/figcaption><\/figure><\/li><li id=\"rzecz_17958\" class=\"cmsmasters_gallery_item cmsmasters_caption\"><figure><a href=\"https:\/\/muzeum.haus.pl\/wp-content\/uploads\/2023\/12\/miszung_05_3.jpg\" rel=\"ilightbox[ugj6p08il8]\" data-caption=\"Publikation, die auf dem Dachboden eines Hauses in der Magnolien-Strasse gefunden wurde.\"><img loading=\"lazy\" decoding=\"async\" width=\"580\" height=\"420\" src=\"https:\/\/muzeum.haus.pl\/wp-content\/uploads\/2023\/12\/miszung_05_3-580x420.jpg\" class=\"attachment-cmsmasters-project-thumb size-cmsmasters-project-thumb\" alt=\"\" \/><\/a><figcaption>Publikation, die auf dem Dachboden eines Hauses in der Magnolien-Strasse gefunden wurde.<\/figcaption><\/figure><\/li><li id=\"rzecz_17960\" class=\"cmsmasters_gallery_item cmsmasters_caption\"><figure><a href=\"https:\/\/muzeum.haus.pl\/wp-content\/uploads\/2023\/12\/miszung_05_4.jpg\" rel=\"ilightbox[ugj6p08il8]\" data-caption=\"Ein Foto, das auf dem Dachboden eines Hauses in der Magnolien-Stra\u00dfe gefunden wurde. Das Foto zeigt die ehemaligen Bewohner*innen von Wilcze Gard\u0142o.\"><img loading=\"lazy\" decoding=\"async\" width=\"580\" height=\"420\" src=\"https:\/\/muzeum.haus.pl\/wp-content\/uploads\/2023\/12\/miszung_05_4-580x420.jpg\" class=\"attachment-cmsmasters-project-thumb size-cmsmasters-project-thumb\" alt=\"\" \/><\/a><figcaption>Ein Foto, das auf dem Dachboden eines Hauses in der Magnolien-Stra\u00dfe gefunden wurde. Das Foto zeigt die ehemaligen Bewohner*innen von Wilcze Gard\u0142o.<\/figcaption><\/figure><\/li><li id=\"rzecz_17962\" class=\"cmsmasters_gallery_item cmsmasters_caption\"><figure><a href=\"https:\/\/muzeum.haus.pl\/wp-content\/uploads\/2023\/12\/miszung_05_5.jpg\" rel=\"ilightbox[ugj6p08il8]\" data-caption=\"Objekte und damit pers\u00f6nliche Geschichten, die von den Bewohner*innen von Wilcze Grad\u0142o f\u00fcr den Workshop im Rahmen des Projekts &quot;Mischung - Erkenntnis durch Kunst&quot; mitgebracht wurden.\"><img loading=\"lazy\" decoding=\"async\" width=\"580\" height=\"420\" src=\"https:\/\/muzeum.haus.pl\/wp-content\/uploads\/2023\/12\/miszung_05_5-580x420.jpg\" class=\"attachment-cmsmasters-project-thumb size-cmsmasters-project-thumb\" alt=\"\" \/><\/a><figcaption>Objekte und damit pers\u00f6nliche Geschichten, die von den Bewohner*innen von Wilcze Grad\u0142o f\u00fcr den Workshop im Rahmen des Projekts \"Mischung - Erkenntnis durch Kunst\" mitgebracht wurden.<\/figcaption><\/figure><\/li><li id=\"rzecz_17964\" class=\"cmsmasters_gallery_item cmsmasters_caption\"><figure><a href=\"https:\/\/muzeum.haus.pl\/wp-content\/uploads\/2023\/12\/miszung_05_6.jpg\" rel=\"ilightbox[ugj6p08il8]\" data-caption=\"Familienalbum von Alicja Mainusch, die in Wilcze Gard\u0142o geboren wurde.\"><img loading=\"lazy\" decoding=\"async\" width=\"580\" height=\"420\" src=\"https:\/\/muzeum.haus.pl\/wp-content\/uploads\/2023\/12\/miszung_05_6-580x420.jpg\" class=\"attachment-cmsmasters-project-thumb size-cmsmasters-project-thumb\" alt=\"\" \/><\/a><figcaption>Familienalbum von Alicja Mainusch, die in Wilcze Gard\u0142o geboren wurde.<\/figcaption><\/figure><\/li><li id=\"rzecz_17968\" class=\"cmsmasters_gallery_item cmsmasters_caption\"><figure><a href=\"https:\/\/muzeum.haus.pl\/wp-content\/uploads\/2023\/12\/miszung_05_7.jpg\" rel=\"ilightbox[ugj6p08il8]\" data-caption=\"Alicja Mainusch zeigt einen Festtagsschal aus den 1930er Jahren. (Familienerbst\u00fcck)\"><img loading=\"lazy\" decoding=\"async\" width=\"580\" height=\"420\" src=\"https:\/\/muzeum.haus.pl\/wp-content\/uploads\/2023\/12\/miszung_05_7-580x420.jpg\" class=\"attachment-cmsmasters-project-thumb size-cmsmasters-project-thumb\" alt=\"\" \/><\/a><figcaption>Alicja Mainusch zeigt einen Festtagsschal aus den 1930er Jahren. (Familienerbst\u00fcck)<\/figcaption><\/figure><\/li><li id=\"rzecz_17970\" class=\"cmsmasters_gallery_item cmsmasters_caption\"><figure><a href=\"https:\/\/muzeum.haus.pl\/wp-content\/uploads\/2023\/12\/miszung_05_8.jpg\" rel=\"ilightbox[ugj6p08il8]\" data-caption=\"Gra\u017cyna Swidergo\u0142 mit einer Pfauenfigur aus Messing - ein Erinnerungsst\u00fcck an die Schwiegereltern.\"><img loading=\"lazy\" decoding=\"async\" width=\"580\" height=\"420\" src=\"https:\/\/muzeum.haus.pl\/wp-content\/uploads\/2023\/12\/miszung_05_8-580x420.jpg\" class=\"attachment-cmsmasters-project-thumb size-cmsmasters-project-thumb\" alt=\"\" \/><\/a><figcaption>Gra\u017cyna Swidergo\u0142 mit einer Pfauenfigur aus Messing - ein Erinnerungsst\u00fcck an die Schwiegereltern.<\/figcaption><\/figure><\/li><li id=\"rzecz_17972\" class=\"cmsmasters_gallery_item cmsmasters_caption\"><figure><a href=\"https:\/\/muzeum.haus.pl\/wp-content\/uploads\/2023\/12\/miszung_05_9.jpg\" rel=\"ilightbox[ugj6p08il8]\" data-caption=\"Alicja Mainusch pr\u00e4sentiert einen Festtagsschal aus den 1930er Jahren. (Familienerbst\u00fcck)\"><img loading=\"lazy\" decoding=\"async\" width=\"580\" height=\"420\" src=\"https:\/\/muzeum.haus.pl\/wp-content\/uploads\/2023\/12\/miszung_05_9-580x420.jpg\" class=\"attachment-cmsmasters-project-thumb size-cmsmasters-project-thumb\" alt=\"\" \/><\/a><figcaption>Alicja Mainusch pr\u00e4sentiert einen Festtagsschal aus den 1930er Jahren. (Familienerbst\u00fcck)<\/figcaption><\/figure><\/li><li id=\"rzecz_17974\" class=\"cmsmasters_gallery_item cmsmasters_caption\"><figure><a href=\"https:\/\/muzeum.haus.pl\/wp-content\/uploads\/2023\/12\/miszung_05_10.jpg\" rel=\"ilightbox[ugj6p08il8]\" data-caption=\"Festliche Schals aus den 1930er Jahren. Das Familienerbst\u00fcck von Alicja Mainusch.\"><img loading=\"lazy\" decoding=\"async\" width=\"580\" height=\"420\" src=\"https:\/\/muzeum.haus.pl\/wp-content\/uploads\/2023\/12\/miszung_05_10-580x420.jpg\" class=\"attachment-cmsmasters-project-thumb size-cmsmasters-project-thumb\" alt=\"\" \/><\/a><figcaption>Festliche Schals aus den 1930er Jahren. Das Familienerbst\u00fcck von Alicja Mainusch.<\/figcaption><\/figure><\/li><li id=\"rzecz_17976\" class=\"cmsmasters_gallery_item cmsmasters_caption\"><figure><a href=\"https:\/\/muzeum.haus.pl\/wp-content\/uploads\/2023\/12\/miszung_05_11.jpg\" rel=\"ilightbox[ugj6p08il8]\" data-caption=\"Reisekoffer aus den 1960er Jahren, gefunden in einem der H\u00e4user in der Magnolien-Stra\u00dfe.\"><img loading=\"lazy\" decoding=\"async\" width=\"580\" height=\"420\" src=\"https:\/\/muzeum.haus.pl\/wp-content\/uploads\/2023\/12\/miszung_05_11-580x420.jpg\" class=\"attachment-cmsmasters-project-thumb size-cmsmasters-project-thumb\" alt=\"\" \/><\/a><figcaption>Reisekoffer aus den 1960er Jahren, gefunden in einem der H\u00e4user in der Magnolien-Stra\u00dfe.<\/figcaption><\/figure><\/li><li id=\"rzecz_17978\" class=\"cmsmasters_gallery_item cmsmasters_caption\"><figure><a href=\"https:\/\/muzeum.haus.pl\/wp-content\/uploads\/2023\/12\/miszung_05_12.jpg\" rel=\"ilightbox[ugj6p08il8]\" data-caption=\"Ein Krug, der wahrscheinlich vom Vorbesitzer eines Hauses in der Astr\u00f3w-Stra\u00dfe weggeworfen wurde.\"><img loading=\"lazy\" decoding=\"async\" width=\"580\" height=\"420\" src=\"https:\/\/muzeum.haus.pl\/wp-content\/uploads\/2023\/12\/miszung_05_12-580x420.jpg\" class=\"attachment-cmsmasters-project-thumb size-cmsmasters-project-thumb\" alt=\"\" \/><\/a><figcaption>Ein Krug, der wahrscheinlich vom Vorbesitzer eines Hauses in der Astr\u00f3w-Stra\u00dfe weggeworfen wurde.<\/figcaption><\/figure><\/li><li id=\"rzecz_17980\" class=\"cmsmasters_gallery_item cmsmasters_caption\"><figure><a href=\"https:\/\/muzeum.haus.pl\/wp-content\/uploads\/2023\/12\/miszung_05_13.jpg\" rel=\"ilightbox[ugj6p08il8]\" data-caption=\"Fotosession mit den Teilnehmer*innen des Projekts &quot;Mischung - Erkenntnis durch Kunst&quot;. Die Fotos wurden von Dr. Katarzyna \u0141ata aufgenommen.\"><img loading=\"lazy\" decoding=\"async\" width=\"580\" height=\"420\" src=\"https:\/\/muzeum.haus.pl\/wp-content\/uploads\/2023\/12\/miszung_05_13-580x420.jpg\" class=\"attachment-cmsmasters-project-thumb size-cmsmasters-project-thumb\" alt=\"\" \/><\/a><figcaption>Fotosession mit den Teilnehmer*innen des Projekts \"Mischung - Erkenntnis durch Kunst\". Die Fotos wurden von Dr. Katarzyna \u0141ata aufgenommen.<\/figcaption><\/figure><\/li><li id=\"rzecz_17982\" class=\"cmsmasters_gallery_item cmsmasters_caption\"><figure><a href=\"https:\/\/muzeum.haus.pl\/wp-content\/uploads\/2023\/12\/miszung_05_14.jpg\" rel=\"ilightbox[ugj6p08il8]\" data-caption=\"Nach der Eingemeindung von Wilczy Gard\u0142o im Jahr 1975 wurde die Stra\u00dfe von Nowotki in Magnolia umbenannt. Ein emaillierter Stra\u00dfenschild wird von der Anwohnerin Anna So\u015bniak \u00fcberreicht.\"><img loading=\"lazy\" decoding=\"async\" width=\"580\" height=\"420\" src=\"https:\/\/muzeum.haus.pl\/wp-content\/uploads\/2023\/12\/miszung_05_14-580x420.jpg\" class=\"attachment-cmsmasters-project-thumb size-cmsmasters-project-thumb\" alt=\"\" \/><\/a><figcaption>Nach der Eingemeindung von Wilczy Gard\u0142o im Jahr 1975 wurde die Stra\u00dfe von Nowotki in Magnolia umbenannt. Ein emaillierter Stra\u00dfenschild wird von der Anwohnerin Anna So\u015bniak \u00fcberreicht.<\/figcaption><\/figure><\/li><li id=\"rzecz_17984\" class=\"cmsmasters_gallery_item cmsmasters_caption\"><figure><a href=\"https:\/\/muzeum.haus.pl\/wp-content\/uploads\/2023\/12\/miszung_05_15.jpg\" rel=\"ilightbox[ugj6p08il8]\" data-caption=\"Artikel auf der ersten Seite der Beilage von &quot;Dziennik Zachodni&quot; &quot;Gliwice nasze miasto&quot; (25.01.2013), in dem die Proteste der Einwohner gegen die geplante Aufl\u00f6sung der Grundschule Nr. 2 in Gliwice in Wilcze Gardle beschrieben werden.\"><img loading=\"lazy\" decoding=\"async\" width=\"580\" height=\"420\" src=\"https:\/\/muzeum.haus.pl\/wp-content\/uploads\/2023\/12\/miszung_05_15-580x420.jpg\" class=\"attachment-cmsmasters-project-thumb size-cmsmasters-project-thumb\" alt=\"\" \/><\/a><figcaption>Artikel auf der ersten Seite der Beilage von \"Dziennik Zachodni\" \"Gliwice nasze miasto\" (25.01.2013), in dem die Proteste der Einwohner gegen die geplante Aufl\u00f6sung der Grundschule Nr. 2 in Gliwice in Wilcze Gardle beschrieben werden.<\/figcaption><\/figure><\/li><\/ul><\/div>\n<div id=\"cmsmasters_divider_drcdcw7uxl\" class=\"cmsmasters_divider cmsmasters_divider_width_long cmsmasters_divider_pos_center\"><\/div>\n<\/div><\/div>\n<\/div>\n<\/div>\n<\/div>\n<\/div>\n<\/div>\n\n","protected":false},"excerpt":{"rendered":"","protected":false},"author":2,"featured_media":0,"parent":18133,"menu_order":46,"template":"","format":"standard","meta":{"_acf_changed":false,"footnotes":""},"class_list":["post-18141","project","type-project","status-publish","format-standard","hentry"],"acf":[],"yoast_head":"<!-- This site is optimized with the Yoast SEO plugin v27.3 - https:\/\/yoast.com\/product\/yoast-seo-wordpress\/ -->\n<title>Gesammlete Collage - Muzeum online Domu Wsp\u00f3\u0142pracy Polsko-Niemieckiej<\/title>\n<meta name=\"robots\" content=\"index, follow, max-snippet:-1, max-image-preview:large, max-video-preview:-1\" \/>\n<link rel=\"canonical\" href=\"https:\/\/muzeum.haus.pl\/de\/ausstellung\/virtuelle-ausstellung-mischung-erkenntnis-durch-kunst\/gesammlete-collage\/\" \/>\n<meta property=\"og:locale\" content=\"de_DE\" \/>\n<meta property=\"og:type\" content=\"article\" \/>\n<meta property=\"og:title\" content=\"Gesammlete Collage - Muzeum online Domu Wsp\u00f3\u0142pracy Polsko-Niemieckiej\" \/>\n<meta property=\"og:url\" content=\"https:\/\/muzeum.haus.pl\/de\/ausstellung\/virtuelle-ausstellung-mischung-erkenntnis-durch-kunst\/gesammlete-collage\/\" \/>\n<meta property=\"og:site_name\" content=\"Muzeum online Domu Wsp\u00f3\u0142pracy Polsko-Niemieckiej\" \/>\n<meta name=\"twitter:card\" content=\"summary_large_image\" \/>\n<meta name=\"twitter:label1\" content=\"Gesch\u00e4tzte Lesezeit\" \/>\n\t<meta name=\"twitter:data1\" content=\"2\u00a0Minuten\" \/>\n<script type=\"application\/ld+json\" class=\"yoast-schema-graph\">{\"@context\":\"https:\\\/\\\/schema.org\",\"@graph\":[{\"@type\":\"WebPage\",\"@id\":\"https:\\\/\\\/muzeum.haus.pl\\\/de\\\/ausstellung\\\/virtuelle-ausstellung-mischung-erkenntnis-durch-kunst\\\/gesammlete-collage\\\/\",\"url\":\"https:\\\/\\\/muzeum.haus.pl\\\/de\\\/ausstellung\\\/virtuelle-ausstellung-mischung-erkenntnis-durch-kunst\\\/gesammlete-collage\\\/\",\"name\":\"Gesammlete Collage - Muzeum online Domu Wsp\u00f3\u0142pracy Polsko-Niemieckiej\",\"isPartOf\":{\"@id\":\"https:\\\/\\\/muzeum.haus.pl\\\/de\\\/#website\"},\"datePublished\":\"2023-12-21T08:57:56+00:00\",\"breadcrumb\":{\"@id\":\"https:\\\/\\\/muzeum.haus.pl\\\/de\\\/ausstellung\\\/virtuelle-ausstellung-mischung-erkenntnis-durch-kunst\\\/gesammlete-collage\\\/#breadcrumb\"},\"inLanguage\":\"de\",\"potentialAction\":[{\"@type\":\"ReadAction\",\"target\":[\"https:\\\/\\\/muzeum.haus.pl\\\/de\\\/ausstellung\\\/virtuelle-ausstellung-mischung-erkenntnis-durch-kunst\\\/gesammlete-collage\\\/\"]}]},{\"@type\":\"BreadcrumbList\",\"@id\":\"https:\\\/\\\/muzeum.haus.pl\\\/de\\\/ausstellung\\\/virtuelle-ausstellung-mischung-erkenntnis-durch-kunst\\\/gesammlete-collage\\\/#breadcrumb\",\"itemListElement\":[{\"@type\":\"ListItem\",\"position\":1,\"name\":\"Home\",\"item\":\"https:\\\/\\\/muzeum.haus.pl\\\/de\\\/\"},{\"@type\":\"ListItem\",\"position\":2,\"name\":\"ausstellung\",\"item\":\"https:\\\/\\\/muzeum.haus.pl\\\/de\\\/ausstellung\\\/\"},{\"@type\":\"ListItem\",\"position\":3,\"name\":\"Virtuelle Ausstellung: &#8220;Mischung &#8211; Erkenntnis durch Kunst&#8221;\",\"item\":\"https:\\\/\\\/muzeum.haus.pl\\\/de\\\/ausstellung\\\/virtuelle-ausstellung-mischung-erkenntnis-durch-kunst\\\/\"},{\"@type\":\"ListItem\",\"position\":4,\"name\":\"Gesammlete Collage\"}]},{\"@type\":\"WebSite\",\"@id\":\"https:\\\/\\\/muzeum.haus.pl\\\/de\\\/#website\",\"url\":\"https:\\\/\\\/muzeum.haus.pl\\\/de\\\/\",\"name\":\"Muzeum online Domu Wsp\u00f3\u0142pracy Polsko-Niemieckiej\",\"description\":\"DWPN\",\"potentialAction\":[{\"@type\":\"SearchAction\",\"target\":{\"@type\":\"EntryPoint\",\"urlTemplate\":\"https:\\\/\\\/muzeum.haus.pl\\\/de\\\/?s={search_term_string}\"},\"query-input\":{\"@type\":\"PropertyValueSpecification\",\"valueRequired\":true,\"valueName\":\"search_term_string\"}}],\"inLanguage\":\"de\"}]}<\/script>\n<!-- \/ Yoast SEO plugin. -->","yoast_head_json":{"title":"Gesammlete Collage - Muzeum online Domu Wsp\u00f3\u0142pracy Polsko-Niemieckiej","robots":{"index":"index","follow":"follow","max-snippet":"max-snippet:-1","max-image-preview":"max-image-preview:large","max-video-preview":"max-video-preview:-1"},"canonical":"https:\/\/muzeum.haus.pl\/de\/ausstellung\/virtuelle-ausstellung-mischung-erkenntnis-durch-kunst\/gesammlete-collage\/","og_locale":"de_DE","og_type":"article","og_title":"Gesammlete Collage - Muzeum online Domu Wsp\u00f3\u0142pracy Polsko-Niemieckiej","og_url":"https:\/\/muzeum.haus.pl\/de\/ausstellung\/virtuelle-ausstellung-mischung-erkenntnis-durch-kunst\/gesammlete-collage\/","og_site_name":"Muzeum online Domu Wsp\u00f3\u0142pracy Polsko-Niemieckiej","twitter_card":"summary_large_image","twitter_misc":{"Gesch\u00e4tzte Lesezeit":"2\u00a0Minuten"},"schema":{"@context":"https:\/\/schema.org","@graph":[{"@type":"WebPage","@id":"https:\/\/muzeum.haus.pl\/de\/ausstellung\/virtuelle-ausstellung-mischung-erkenntnis-durch-kunst\/gesammlete-collage\/","url":"https:\/\/muzeum.haus.pl\/de\/ausstellung\/virtuelle-ausstellung-mischung-erkenntnis-durch-kunst\/gesammlete-collage\/","name":"Gesammlete Collage - Muzeum online Domu Wsp\u00f3\u0142pracy Polsko-Niemieckiej","isPartOf":{"@id":"https:\/\/muzeum.haus.pl\/de\/#website"},"datePublished":"2023-12-21T08:57:56+00:00","breadcrumb":{"@id":"https:\/\/muzeum.haus.pl\/de\/ausstellung\/virtuelle-ausstellung-mischung-erkenntnis-durch-kunst\/gesammlete-collage\/#breadcrumb"},"inLanguage":"de","potentialAction":[{"@type":"ReadAction","target":["https:\/\/muzeum.haus.pl\/de\/ausstellung\/virtuelle-ausstellung-mischung-erkenntnis-durch-kunst\/gesammlete-collage\/"]}]},{"@type":"BreadcrumbList","@id":"https:\/\/muzeum.haus.pl\/de\/ausstellung\/virtuelle-ausstellung-mischung-erkenntnis-durch-kunst\/gesammlete-collage\/#breadcrumb","itemListElement":[{"@type":"ListItem","position":1,"name":"Home","item":"https:\/\/muzeum.haus.pl\/de\/"},{"@type":"ListItem","position":2,"name":"ausstellung","item":"https:\/\/muzeum.haus.pl\/de\/ausstellung\/"},{"@type":"ListItem","position":3,"name":"Virtuelle Ausstellung: &#8220;Mischung &#8211; Erkenntnis durch Kunst&#8221;","item":"https:\/\/muzeum.haus.pl\/de\/ausstellung\/virtuelle-ausstellung-mischung-erkenntnis-durch-kunst\/"},{"@type":"ListItem","position":4,"name":"Gesammlete Collage"}]},{"@type":"WebSite","@id":"https:\/\/muzeum.haus.pl\/de\/#website","url":"https:\/\/muzeum.haus.pl\/de\/","name":"Muzeum online Domu Wsp\u00f3\u0142pracy Polsko-Niemieckiej","description":"DWPN","potentialAction":[{"@type":"SearchAction","target":{"@type":"EntryPoint","urlTemplate":"https:\/\/muzeum.haus.pl\/de\/?s={search_term_string}"},"query-input":{"@type":"PropertyValueSpecification","valueRequired":true,"valueName":"search_term_string"}}],"inLanguage":"de"}]}},"_links":{"self":[{"href":"https:\/\/muzeum.haus.pl\/de\/wp-json\/wp\/v2\/project\/18141","targetHints":{"allow":["GET"]}}],"collection":[{"href":"https:\/\/muzeum.haus.pl\/de\/wp-json\/wp\/v2\/project"}],"about":[{"href":"https:\/\/muzeum.haus.pl\/de\/wp-json\/wp\/v2\/types\/project"}],"author":[{"embeddable":true,"href":"https:\/\/muzeum.haus.pl\/de\/wp-json\/wp\/v2\/users\/2"}],"version-history":[{"count":1,"href":"https:\/\/muzeum.haus.pl\/de\/wp-json\/wp\/v2\/project\/18141\/revisions"}],"predecessor-version":[{"id":18142,"href":"https:\/\/muzeum.haus.pl\/de\/wp-json\/wp\/v2\/project\/18141\/revisions\/18142"}],"up":[{"embeddable":true,"href":"https:\/\/muzeum.haus.pl\/de\/wp-json\/wp\/v2\/project\/18133"}],"wp:attachment":[{"href":"https:\/\/muzeum.haus.pl\/de\/wp-json\/wp\/v2\/media?parent=18141"}],"curies":[{"name":"wp","href":"https:\/\/api.w.org\/{rel}","templated":true}]}}