{"id":18143,"date":"2023-12-21T09:07:55","date_gmt":"2023-12-21T09:07:55","guid":{"rendered":"https:\/\/muzeum.haus.pl\/?post_type=project&#038;p=18143"},"modified":"2023-12-21T09:07:55","modified_gmt":"2023-12-21T09:07:55","slug":"reisekoffer","status":"publish","type":"project","link":"https:\/\/muzeum.haus.pl\/de\/ausstellung\/virtuelle-ausstellung-mischung-erkenntnis-durch-kunst\/reisekoffer\/","title":{"rendered":"Reisekoffer"},"content":{"rendered":"<div id=\"cmsmasters_row_ex6q46m3cd\" class=\"cmsmasters_row cmsmasters_color_scheme_default cmsmasters_row_top_default cmsmasters_row_bot_default cmsmasters_row_boxed\">\n<div class=\"cmsmasters_row_outer_parent\">\n<div class=\"cmsmasters_row_outer\">\n<div class=\"cmsmasters_row_inner\">\n<div class=\"cmsmasters_row_margin\">\n<div id=\"cmsmasters_column_mcf1ud8c4\" class=\"cmsmasters_column one_first\">\n<div class=\"cmsmasters_column_inner\"><div class=\"cmsmasters_text\">\n<p>&#8222;Reisekoffer&#8220; &#8211; das sind Fotografien und Scans von Dokumenten des Vorbesitzers, die auf einem Dachboden in einem der H\u00e4user in der Magnolien-Strasse gefunden wurden. Die Schwarz-Wei\u00df-, Farb- und Sepia-Fotos zeigen die verschiedenen Gesichter von der Siedlung Wilcze Gard\u0142o in interessanten Gegen\u00fcberstellungen &#8211; die Aufnahmen der Bewohner*innen vor dem Hintergrund eines Fragments eines Schulgeb\u00e4udes, von Stra\u00dfen, Pl\u00e4tzen und H\u00e4usern stammen aus den sp\u00e4ten 1940er bis Mitte der 1980er Jahre. Eingescannte Dokumente, z. B. ein Mitgliedsbuch der Vaterl\u00e4ndischen Hilfsorganisation in Frankreich, Fragmente eines Tagebuchs oder eine Sammlung gew\u00f6hnlicher Gedichte zeigen eine fragile und unvollst\u00e4ndige Vorstellung von der Identit\u00e4t der damaligen Bewohner*innen von Wilcze Gard\u0142o.<\/p>\n<\/div>\n<div id=\"cmsmasters_divider_pmtwva4gc\" class=\"cmsmasters_divider cmsmasters_divider_width_long cmsmasters_divider_pos_center\"><\/div>\n<\/div><\/div>\n<\/div>\n<\/div>\n<\/div>\n<\/div>\n<\/div>\n<div id=\"cmsmasters_row_m6fzzqblx8\" class=\"cmsmasters_row cmsmasters_color_scheme_default cmsmasters_row_top_default cmsmasters_row_bot_default cmsmasters_row_boxed\">\n<div class=\"cmsmasters_row_outer_parent\">\n<div class=\"cmsmasters_row_outer\">\n<div class=\"cmsmasters_row_inner\">\n<div class=\"cmsmasters_row_margin\">\n<div id=\"cmsmasters_column_9onvqmmic\" class=\"cmsmasters_column one_first\">\n<div class=\"cmsmasters_column_inner\"><div id=\"cmsmasters_gallery_r6geonwbpq\" class=\"cmsmasters_gallery_wrap gallery-cloud\" data-type=\"masonry\" data-count=\"20\"><ul class=\"cmsmasters_gallery cmsmasters_4 cmsmasters_more_items_loader\"><li id=\"rzecz_18107\" class=\"cmsmasters_gallery_item cmsmasters_caption\"><figure><a href=\"https:\/\/muzeum.haus.pl\/wp-content\/uploads\/2023\/12\/miszung_06_1.jpg\" data-caption=\"Schwarz-Wei\u00df-Foto, aufgenommen in den 1950er\/60er Jahren, zeigt eine Gruppe von Menschen an einer Bushaltestelle in Wilcze Gard\u0142o. Vierte von links - die Mutter von Aleksandra Michta - Irena Dziurda-Michta (&quot;Irka&quot;), rechts - Besucher aus Frankreich. Im Hintergrund das Geb\u00e4ude des Bauernhofs &quot;Baza&quot;, in dem unter anderem Schneemaschinen abgestellt waren. \nPrivatsammlung von Aleksandra Michta.\"><img loading=\"lazy\" decoding=\"async\" width=\"580\" height=\"387\" src=\"https:\/\/muzeum.haus.pl\/wp-content\/uploads\/2023\/12\/miszung_06_1-580x387.jpg\" class=\"attachment-cmsmasters-project-masonry-thumb size-cmsmasters-project-masonry-thumb\" alt=\"\" srcset=\"https:\/\/muzeum.haus.pl\/wp-content\/uploads\/2023\/12\/miszung_06_1-580x387.jpg 580w, https:\/\/muzeum.haus.pl\/wp-content\/uploads\/2023\/12\/miszung_06_1-300x200.jpg 300w, https:\/\/muzeum.haus.pl\/wp-content\/uploads\/2023\/12\/miszung_06_1-1024x683.jpg 1024w, https:\/\/muzeum.haus.pl\/wp-content\/uploads\/2023\/12\/miszung_06_1-768x512.jpg 768w, https:\/\/muzeum.haus.pl\/wp-content\/uploads\/2023\/12\/miszung_06_1-1536x1024.jpg 1536w, https:\/\/muzeum.haus.pl\/wp-content\/uploads\/2023\/12\/miszung_06_1-860x574.jpg 860w, https:\/\/muzeum.haus.pl\/wp-content\/uploads\/2023\/12\/miszung_06_1-1160x774.jpg 1160w, https:\/\/muzeum.haus.pl\/wp-content\/uploads\/2023\/12\/miszung_06_1-1320x880.jpg 1320w, https:\/\/muzeum.haus.pl\/wp-content\/uploads\/2023\/12\/miszung_06_1.jpg 1660w\" sizes=\"auto, (max-width: 580px) 100vw, 580px\" \/><\/a><figcaption>Schwarz-Wei\u00df-Foto, aufgenommen in den 1950er\/60er Jahren, zeigt eine Gruppe von Menschen an einer Bushaltestelle in Wilcze Gard\u0142o. Vierte von links - die Mutter von Aleksandra Michta - Irena Dziurda-Michta (\"Irka\"), rechts - Besucher aus Frankreich. Im Hintergrund das Geb\u00e4ude des Bauernhofs \"Baza\", in dem unter anderem Schneemaschinen abgestellt waren. \nPrivatsammlung von Aleksandra Michta.<\/figcaption><\/figure><\/li><li id=\"rzecz_18109\" class=\"cmsmasters_gallery_item cmsmasters_caption\"><figure><a href=\"https:\/\/muzeum.haus.pl\/wp-content\/uploads\/2023\/12\/miszung_06_2.jpg\" data-caption=\"Schwarz-Wei\u00df-Foto, wahrscheinlich in den 1950er\/60er Jahren aufgenommen, zeigt eine Gruppe von Menschen an einer Bushaltestelle in Wilcze Gardle. Zweite von rechts - Aleksandra Michtas Mutter - Irena Dziurda-Michta (&quot;Irka&quot;). Die Einwohner*innen verabschieden sich von den Besucher*innen aus Frankreich. Im Hintergrund ein Fragment des Geb\u00e4udes mit dem Eingangstor zum Wilcze Gard\u0142o (Gemeindehaus) - die Fenster des heutigen Gesundheitszentrums und des Restaurants &quot;Das kleine Paris&quot;. Privatsammlung von Aleksandra Michty.\"><img loading=\"lazy\" decoding=\"async\" width=\"580\" height=\"387\" src=\"https:\/\/muzeum.haus.pl\/wp-content\/uploads\/2023\/12\/miszung_06_2-580x387.jpg\" class=\"attachment-cmsmasters-project-masonry-thumb size-cmsmasters-project-masonry-thumb\" alt=\"\" srcset=\"https:\/\/muzeum.haus.pl\/wp-content\/uploads\/2023\/12\/miszung_06_2-580x387.jpg 580w, https:\/\/muzeum.haus.pl\/wp-content\/uploads\/2023\/12\/miszung_06_2-300x200.jpg 300w, https:\/\/muzeum.haus.pl\/wp-content\/uploads\/2023\/12\/miszung_06_2-1024x683.jpg 1024w, https:\/\/muzeum.haus.pl\/wp-content\/uploads\/2023\/12\/miszung_06_2-768x512.jpg 768w, https:\/\/muzeum.haus.pl\/wp-content\/uploads\/2023\/12\/miszung_06_2-1536x1024.jpg 1536w, https:\/\/muzeum.haus.pl\/wp-content\/uploads\/2023\/12\/miszung_06_2-860x573.jpg 860w, https:\/\/muzeum.haus.pl\/wp-content\/uploads\/2023\/12\/miszung_06_2-1160x773.jpg 1160w, https:\/\/muzeum.haus.pl\/wp-content\/uploads\/2023\/12\/miszung_06_2-1320x880.jpg 1320w, https:\/\/muzeum.haus.pl\/wp-content\/uploads\/2023\/12\/miszung_06_2.jpg 1680w\" sizes=\"auto, (max-width: 580px) 100vw, 580px\" \/><\/a><figcaption>Schwarz-Wei\u00df-Foto, wahrscheinlich in den 1950er\/60er Jahren aufgenommen, zeigt eine Gruppe von Menschen an einer Bushaltestelle in Wilcze Gardle. Zweite von rechts - Aleksandra Michtas Mutter - Irena Dziurda-Michta (\"Irka\"). Die Einwohner*innen verabschieden sich von den Besucher*innen aus Frankreich. Im Hintergrund ein Fragment des Geb\u00e4udes mit dem Eingangstor zum Wilcze Gard\u0142o (Gemeindehaus) - die Fenster des heutigen Gesundheitszentrums und des Restaurants \"Das kleine Paris\". Privatsammlung von Aleksandra Michty.<\/figcaption><\/figure><\/li><li id=\"rzecz_18111\" class=\"cmsmasters_gallery_item cmsmasters_caption\"><figure><a href=\"https:\/\/muzeum.haus.pl\/wp-content\/uploads\/2023\/12\/miszung_06_3.jpg\" data-caption=\"Schwarz-Wei\u00df-Foto, wahrscheinlich in den 1960er\/70er Jahren aufgenommen, zeigt die Fu\u00dfballmannschaft von Wilcze Gard\u0142o. Erster von links, von oben - Aleksandra Michtas Vater - Stefan Michta, erster von rechts, von oben - Herr Osiurak. Im Hintergrund, auf dem letzten Plan, ein Fragment des Schulgeb\u00e4udes und das Geb\u00e4ude der Umkleidekabinen vor dem Geb\u00e4ude. Privatsammlung von Aleksandra Michta.\"><img loading=\"lazy\" decoding=\"async\" width=\"580\" height=\"387\" src=\"https:\/\/muzeum.haus.pl\/wp-content\/uploads\/2023\/12\/miszung_06_3-580x387.jpg\" class=\"attachment-cmsmasters-project-masonry-thumb size-cmsmasters-project-masonry-thumb\" alt=\"\" srcset=\"https:\/\/muzeum.haus.pl\/wp-content\/uploads\/2023\/12\/miszung_06_3-580x387.jpg 580w, https:\/\/muzeum.haus.pl\/wp-content\/uploads\/2023\/12\/miszung_06_3-300x200.jpg 300w, https:\/\/muzeum.haus.pl\/wp-content\/uploads\/2023\/12\/miszung_06_3-1024x683.jpg 1024w, https:\/\/muzeum.haus.pl\/wp-content\/uploads\/2023\/12\/miszung_06_3-768x512.jpg 768w, https:\/\/muzeum.haus.pl\/wp-content\/uploads\/2023\/12\/miszung_06_3-1536x1024.jpg 1536w, https:\/\/muzeum.haus.pl\/wp-content\/uploads\/2023\/12\/miszung_06_3-860x574.jpg 860w, https:\/\/muzeum.haus.pl\/wp-content\/uploads\/2023\/12\/miszung_06_3-1160x774.jpg 1160w, https:\/\/muzeum.haus.pl\/wp-content\/uploads\/2023\/12\/miszung_06_3-1320x880.jpg 1320w, https:\/\/muzeum.haus.pl\/wp-content\/uploads\/2023\/12\/miszung_06_3.jpg 1588w\" sizes=\"auto, (max-width: 580px) 100vw, 580px\" \/><\/a><figcaption>Schwarz-Wei\u00df-Foto, wahrscheinlich in den 1960er\/70er Jahren aufgenommen, zeigt die Fu\u00dfballmannschaft von Wilcze Gard\u0142o. Erster von links, von oben - Aleksandra Michtas Vater - Stefan Michta, erster von rechts, von oben - Herr Osiurak. Im Hintergrund, auf dem letzten Plan, ein Fragment des Schulgeb\u00e4udes und das Geb\u00e4ude der Umkleidekabinen vor dem Geb\u00e4ude. Privatsammlung von Aleksandra Michta.<\/figcaption><\/figure><\/li><li id=\"rzecz_18113\" class=\"cmsmasters_gallery_item cmsmasters_caption\"><figure><a href=\"https:\/\/muzeum.haus.pl\/wp-content\/uploads\/2023\/12\/miszung_06_4.jpg\" data-caption=\"Eine Schwarz-Wei\u00df-Fotografie aus den 1960er\/70er Jahren zeigt die Bewohner*innen von Wilcze Gard\u0142o bei einem Spaziergang. Die Aufnahme entstand an der Kreuzung der Storczyki-Strasse und Krokus-Strasse. Privatsammlung von Aleksandra Michty.\"><img loading=\"lazy\" decoding=\"async\" width=\"580\" height=\"774\" src=\"https:\/\/muzeum.haus.pl\/wp-content\/uploads\/2023\/12\/miszung_06_4-580x774.jpg\" class=\"attachment-cmsmasters-project-masonry-thumb size-cmsmasters-project-masonry-thumb\" alt=\"\" srcset=\"https:\/\/muzeum.haus.pl\/wp-content\/uploads\/2023\/12\/miszung_06_4-580x774.jpg 580w, https:\/\/muzeum.haus.pl\/wp-content\/uploads\/2023\/12\/miszung_06_4-225x300.jpg 225w, https:\/\/muzeum.haus.pl\/wp-content\/uploads\/2023\/12\/miszung_06_4-768x1024.jpg 768w, https:\/\/muzeum.haus.pl\/wp-content\/uploads\/2023\/12\/miszung_06_4-860x1147.jpg 860w, https:\/\/muzeum.haus.pl\/wp-content\/uploads\/2023\/12\/miszung_06_4.jpg 965w\" sizes=\"auto, (max-width: 580px) 100vw, 580px\" \/><\/a><figcaption>Eine Schwarz-Wei\u00df-Fotografie aus den 1960er\/70er Jahren zeigt die Bewohner*innen von Wilcze Gard\u0142o bei einem Spaziergang. Die Aufnahme entstand an der Kreuzung der Storczyki-Strasse und Krokus-Strasse. Privatsammlung von Aleksandra Michty.<\/figcaption><\/figure><\/li><li id=\"rzecz_18115\" class=\"cmsmasters_gallery_item cmsmasters_caption\"><figure><a href=\"https:\/\/muzeum.haus.pl\/wp-content\/uploads\/2023\/12\/miszung_06_5.jpg\" data-caption=\"Schwarz-Wei\u00df-Foto, aufgenommen in den 1970er Jahren, zeigt Irena Dziurda - Michta beim Tanzen mit Tadeusz Cebula. Frau Irena betrieb ein Kurzwarengesch\u00e4ft (den heutigen Kiosk am Jasminplatz). Gegen\u00fcber befand sich das &quot;Eisengesch\u00e4ft&quot; (von den Einheimischen so genannt). Privatsammlung von Aleksandra Michty.\"><img loading=\"lazy\" decoding=\"async\" width=\"580\" height=\"774\" src=\"https:\/\/muzeum.haus.pl\/wp-content\/uploads\/2023\/12\/miszung_06_5-580x774.jpg\" class=\"attachment-cmsmasters-project-masonry-thumb size-cmsmasters-project-masonry-thumb\" alt=\"\" srcset=\"https:\/\/muzeum.haus.pl\/wp-content\/uploads\/2023\/12\/miszung_06_5-580x774.jpg 580w, https:\/\/muzeum.haus.pl\/wp-content\/uploads\/2023\/12\/miszung_06_5-225x300.jpg 225w, https:\/\/muzeum.haus.pl\/wp-content\/uploads\/2023\/12\/miszung_06_5-768x1024.jpg 768w, https:\/\/muzeum.haus.pl\/wp-content\/uploads\/2023\/12\/miszung_06_5-860x1147.jpg 860w, https:\/\/muzeum.haus.pl\/wp-content\/uploads\/2023\/12\/miszung_06_5.jpg 962w\" sizes=\"auto, (max-width: 580px) 100vw, 580px\" \/><\/a><figcaption>Schwarz-Wei\u00df-Foto, aufgenommen in den 1970er Jahren, zeigt Irena Dziurda - Michta beim Tanzen mit Tadeusz Cebula. Frau Irena betrieb ein Kurzwarengesch\u00e4ft (den heutigen Kiosk am Jasminplatz). Gegen\u00fcber befand sich das \"Eisengesch\u00e4ft\" (von den Einheimischen so genannt). Privatsammlung von Aleksandra Michty.<\/figcaption><\/figure><\/li><li id=\"rzecz_18117\" class=\"cmsmasters_gallery_item cmsmasters_caption\"><figure><a href=\"https:\/\/muzeum.haus.pl\/wp-content\/uploads\/2023\/12\/miszung_06_7.jpg\" data-caption=\"Mitgliedsbuch der Polnischen Vaterlands-Hilfsorganisation. Privatarchiv von Izabela Rataj.\"><img loading=\"lazy\" decoding=\"async\" width=\"580\" height=\"870\" src=\"https:\/\/muzeum.haus.pl\/wp-content\/uploads\/2023\/12\/miszung_06_7-580x870.jpg\" class=\"attachment-cmsmasters-project-masonry-thumb size-cmsmasters-project-masonry-thumb\" alt=\"\" srcset=\"https:\/\/muzeum.haus.pl\/wp-content\/uploads\/2023\/12\/miszung_06_7-580x870.jpg 580w, https:\/\/muzeum.haus.pl\/wp-content\/uploads\/2023\/12\/miszung_06_7-200x300.jpg 200w, https:\/\/muzeum.haus.pl\/wp-content\/uploads\/2023\/12\/miszung_06_7-683x1024.jpg 683w, https:\/\/muzeum.haus.pl\/wp-content\/uploads\/2023\/12\/miszung_06_7-768x1152.jpg 768w, https:\/\/muzeum.haus.pl\/wp-content\/uploads\/2023\/12\/miszung_06_7-1024x1536.jpg 1024w, https:\/\/muzeum.haus.pl\/wp-content\/uploads\/2023\/12\/miszung_06_7-1365x2048.jpg 1365w, https:\/\/muzeum.haus.pl\/wp-content\/uploads\/2023\/12\/miszung_06_7-860x1290.jpg 860w, https:\/\/muzeum.haus.pl\/wp-content\/uploads\/2023\/12\/miszung_06_7-1160x1740.jpg 1160w, https:\/\/muzeum.haus.pl\/wp-content\/uploads\/2023\/12\/miszung_06_7-1320x1980.jpg 1320w, https:\/\/muzeum.haus.pl\/wp-content\/uploads\/2023\/12\/miszung_06_7.jpg 1400w\" sizes=\"auto, (max-width: 580px) 100vw, 580px\" \/><\/a><figcaption>Mitgliedsbuch der Polnischen Vaterlands-Hilfsorganisation. Privatarchiv von Izabela Rataj.<\/figcaption><\/figure><\/li><li id=\"rzecz_18119\" class=\"cmsmasters_gallery_item cmsmasters_caption\"><figure><a href=\"https:\/\/muzeum.haus.pl\/wp-content\/uploads\/2023\/12\/miszung_06_10.jpg\" data-caption=\"Mitgliedsbuch der Polnischen Vaterlands-Hilfsorganisation. Privatarchiv von Izabela Rataj.\"><img loading=\"lazy\" decoding=\"async\" width=\"580\" height=\"870\" src=\"https:\/\/muzeum.haus.pl\/wp-content\/uploads\/2023\/12\/miszung_06_10-580x870.jpg\" class=\"attachment-cmsmasters-project-masonry-thumb size-cmsmasters-project-masonry-thumb\" alt=\"\" srcset=\"https:\/\/muzeum.haus.pl\/wp-content\/uploads\/2023\/12\/miszung_06_10-580x870.jpg 580w, https:\/\/muzeum.haus.pl\/wp-content\/uploads\/2023\/12\/miszung_06_10-200x300.jpg 200w, https:\/\/muzeum.haus.pl\/wp-content\/uploads\/2023\/12\/miszung_06_10-683x1024.jpg 683w, https:\/\/muzeum.haus.pl\/wp-content\/uploads\/2023\/12\/miszung_06_10-768x1152.jpg 768w, https:\/\/muzeum.haus.pl\/wp-content\/uploads\/2023\/12\/miszung_06_10-1024x1536.jpg 1024w, https:\/\/muzeum.haus.pl\/wp-content\/uploads\/2023\/12\/miszung_06_10-1365x2048.jpg 1365w, https:\/\/muzeum.haus.pl\/wp-content\/uploads\/2023\/12\/miszung_06_10-860x1290.jpg 860w, https:\/\/muzeum.haus.pl\/wp-content\/uploads\/2023\/12\/miszung_06_10-1160x1740.jpg 1160w, https:\/\/muzeum.haus.pl\/wp-content\/uploads\/2023\/12\/miszung_06_10-1320x1980.jpg 1320w, https:\/\/muzeum.haus.pl\/wp-content\/uploads\/2023\/12\/miszung_06_10.jpg 1400w\" sizes=\"auto, (max-width: 580px) 100vw, 580px\" \/><\/a><figcaption>Mitgliedsbuch der Polnischen Vaterlands-Hilfsorganisation. Privatarchiv von Izabela Rataj.<\/figcaption><\/figure><\/li><li id=\"rzecz_18121\" class=\"cmsmasters_gallery_item cmsmasters_caption\"><figure><a href=\"https:\/\/muzeum.haus.pl\/wp-content\/uploads\/2023\/12\/miszung_06_11.jpg\" data-caption=\"Mitgliedsbuch der Polnischen Vaterlands-Hilfsorganisation. Privatarchiv von Izabela Rataj.\"><img loading=\"lazy\" decoding=\"async\" width=\"580\" height=\"870\" src=\"https:\/\/muzeum.haus.pl\/wp-content\/uploads\/2023\/12\/miszung_06_11-580x870.jpg\" class=\"attachment-cmsmasters-project-masonry-thumb size-cmsmasters-project-masonry-thumb\" alt=\"\" srcset=\"https:\/\/muzeum.haus.pl\/wp-content\/uploads\/2023\/12\/miszung_06_11-580x870.jpg 580w, https:\/\/muzeum.haus.pl\/wp-content\/uploads\/2023\/12\/miszung_06_11-200x300.jpg 200w, https:\/\/muzeum.haus.pl\/wp-content\/uploads\/2023\/12\/miszung_06_11-683x1024.jpg 683w, https:\/\/muzeum.haus.pl\/wp-content\/uploads\/2023\/12\/miszung_06_11-768x1152.jpg 768w, https:\/\/muzeum.haus.pl\/wp-content\/uploads\/2023\/12\/miszung_06_11-1024x1536.jpg 1024w, https:\/\/muzeum.haus.pl\/wp-content\/uploads\/2023\/12\/miszung_06_11-1365x2048.jpg 1365w, https:\/\/muzeum.haus.pl\/wp-content\/uploads\/2023\/12\/miszung_06_11-860x1290.jpg 860w, https:\/\/muzeum.haus.pl\/wp-content\/uploads\/2023\/12\/miszung_06_11-1160x1740.jpg 1160w, https:\/\/muzeum.haus.pl\/wp-content\/uploads\/2023\/12\/miszung_06_11-1320x1980.jpg 1320w, https:\/\/muzeum.haus.pl\/wp-content\/uploads\/2023\/12\/miszung_06_11.jpg 1400w\" sizes=\"auto, (max-width: 580px) 100vw, 580px\" \/><\/a><figcaption>Mitgliedsbuch der Polnischen Vaterlands-Hilfsorganisation. Privatarchiv von Izabela Rataj.<\/figcaption><\/figure><\/li><li id=\"rzecz_18123\" class=\"cmsmasters_gallery_item cmsmasters_caption\"><figure><a href=\"https:\/\/muzeum.haus.pl\/wp-content\/uploads\/2023\/12\/miszung_06_14.jpg\" data-caption=\"Die Schwarz-Wei\u00df-Fotografie, wahrscheinlich in den 1950\/60er Jahren aufgenommen, zeigt Maria und Ludwig Skib (von rechts) mit ihren Begleitern. Das Foto wurde auf dem Marktplatz in Wilcze Grad\u0142o (heute Jasminplatz) aufgenommen. Privatsammlung von Anna So\u015bniak.\"><img loading=\"lazy\" decoding=\"async\" width=\"580\" height=\"391\" src=\"https:\/\/muzeum.haus.pl\/wp-content\/uploads\/2023\/12\/miszung_06_14-580x391.jpg\" class=\"attachment-cmsmasters-project-masonry-thumb size-cmsmasters-project-masonry-thumb\" alt=\"\" srcset=\"https:\/\/muzeum.haus.pl\/wp-content\/uploads\/2023\/12\/miszung_06_14-580x391.jpg 580w, https:\/\/muzeum.haus.pl\/wp-content\/uploads\/2023\/12\/miszung_06_14-300x202.jpg 300w, https:\/\/muzeum.haus.pl\/wp-content\/uploads\/2023\/12\/miszung_06_14-1024x691.jpg 1024w, https:\/\/muzeum.haus.pl\/wp-content\/uploads\/2023\/12\/miszung_06_14-768x518.jpg 768w, https:\/\/muzeum.haus.pl\/wp-content\/uploads\/2023\/12\/miszung_06_14-1536x1036.jpg 1536w, https:\/\/muzeum.haus.pl\/wp-content\/uploads\/2023\/12\/miszung_06_14-2048x1382.jpg 2048w, https:\/\/muzeum.haus.pl\/wp-content\/uploads\/2023\/12\/miszung_06_14-860x580.jpg 860w, https:\/\/muzeum.haus.pl\/wp-content\/uploads\/2023\/12\/miszung_06_14-1160x783.jpg 1160w, https:\/\/muzeum.haus.pl\/wp-content\/uploads\/2023\/12\/miszung_06_14-1320x891.jpg 1320w\" sizes=\"auto, (max-width: 580px) 100vw, 580px\" \/><\/a><figcaption>Die Schwarz-Wei\u00df-Fotografie, wahrscheinlich in den 1950\/60er Jahren aufgenommen, zeigt Maria und Ludwig Skib (von rechts) mit ihren Begleitern. Das Foto wurde auf dem Marktplatz in Wilcze Grad\u0142o (heute Jasminplatz) aufgenommen. Privatsammlung von Anna So\u015bniak.<\/figcaption><\/figure><\/li><li id=\"rzecz_18047\" class=\"cmsmasters_gallery_item cmsmasters_caption\"><figure><a href=\"https:\/\/muzeum.haus.pl\/wp-content\/uploads\/2023\/12\/miszung_06_15.jpg\" data-caption=\"Eine Schwarz-Wei\u00df-Fotografie, die wahrscheinlich in den 1950er und 1960er Jahren aufgenommen wurde, zeigt Maria Skiba. Das Foto wurde auf dem Marktplatz in Wilcze Gardle (heute Jasminplatz) aufgenommen. Privatsammlung von Anna So\u015bniak.\"><img loading=\"lazy\" decoding=\"async\" width=\"580\" height=\"921\" src=\"https:\/\/muzeum.haus.pl\/wp-content\/uploads\/2023\/12\/miszung_06_15-580x921.jpg\" class=\"attachment-cmsmasters-project-masonry-thumb size-cmsmasters-project-masonry-thumb\" alt=\"\" srcset=\"https:\/\/muzeum.haus.pl\/wp-content\/uploads\/2023\/12\/miszung_06_15-580x921.jpg 580w, https:\/\/muzeum.haus.pl\/wp-content\/uploads\/2023\/12\/miszung_06_15-189x300.jpg 189w, https:\/\/muzeum.haus.pl\/wp-content\/uploads\/2023\/12\/miszung_06_15-645x1024.jpg 645w, https:\/\/muzeum.haus.pl\/wp-content\/uploads\/2023\/12\/miszung_06_15-768x1219.jpg 768w, https:\/\/muzeum.haus.pl\/wp-content\/uploads\/2023\/12\/miszung_06_15-968x1536.jpg 968w, https:\/\/muzeum.haus.pl\/wp-content\/uploads\/2023\/12\/miszung_06_15-1290x2048.jpg 1290w, https:\/\/muzeum.haus.pl\/wp-content\/uploads\/2023\/12\/miszung_06_15-860x1365.jpg 860w, https:\/\/muzeum.haus.pl\/wp-content\/uploads\/2023\/12\/miszung_06_15-1160x1841.jpg 1160w, https:\/\/muzeum.haus.pl\/wp-content\/uploads\/2023\/12\/miszung_06_15-1320x2095.jpg 1320w, https:\/\/muzeum.haus.pl\/wp-content\/uploads\/2023\/12\/miszung_06_15.jpg 1323w\" sizes=\"auto, (max-width: 580px) 100vw, 580px\" \/><\/a><figcaption>Eine Schwarz-Wei\u00df-Fotografie, die wahrscheinlich in den 1950er und 1960er Jahren aufgenommen wurde, zeigt Maria Skiba. Das Foto wurde auf dem Marktplatz in Wilcze Gardle (heute Jasminplatz) aufgenommen. Privatsammlung von Anna So\u015bniak.<\/figcaption><\/figure><\/li><li id=\"rzecz_18049\" class=\"cmsmasters_gallery_item cmsmasters_caption\"><figure><a href=\"https:\/\/muzeum.haus.pl\/wp-content\/uploads\/2023\/12\/miszung_06_16.jpg\" data-caption=\"Eine Schwarz-Wei\u00df-Fotografie, wahrscheinlich in den 1950\/60er Jahren aufgenommen, zeigt Maria und Ludwik Skiba (von rechts) mit ihren Begleitern. Das Foto wurde auf dem Marktplatz in Wilcze Gard\u0142o (heute Jasminplatz) aufgenommen. Privatsammlung von Anna So\u015bniak.\"><img loading=\"lazy\" decoding=\"async\" width=\"580\" height=\"375\" src=\"https:\/\/muzeum.haus.pl\/wp-content\/uploads\/2023\/12\/miszung_06_16-580x375.jpg\" class=\"attachment-cmsmasters-project-masonry-thumb size-cmsmasters-project-masonry-thumb\" alt=\"\" srcset=\"https:\/\/muzeum.haus.pl\/wp-content\/uploads\/2023\/12\/miszung_06_16-580x375.jpg 580w, https:\/\/muzeum.haus.pl\/wp-content\/uploads\/2023\/12\/miszung_06_16-300x194.jpg 300w, https:\/\/muzeum.haus.pl\/wp-content\/uploads\/2023\/12\/miszung_06_16-1024x661.jpg 1024w, https:\/\/muzeum.haus.pl\/wp-content\/uploads\/2023\/12\/miszung_06_16-768x496.jpg 768w, https:\/\/muzeum.haus.pl\/wp-content\/uploads\/2023\/12\/miszung_06_16-1536x992.jpg 1536w, https:\/\/muzeum.haus.pl\/wp-content\/uploads\/2023\/12\/miszung_06_16-2048x1322.jpg 2048w, https:\/\/muzeum.haus.pl\/wp-content\/uploads\/2023\/12\/miszung_06_16-860x555.jpg 860w, https:\/\/muzeum.haus.pl\/wp-content\/uploads\/2023\/12\/miszung_06_16-1160x749.jpg 1160w, https:\/\/muzeum.haus.pl\/wp-content\/uploads\/2023\/12\/miszung_06_16-1320x852.jpg 1320w\" sizes=\"auto, (max-width: 580px) 100vw, 580px\" \/><\/a><figcaption>Eine Schwarz-Wei\u00df-Fotografie, wahrscheinlich in den 1950\/60er Jahren aufgenommen, zeigt Maria und Ludwik Skiba (von rechts) mit ihren Begleitern. Das Foto wurde auf dem Marktplatz in Wilcze Gard\u0142o (heute Jasminplatz) aufgenommen. Privatsammlung von Anna So\u015bniak.<\/figcaption><\/figure><\/li><li id=\"rzecz_18051\" class=\"cmsmasters_gallery_item cmsmasters_caption\"><figure><a href=\"https:\/\/muzeum.haus.pl\/wp-content\/uploads\/2023\/12\/miszung_06_17.jpg\" data-caption=\"Das Schwarz-Wei\u00df-Foto, wahrscheinlich aus den 1950\/60er Jahren, zeigt einen Torwart, der im Stadion in Wilcze Grad\u0142o einen Ball f\u00e4ngt, w\u00e4hrend im Hintergrund Anwohner zuschauen. Auf dem letzten Plan ist links das Schulgeb\u00e4ude und rechts die Geb\u00e4ude in der Nelken-Stra\u00dfe zu sehen. Privatsammlung von Anna So\u015bniak.\"><img loading=\"lazy\" decoding=\"async\" width=\"580\" height=\"383\" src=\"https:\/\/muzeum.haus.pl\/wp-content\/uploads\/2023\/12\/miszung_06_17-580x383.jpg\" class=\"attachment-cmsmasters-project-masonry-thumb size-cmsmasters-project-masonry-thumb\" alt=\"\" srcset=\"https:\/\/muzeum.haus.pl\/wp-content\/uploads\/2023\/12\/miszung_06_17-580x383.jpg 580w, https:\/\/muzeum.haus.pl\/wp-content\/uploads\/2023\/12\/miszung_06_17-300x198.jpg 300w, https:\/\/muzeum.haus.pl\/wp-content\/uploads\/2023\/12\/miszung_06_17-1024x676.jpg 1024w, https:\/\/muzeum.haus.pl\/wp-content\/uploads\/2023\/12\/miszung_06_17-768x507.jpg 768w, https:\/\/muzeum.haus.pl\/wp-content\/uploads\/2023\/12\/miszung_06_17-1536x1014.jpg 1536w, https:\/\/muzeum.haus.pl\/wp-content\/uploads\/2023\/12\/miszung_06_17-2048x1353.jpg 2048w, https:\/\/muzeum.haus.pl\/wp-content\/uploads\/2023\/12\/miszung_06_17-860x568.jpg 860w, https:\/\/muzeum.haus.pl\/wp-content\/uploads\/2023\/12\/miszung_06_17-1160x766.jpg 1160w, https:\/\/muzeum.haus.pl\/wp-content\/uploads\/2023\/12\/miszung_06_17-1320x872.jpg 1320w\" sizes=\"auto, (max-width: 580px) 100vw, 580px\" \/><\/a><figcaption>Das Schwarz-Wei\u00df-Foto, wahrscheinlich aus den 1950\/60er Jahren, zeigt einen Torwart, der im Stadion in Wilcze Grad\u0142o einen Ball f\u00e4ngt, w\u00e4hrend im Hintergrund Anwohner zuschauen. Auf dem letzten Plan ist links das Schulgeb\u00e4ude und rechts die Geb\u00e4ude in der Nelken-Stra\u00dfe zu sehen. Privatsammlung von Anna So\u015bniak.<\/figcaption><\/figure><\/li><li id=\"rzecz_18053\" class=\"cmsmasters_gallery_item cmsmasters_caption\"><figure><a href=\"https:\/\/muzeum.haus.pl\/wp-content\/uploads\/2023\/12\/miszung_06_18.jpg\" data-caption=\"Eine Schwarz-Wei\u00df-Fotografie, die vermutlich in den 1950\/60er Jahren aufgenommen wurde, zeigt einen Torwart, der im Stadion in Wolfskehle einen Ball f\u00e4ngt, w\u00e4hrend im Hintergrund Anwohner zusehen. Der letzte Plan zeigt das Schulgeb\u00e4ude auf der linken Seite und die Geb\u00e4ude an der Go\u017adzikowa-Stra\u00dfe auf der rechten Seite. Privatsammlung von Anna So\u015bniak.\"><img loading=\"lazy\" decoding=\"async\" width=\"580\" height=\"384\" src=\"https:\/\/muzeum.haus.pl\/wp-content\/uploads\/2023\/12\/miszung_06_18-580x384.jpg\" class=\"attachment-cmsmasters-project-masonry-thumb size-cmsmasters-project-masonry-thumb\" alt=\"\" srcset=\"https:\/\/muzeum.haus.pl\/wp-content\/uploads\/2023\/12\/miszung_06_18-580x384.jpg 580w, https:\/\/muzeum.haus.pl\/wp-content\/uploads\/2023\/12\/miszung_06_18-300x199.jpg 300w, https:\/\/muzeum.haus.pl\/wp-content\/uploads\/2023\/12\/miszung_06_18-1024x678.jpg 1024w, https:\/\/muzeum.haus.pl\/wp-content\/uploads\/2023\/12\/miszung_06_18-768x509.jpg 768w, https:\/\/muzeum.haus.pl\/wp-content\/uploads\/2023\/12\/miszung_06_18-1536x1017.jpg 1536w, https:\/\/muzeum.haus.pl\/wp-content\/uploads\/2023\/12\/miszung_06_18-2048x1357.jpg 2048w, https:\/\/muzeum.haus.pl\/wp-content\/uploads\/2023\/12\/miszung_06_18-860x570.jpg 860w, https:\/\/muzeum.haus.pl\/wp-content\/uploads\/2023\/12\/miszung_06_18-1160x768.jpg 1160w, https:\/\/muzeum.haus.pl\/wp-content\/uploads\/2023\/12\/miszung_06_18-1320x874.jpg 1320w\" sizes=\"auto, (max-width: 580px) 100vw, 580px\" \/><\/a><figcaption>Eine Schwarz-Wei\u00df-Fotografie, die vermutlich in den 1950\/60er Jahren aufgenommen wurde, zeigt einen Torwart, der im Stadion in Wolfskehle einen Ball f\u00e4ngt, w\u00e4hrend im Hintergrund Anwohner zusehen. Der letzte Plan zeigt das Schulgeb\u00e4ude auf der linken Seite und die Geb\u00e4ude an der Go\u017adzikowa-Stra\u00dfe auf der rechten Seite. Privatsammlung von Anna So\u015bniak.<\/figcaption><\/figure><\/li><li id=\"rzecz_18055\" class=\"cmsmasters_gallery_item cmsmasters_caption\"><figure><a href=\"https:\/\/muzeum.haus.pl\/wp-content\/uploads\/2023\/12\/miszung_06_19.jpg\" data-caption=\"Eine Schwarz-Wei\u00df-Fotografie, wahrscheinlich in den 1950\/60er Jahren aufgenommen, zeigt Maria und Ludwik Skib (von links) sowie Alfreda und Edward Skib (von rechts). Das Foto wurde am Eingang des Stadions in Wilcze Gard\u0142o aufgenommen. Das Stadion war damals noch von einem Holzzaun umgeben. Privatsammlung von Anna So\u015bniak.\"><img loading=\"lazy\" decoding=\"async\" width=\"580\" height=\"383\" src=\"https:\/\/muzeum.haus.pl\/wp-content\/uploads\/2023\/12\/miszung_06_19-580x383.jpg\" class=\"attachment-cmsmasters-project-masonry-thumb size-cmsmasters-project-masonry-thumb\" alt=\"\" srcset=\"https:\/\/muzeum.haus.pl\/wp-content\/uploads\/2023\/12\/miszung_06_19-580x383.jpg 580w, https:\/\/muzeum.haus.pl\/wp-content\/uploads\/2023\/12\/miszung_06_19-300x198.jpg 300w, https:\/\/muzeum.haus.pl\/wp-content\/uploads\/2023\/12\/miszung_06_19-1024x676.jpg 1024w, https:\/\/muzeum.haus.pl\/wp-content\/uploads\/2023\/12\/miszung_06_19-768x507.jpg 768w, https:\/\/muzeum.haus.pl\/wp-content\/uploads\/2023\/12\/miszung_06_19-1536x1014.jpg 1536w, https:\/\/muzeum.haus.pl\/wp-content\/uploads\/2023\/12\/miszung_06_19-2048x1352.jpg 2048w, https:\/\/muzeum.haus.pl\/wp-content\/uploads\/2023\/12\/miszung_06_19-860x568.jpg 860w, https:\/\/muzeum.haus.pl\/wp-content\/uploads\/2023\/12\/miszung_06_19-1160x766.jpg 1160w, https:\/\/muzeum.haus.pl\/wp-content\/uploads\/2023\/12\/miszung_06_19-1320x871.jpg 1320w\" sizes=\"auto, (max-width: 580px) 100vw, 580px\" \/><\/a><figcaption>Eine Schwarz-Wei\u00df-Fotografie, wahrscheinlich in den 1950\/60er Jahren aufgenommen, zeigt Maria und Ludwik Skib (von links) sowie Alfreda und Edward Skib (von rechts). Das Foto wurde am Eingang des Stadions in Wilcze Gard\u0142o aufgenommen. Das Stadion war damals noch von einem Holzzaun umgeben. Privatsammlung von Anna So\u015bniak.<\/figcaption><\/figure><\/li><li id=\"rzecz_18057\" class=\"cmsmasters_gallery_item cmsmasters_caption\"><figure><a href=\"https:\/\/muzeum.haus.pl\/wp-content\/uploads\/2023\/12\/miszung_06_20.jpg\" data-caption=\"Eine Schwarz-Wei\u00df-Fotografie, vermutlich in den 1950er\/60er Jahren aufgenommen, zeigt Kinder, die einem Sportwettbewerb im Stadion in Wilcze Gard\u0142o beiwohnen; im Hintergrund ist der Zaun zu sehen, der das Stadion damals umgab. Privatsammlung von Anna So\u015bniak.\"><img loading=\"lazy\" decoding=\"async\" width=\"580\" height=\"388\" src=\"https:\/\/muzeum.haus.pl\/wp-content\/uploads\/2023\/12\/miszung_06_20-580x388.jpg\" class=\"attachment-cmsmasters-project-masonry-thumb size-cmsmasters-project-masonry-thumb\" alt=\"\" srcset=\"https:\/\/muzeum.haus.pl\/wp-content\/uploads\/2023\/12\/miszung_06_20-580x388.jpg 580w, https:\/\/muzeum.haus.pl\/wp-content\/uploads\/2023\/12\/miszung_06_20-300x201.jpg 300w, https:\/\/muzeum.haus.pl\/wp-content\/uploads\/2023\/12\/miszung_06_20-1024x685.jpg 1024w, https:\/\/muzeum.haus.pl\/wp-content\/uploads\/2023\/12\/miszung_06_20-768x513.jpg 768w, https:\/\/muzeum.haus.pl\/wp-content\/uploads\/2023\/12\/miszung_06_20-1536x1027.jpg 1536w, https:\/\/muzeum.haus.pl\/wp-content\/uploads\/2023\/12\/miszung_06_20-2048x1369.jpg 2048w, https:\/\/muzeum.haus.pl\/wp-content\/uploads\/2023\/12\/miszung_06_20-860x575.jpg 860w, https:\/\/muzeum.haus.pl\/wp-content\/uploads\/2023\/12\/miszung_06_20-1160x776.jpg 1160w, https:\/\/muzeum.haus.pl\/wp-content\/uploads\/2023\/12\/miszung_06_20-1320x883.jpg 1320w\" sizes=\"auto, (max-width: 580px) 100vw, 580px\" \/><\/a><figcaption>Eine Schwarz-Wei\u00df-Fotografie, vermutlich in den 1950er\/60er Jahren aufgenommen, zeigt Kinder, die einem Sportwettbewerb im Stadion in Wilcze Gard\u0142o beiwohnen; im Hintergrund ist der Zaun zu sehen, der das Stadion damals umgab. Privatsammlung von Anna So\u015bniak.<\/figcaption><\/figure><\/li><li id=\"rzecz_18059\" class=\"cmsmasters_gallery_item cmsmasters_caption\"><figure><a href=\"https:\/\/muzeum.haus.pl\/wp-content\/uploads\/2023\/12\/miszung_06_22.jpg\" data-caption=\"Eine Schwarz-Wei\u00df-Fotografie, wahrscheinlich in den 1950er\/60er Jahren aufgenommen, zeigt Kinder, die einem Sportwettbewerb im Stadion in Wilcze Gard\u0142o beiwohnen. Auf dem Foto springt ein Mann in der Ferne. Privatsammlung von Anna So\u015bniak.\"><img loading=\"lazy\" decoding=\"async\" width=\"580\" height=\"375\" src=\"https:\/\/muzeum.haus.pl\/wp-content\/uploads\/2023\/12\/miszung_06_22-580x375.jpg\" class=\"attachment-cmsmasters-project-masonry-thumb size-cmsmasters-project-masonry-thumb\" alt=\"\" srcset=\"https:\/\/muzeum.haus.pl\/wp-content\/uploads\/2023\/12\/miszung_06_22-580x375.jpg 580w, https:\/\/muzeum.haus.pl\/wp-content\/uploads\/2023\/12\/miszung_06_22-300x194.jpg 300w, https:\/\/muzeum.haus.pl\/wp-content\/uploads\/2023\/12\/miszung_06_22-1024x662.jpg 1024w, https:\/\/muzeum.haus.pl\/wp-content\/uploads\/2023\/12\/miszung_06_22-768x496.jpg 768w, https:\/\/muzeum.haus.pl\/wp-content\/uploads\/2023\/12\/miszung_06_22-1536x993.jpg 1536w, https:\/\/muzeum.haus.pl\/wp-content\/uploads\/2023\/12\/miszung_06_22-2048x1323.jpg 2048w, https:\/\/muzeum.haus.pl\/wp-content\/uploads\/2023\/12\/miszung_06_22-860x556.jpg 860w, https:\/\/muzeum.haus.pl\/wp-content\/uploads\/2023\/12\/miszung_06_22-1160x750.jpg 1160w, https:\/\/muzeum.haus.pl\/wp-content\/uploads\/2023\/12\/miszung_06_22-1320x853.jpg 1320w\" sizes=\"auto, (max-width: 580px) 100vw, 580px\" \/><\/a><figcaption>Eine Schwarz-Wei\u00df-Fotografie, wahrscheinlich in den 1950er\/60er Jahren aufgenommen, zeigt Kinder, die einem Sportwettbewerb im Stadion in Wilcze Gard\u0142o beiwohnen. Auf dem Foto springt ein Mann in der Ferne. Privatsammlung von Anna So\u015bniak.<\/figcaption><\/figure><\/li><li id=\"rzecz_18061\" class=\"cmsmasters_gallery_item cmsmasters_caption\"><figure><a href=\"https:\/\/muzeum.haus.pl\/wp-content\/uploads\/2023\/12\/miszung_06_23.jpg\" data-caption=\"Eine Schwarz-Wei\u00df-Fotografie, wahrscheinlich in den 1950\/60er Jahren aufgenommen, zeigt Anwohner, die einen Sportwettbewerb im Stadion in Wilcze Gard\u0142o beobachten. Auf dem Bild ist ein Mann mit einer Stange zu sehen, im Hintergrund stehen die H\u00e4user in der Go\u017adzikowa-Stra\u00dfe. Privatsammlung von Anna So\u015bniak.\"><img loading=\"lazy\" decoding=\"async\" width=\"580\" height=\"376\" src=\"https:\/\/muzeum.haus.pl\/wp-content\/uploads\/2023\/12\/miszung_06_23-580x376.jpg\" class=\"attachment-cmsmasters-project-masonry-thumb size-cmsmasters-project-masonry-thumb\" alt=\"\" srcset=\"https:\/\/muzeum.haus.pl\/wp-content\/uploads\/2023\/12\/miszung_06_23-580x376.jpg 580w, https:\/\/muzeum.haus.pl\/wp-content\/uploads\/2023\/12\/miszung_06_23-300x194.jpg 300w, https:\/\/muzeum.haus.pl\/wp-content\/uploads\/2023\/12\/miszung_06_23-1024x664.jpg 1024w, https:\/\/muzeum.haus.pl\/wp-content\/uploads\/2023\/12\/miszung_06_23-768x498.jpg 768w, https:\/\/muzeum.haus.pl\/wp-content\/uploads\/2023\/12\/miszung_06_23-1536x995.jpg 1536w, https:\/\/muzeum.haus.pl\/wp-content\/uploads\/2023\/12\/miszung_06_23-2048x1327.jpg 2048w, https:\/\/muzeum.haus.pl\/wp-content\/uploads\/2023\/12\/miszung_06_23-860x557.jpg 860w, https:\/\/muzeum.haus.pl\/wp-content\/uploads\/2023\/12\/miszung_06_23-1160x752.jpg 1160w, https:\/\/muzeum.haus.pl\/wp-content\/uploads\/2023\/12\/miszung_06_23-1320x855.jpg 1320w\" sizes=\"auto, (max-width: 580px) 100vw, 580px\" \/><\/a><figcaption>Eine Schwarz-Wei\u00df-Fotografie, wahrscheinlich in den 1950\/60er Jahren aufgenommen, zeigt Anwohner, die einen Sportwettbewerb im Stadion in Wilcze Gard\u0142o beobachten. Auf dem Bild ist ein Mann mit einer Stange zu sehen, im Hintergrund stehen die H\u00e4user in der Go\u017adzikowa-Stra\u00dfe. Privatsammlung von Anna So\u015bniak.<\/figcaption><\/figure><\/li><li id=\"rzecz_18063\" class=\"cmsmasters_gallery_item cmsmasters_caption\"><figure><a href=\"https:\/\/muzeum.haus.pl\/wp-content\/uploads\/2023\/12\/miszung_06_24.jpg\" data-caption=\"Eine Schwarz-Wei\u00df-Fotografie, wahrscheinlich in den 1950er\/60er Jahren aufgenommen, zeigt einen Mann, der im Stadion in Wolfskehle hochspringt, mit H\u00e4usern in der Go\u017adzikowa-Stra\u00dfe im Hintergrund. Privatsammlung von Anna So\u015bniak.\"><img loading=\"lazy\" decoding=\"async\" width=\"580\" height=\"374\" src=\"https:\/\/muzeum.haus.pl\/wp-content\/uploads\/2023\/12\/miszung_06_24-580x374.jpg\" class=\"attachment-cmsmasters-project-masonry-thumb size-cmsmasters-project-masonry-thumb\" alt=\"\" srcset=\"https:\/\/muzeum.haus.pl\/wp-content\/uploads\/2023\/12\/miszung_06_24-580x374.jpg 580w, https:\/\/muzeum.haus.pl\/wp-content\/uploads\/2023\/12\/miszung_06_24-300x193.jpg 300w, https:\/\/muzeum.haus.pl\/wp-content\/uploads\/2023\/12\/miszung_06_24-1024x660.jpg 1024w, https:\/\/muzeum.haus.pl\/wp-content\/uploads\/2023\/12\/miszung_06_24-768x495.jpg 768w, https:\/\/muzeum.haus.pl\/wp-content\/uploads\/2023\/12\/miszung_06_24-1536x990.jpg 1536w, https:\/\/muzeum.haus.pl\/wp-content\/uploads\/2023\/12\/miszung_06_24-2048x1320.jpg 2048w, https:\/\/muzeum.haus.pl\/wp-content\/uploads\/2023\/12\/miszung_06_24-860x554.jpg 860w, https:\/\/muzeum.haus.pl\/wp-content\/uploads\/2023\/12\/miszung_06_24-1160x748.jpg 1160w, https:\/\/muzeum.haus.pl\/wp-content\/uploads\/2023\/12\/miszung_06_24-1320x851.jpg 1320w\" sizes=\"auto, (max-width: 580px) 100vw, 580px\" \/><\/a><figcaption>Eine Schwarz-Wei\u00df-Fotografie, wahrscheinlich in den 1950er\/60er Jahren aufgenommen, zeigt einen Mann, der im Stadion in Wolfskehle hochspringt, mit H\u00e4usern in der Go\u017adzikowa-Stra\u00dfe im Hintergrund. Privatsammlung von Anna So\u015bniak.<\/figcaption><\/figure><\/li><li id=\"rzecz_18065\" class=\"cmsmasters_gallery_item cmsmasters_caption\"><figure><a href=\"https:\/\/muzeum.haus.pl\/wp-content\/uploads\/2023\/12\/miszung_06_25.jpg\" data-caption=\"Eine Schwarz-Wei\u00df-Fotografie, vermutlich in den 1950er\/60er Jahren aufgenommen, zeigt Anwohner, die einen Sportwettbewerb im Stadion in Wilcze Gard\u0142o beobachten, mit H\u00e4usern in der Go\u017adzikowa-Stra\u00dfe im Hintergrund. Privatsammlung von Anna So\u015bniak.\"><img loading=\"lazy\" decoding=\"async\" width=\"580\" height=\"378\" src=\"https:\/\/muzeum.haus.pl\/wp-content\/uploads\/2023\/12\/miszung_06_25-580x378.jpg\" class=\"attachment-cmsmasters-project-masonry-thumb size-cmsmasters-project-masonry-thumb\" alt=\"\" srcset=\"https:\/\/muzeum.haus.pl\/wp-content\/uploads\/2023\/12\/miszung_06_25-580x378.jpg 580w, https:\/\/muzeum.haus.pl\/wp-content\/uploads\/2023\/12\/miszung_06_25-300x195.jpg 300w, https:\/\/muzeum.haus.pl\/wp-content\/uploads\/2023\/12\/miszung_06_25-1024x667.jpg 1024w, https:\/\/muzeum.haus.pl\/wp-content\/uploads\/2023\/12\/miszung_06_25-768x500.jpg 768w, https:\/\/muzeum.haus.pl\/wp-content\/uploads\/2023\/12\/miszung_06_25-1536x1001.jpg 1536w, https:\/\/muzeum.haus.pl\/wp-content\/uploads\/2023\/12\/miszung_06_25-2048x1334.jpg 2048w, https:\/\/muzeum.haus.pl\/wp-content\/uploads\/2023\/12\/miszung_06_25-860x560.jpg 860w, https:\/\/muzeum.haus.pl\/wp-content\/uploads\/2023\/12\/miszung_06_25-1160x756.jpg 1160w, https:\/\/muzeum.haus.pl\/wp-content\/uploads\/2023\/12\/miszung_06_25-1320x860.jpg 1320w\" sizes=\"auto, (max-width: 580px) 100vw, 580px\" \/><\/a><figcaption>Eine Schwarz-Wei\u00df-Fotografie, vermutlich in den 1950er\/60er Jahren aufgenommen, zeigt Anwohner, die einen Sportwettbewerb im Stadion in Wilcze Gard\u0142o beobachten, mit H\u00e4usern in der Go\u017adzikowa-Stra\u00dfe im Hintergrund. Privatsammlung von Anna So\u015bniak.<\/figcaption><\/figure><\/li><li id=\"rzecz_18067\" class=\"cmsmasters_gallery_item cmsmasters_caption\"><figure><a href=\"https:\/\/muzeum.haus.pl\/wp-content\/uploads\/2023\/12\/miszung_06_26.jpg\" data-caption=\"Eine Schwarz-Wei\u00df-Fotografie, wahrscheinlich in den 1950er\/60er Jahren aufgenommen, zeigt Anwohner, die einen Sportwettbewerb im Stadion in Wilcze Gard\u0142o beobachten. Das Bild zeigt einen Mann, der in die Ferne springt, mit den Geb\u00e4uden der Go\u017adzikowa-Stra\u00dfe im Hintergrund. Privatsammlung von Anna So\u015bniak.\"><img loading=\"lazy\" decoding=\"async\" width=\"580\" height=\"382\" src=\"https:\/\/muzeum.haus.pl\/wp-content\/uploads\/2023\/12\/miszung_06_26-580x382.jpg\" class=\"attachment-cmsmasters-project-masonry-thumb size-cmsmasters-project-masonry-thumb\" alt=\"\" srcset=\"https:\/\/muzeum.haus.pl\/wp-content\/uploads\/2023\/12\/miszung_06_26-580x382.jpg 580w, https:\/\/muzeum.haus.pl\/wp-content\/uploads\/2023\/12\/miszung_06_26-300x198.jpg 300w, https:\/\/muzeum.haus.pl\/wp-content\/uploads\/2023\/12\/miszung_06_26-1024x675.jpg 1024w, https:\/\/muzeum.haus.pl\/wp-content\/uploads\/2023\/12\/miszung_06_26-768x506.jpg 768w, https:\/\/muzeum.haus.pl\/wp-content\/uploads\/2023\/12\/miszung_06_26-1536x1012.jpg 1536w, https:\/\/muzeum.haus.pl\/wp-content\/uploads\/2023\/12\/miszung_06_26-2048x1350.jpg 2048w, https:\/\/muzeum.haus.pl\/wp-content\/uploads\/2023\/12\/miszung_06_26-860x567.jpg 860w, https:\/\/muzeum.haus.pl\/wp-content\/uploads\/2023\/12\/miszung_06_26-1160x764.jpg 1160w, https:\/\/muzeum.haus.pl\/wp-content\/uploads\/2023\/12\/miszung_06_26-1320x870.jpg 1320w\" sizes=\"auto, (max-width: 580px) 100vw, 580px\" \/><\/a><figcaption>Eine Schwarz-Wei\u00df-Fotografie, wahrscheinlich in den 1950er\/60er Jahren aufgenommen, zeigt Anwohner, die einen Sportwettbewerb im Stadion in Wilcze Gard\u0142o beobachten. Das Bild zeigt einen Mann, der in die Ferne springt, mit den Geb\u00e4uden der Go\u017adzikowa-Stra\u00dfe im Hintergrund. Privatsammlung von Anna So\u015bniak.<\/figcaption><\/figure><\/li><\/ul><ul class=\"cmsmasters_hidden_gallery dn\"><li id=\"rzecz_18069\" class=\"cmsmasters_gallery_item cmsmasters_caption\"><figure><a href=\"https:\/\/muzeum.haus.pl\/wp-content\/uploads\/2023\/12\/miszung_06_27.jpg\" data-caption=\"Eine Schwarz-Wei\u00df-Fotografie, vermutlich in den 1950er\/60er Jahren aufgenommen, zeigt Anwohner, die einen Sportwettbewerb im Stadion in Wilcze Gard\u0142o verfolgen. Im Hintergrund sind die Geb\u00e4ude in der Lewkonia- und Orchideenstra\u00dfe sowie ein Teil des Schulgeb\u00e4udes zu sehen. Privatsammlung von Anna So\u015bniak.\"><img loading=\"lazy\" decoding=\"async\" width=\"580\" height=\"382\" src=\"https:\/\/muzeum.haus.pl\/wp-content\/uploads\/2023\/12\/miszung_06_27-580x382.jpg\" class=\"attachment-cmsmasters-project-masonry-thumb size-cmsmasters-project-masonry-thumb\" alt=\"\" srcset=\"https:\/\/muzeum.haus.pl\/wp-content\/uploads\/2023\/12\/miszung_06_27-580x382.jpg 580w, https:\/\/muzeum.haus.pl\/wp-content\/uploads\/2023\/12\/miszung_06_27-300x197.jpg 300w, https:\/\/muzeum.haus.pl\/wp-content\/uploads\/2023\/12\/miszung_06_27-1024x674.jpg 1024w, https:\/\/muzeum.haus.pl\/wp-content\/uploads\/2023\/12\/miszung_06_27-768x505.jpg 768w, https:\/\/muzeum.haus.pl\/wp-content\/uploads\/2023\/12\/miszung_06_27-1536x1011.jpg 1536w, https:\/\/muzeum.haus.pl\/wp-content\/uploads\/2023\/12\/miszung_06_27-2048x1348.jpg 2048w, https:\/\/muzeum.haus.pl\/wp-content\/uploads\/2023\/12\/miszung_06_27-860x566.jpg 860w, https:\/\/muzeum.haus.pl\/wp-content\/uploads\/2023\/12\/miszung_06_27-1160x763.jpg 1160w, https:\/\/muzeum.haus.pl\/wp-content\/uploads\/2023\/12\/miszung_06_27-1320x869.jpg 1320w\" sizes=\"auto, (max-width: 580px) 100vw, 580px\" \/><\/a><figcaption>Eine Schwarz-Wei\u00df-Fotografie, vermutlich in den 1950er\/60er Jahren aufgenommen, zeigt Anwohner, die einen Sportwettbewerb im Stadion in Wilcze Gard\u0142o verfolgen. Im Hintergrund sind die Geb\u00e4ude in der Lewkonia- und Orchideenstra\u00dfe sowie ein Teil des Schulgeb\u00e4udes zu sehen. Privatsammlung von Anna So\u015bniak.<\/figcaption><\/figure><\/li><li id=\"rzecz_18071\" class=\"cmsmasters_gallery_item cmsmasters_caption\"><figure><a href=\"https:\/\/muzeum.haus.pl\/wp-content\/uploads\/2023\/12\/miszung_06_28.jpg\" data-caption=\"Eine Farbfotografie, vermutlich in den 1970er Jahren aufgenommen, zeigt Edward Skiba mit seinem Sohn Tadeusz bei der Arbeit auf dem Feld (vermutlich beim Graben). Privatsammlung von Anna So\u015bniak.\"><img loading=\"lazy\" decoding=\"async\" width=\"580\" height=\"384\" src=\"https:\/\/muzeum.haus.pl\/wp-content\/uploads\/2023\/12\/miszung_06_28-580x384.jpg\" class=\"attachment-cmsmasters-project-masonry-thumb size-cmsmasters-project-masonry-thumb\" alt=\"\" srcset=\"https:\/\/muzeum.haus.pl\/wp-content\/uploads\/2023\/12\/miszung_06_28-580x384.jpg 580w, https:\/\/muzeum.haus.pl\/wp-content\/uploads\/2023\/12\/miszung_06_28-300x199.jpg 300w, https:\/\/muzeum.haus.pl\/wp-content\/uploads\/2023\/12\/miszung_06_28-1024x678.jpg 1024w, https:\/\/muzeum.haus.pl\/wp-content\/uploads\/2023\/12\/miszung_06_28-768x509.jpg 768w, https:\/\/muzeum.haus.pl\/wp-content\/uploads\/2023\/12\/miszung_06_28-1536x1017.jpg 1536w, https:\/\/muzeum.haus.pl\/wp-content\/uploads\/2023\/12\/miszung_06_28-2048x1357.jpg 2048w, https:\/\/muzeum.haus.pl\/wp-content\/uploads\/2023\/12\/miszung_06_28-860x570.jpg 860w, https:\/\/muzeum.haus.pl\/wp-content\/uploads\/2023\/12\/miszung_06_28-1160x768.jpg 1160w, https:\/\/muzeum.haus.pl\/wp-content\/uploads\/2023\/12\/miszung_06_28-1320x874.jpg 1320w\" sizes=\"auto, (max-width: 580px) 100vw, 580px\" \/><\/a><figcaption>Eine Farbfotografie, vermutlich in den 1970er Jahren aufgenommen, zeigt Edward Skiba mit seinem Sohn Tadeusz bei der Arbeit auf dem Feld (vermutlich beim Graben). Privatsammlung von Anna So\u015bniak.<\/figcaption><\/figure><\/li><li id=\"rzecz_18073\" class=\"cmsmasters_gallery_item cmsmasters_caption\"><figure><a href=\"https:\/\/muzeum.haus.pl\/wp-content\/uploads\/2023\/12\/miszung_06_29.jpg\" data-caption=\"Eine Sammlung von gew\u00f6hnlichen Gedichten. Der Autor ist Stefan Dziurda, geboren am 10.02.1904 in der Woiwodschaft Lublin; er verbrachte zwei Jahre mit seinen Eltern in Brasilien. Im Jahr 1930 ging er zum Arbeiten nach Frankreich, kehrte nach dem Krieg 1946 nach Polen zur\u00fcck und lie\u00df sich in Oberschlesien in Wilcze Gard\u0142o nieder. Er arbeitete bis 1961 im Bergwerk So\u015bnica. Privatarchiv von Izabela Rataj.\"><img loading=\"lazy\" decoding=\"async\" width=\"580\" height=\"410\" src=\"https:\/\/muzeum.haus.pl\/wp-content\/uploads\/2023\/12\/miszung_06_29-580x410.jpg\" class=\"attachment-cmsmasters-project-masonry-thumb size-cmsmasters-project-masonry-thumb\" alt=\"\" srcset=\"https:\/\/muzeum.haus.pl\/wp-content\/uploads\/2023\/12\/miszung_06_29-580x410.jpg 580w, https:\/\/muzeum.haus.pl\/wp-content\/uploads\/2023\/12\/miszung_06_29-300x212.jpg 300w, https:\/\/muzeum.haus.pl\/wp-content\/uploads\/2023\/12\/miszung_06_29-1024x724.jpg 1024w, https:\/\/muzeum.haus.pl\/wp-content\/uploads\/2023\/12\/miszung_06_29-768x543.jpg 768w, https:\/\/muzeum.haus.pl\/wp-content\/uploads\/2023\/12\/miszung_06_29-1536x1086.jpg 1536w, https:\/\/muzeum.haus.pl\/wp-content\/uploads\/2023\/12\/miszung_06_29-2048x1448.jpg 2048w, https:\/\/muzeum.haus.pl\/wp-content\/uploads\/2023\/12\/miszung_06_29-860x608.jpg 860w, https:\/\/muzeum.haus.pl\/wp-content\/uploads\/2023\/12\/miszung_06_29-1160x820.jpg 1160w, https:\/\/muzeum.haus.pl\/wp-content\/uploads\/2023\/12\/miszung_06_29-1320x933.jpg 1320w\" sizes=\"auto, (max-width: 580px) 100vw, 580px\" \/><\/a><figcaption>Eine Sammlung von gew\u00f6hnlichen Gedichten. Der Autor ist Stefan Dziurda, geboren am 10.02.1904 in der Woiwodschaft Lublin; er verbrachte zwei Jahre mit seinen Eltern in Brasilien. Im Jahr 1930 ging er zum Arbeiten nach Frankreich, kehrte nach dem Krieg 1946 nach Polen zur\u00fcck und lie\u00df sich in Oberschlesien in Wilcze Gard\u0142o nieder. Er arbeitete bis 1961 im Bergwerk So\u015bnica. Privatarchiv von Izabela Rataj.<\/figcaption><\/figure><\/li><li id=\"rzecz_18075\" class=\"cmsmasters_gallery_item cmsmasters_caption\"><figure><a href=\"https:\/\/muzeum.haus.pl\/wp-content\/uploads\/2023\/12\/miszung_06_30.jpg\" data-caption=\"Zbi\u00f3r wierszy zwyk\u0142ych. Autorem jest Stefan Dziurda ur. 10.02.1904 r. w woj. Lubelskim, wraz z rodzicami przebywa\u0142 dwa lata w Brazylii. W 1930 roku wyjecha\u0142 do Francji za prac\u0105, nast\u0119pnie po wojnie 1946 roku wr\u00f3ci\u0142 do Polski i osiedli\u0142 si\u0119 na G\u00f3rnym \u015al\u0105sku w Wilczym Gardle. Do 1961 roku pracowa\u0142 w kopalni So\u015bnica. Archiwum prywatne Izabeli Rataj.\"><img loading=\"lazy\" decoding=\"async\" width=\"580\" height=\"410\" src=\"https:\/\/muzeum.haus.pl\/wp-content\/uploads\/2023\/12\/miszung_06_30-580x410.jpg\" class=\"attachment-cmsmasters-project-masonry-thumb size-cmsmasters-project-masonry-thumb\" alt=\"\" srcset=\"https:\/\/muzeum.haus.pl\/wp-content\/uploads\/2023\/12\/miszung_06_30-580x410.jpg 580w, https:\/\/muzeum.haus.pl\/wp-content\/uploads\/2023\/12\/miszung_06_30-300x212.jpg 300w, https:\/\/muzeum.haus.pl\/wp-content\/uploads\/2023\/12\/miszung_06_30-1024x724.jpg 1024w, https:\/\/muzeum.haus.pl\/wp-content\/uploads\/2023\/12\/miszung_06_30-768x543.jpg 768w, https:\/\/muzeum.haus.pl\/wp-content\/uploads\/2023\/12\/miszung_06_30-1536x1086.jpg 1536w, https:\/\/muzeum.haus.pl\/wp-content\/uploads\/2023\/12\/miszung_06_30-2048x1448.jpg 2048w, https:\/\/muzeum.haus.pl\/wp-content\/uploads\/2023\/12\/miszung_06_30-860x608.jpg 860w, https:\/\/muzeum.haus.pl\/wp-content\/uploads\/2023\/12\/miszung_06_30-1160x820.jpg 1160w, https:\/\/muzeum.haus.pl\/wp-content\/uploads\/2023\/12\/miszung_06_30-1320x933.jpg 1320w\" sizes=\"auto, (max-width: 580px) 100vw, 580px\" \/><\/a><figcaption>Zbi\u00f3r wierszy zwyk\u0142ych. Autorem jest Stefan Dziurda ur. 10.02.1904 r. w woj. Lubelskim, wraz z rodzicami przebywa\u0142 dwa lata w Brazylii. W 1930 roku wyjecha\u0142 do Francji za prac\u0105, nast\u0119pnie po wojnie 1946 roku wr\u00f3ci\u0142 do Polski i osiedli\u0142 si\u0119 na G\u00f3rnym \u015al\u0105sku w Wilczym Gardle. Do 1961 roku pracowa\u0142 w kopalni So\u015bnica. Archiwum prywatne Izabeli Rataj.<\/figcaption><\/figure><\/li><li id=\"rzecz_18077\" class=\"cmsmasters_gallery_item cmsmasters_caption\"><figure><a href=\"https:\/\/muzeum.haus.pl\/wp-content\/uploads\/2023\/12\/miszung_06_31.jpg\" data-caption=\"Eine Sammlung von gew\u00f6hnlichen Gedichten. Der Autor ist Stefan Dziurda, geboren am 10.02.1904 in der Woiwodschaft Lublin; er verbrachte zwei Jahre mit seinen Eltern in Brasilien. Im Jahr 1930 ging er zum Arbeiten nach Frankreich, kehrte nach dem Krieg 1946 nach Polen zur\u00fcck und lie\u00df sich in Oberschlesien in Wilcze Gard\u0142o nieder. Er arbeitete bis 1961 im Bergwerk So\u015bnica. Privatarchiv von Izabela Rataj.\"><img loading=\"lazy\" decoding=\"async\" width=\"580\" height=\"410\" src=\"https:\/\/muzeum.haus.pl\/wp-content\/uploads\/2023\/12\/miszung_06_31-580x410.jpg\" class=\"attachment-cmsmasters-project-masonry-thumb size-cmsmasters-project-masonry-thumb\" alt=\"\" srcset=\"https:\/\/muzeum.haus.pl\/wp-content\/uploads\/2023\/12\/miszung_06_31-580x410.jpg 580w, https:\/\/muzeum.haus.pl\/wp-content\/uploads\/2023\/12\/miszung_06_31-300x212.jpg 300w, https:\/\/muzeum.haus.pl\/wp-content\/uploads\/2023\/12\/miszung_06_31-1024x724.jpg 1024w, https:\/\/muzeum.haus.pl\/wp-content\/uploads\/2023\/12\/miszung_06_31-768x543.jpg 768w, https:\/\/muzeum.haus.pl\/wp-content\/uploads\/2023\/12\/miszung_06_31-1536x1086.jpg 1536w, https:\/\/muzeum.haus.pl\/wp-content\/uploads\/2023\/12\/miszung_06_31-2048x1448.jpg 2048w, https:\/\/muzeum.haus.pl\/wp-content\/uploads\/2023\/12\/miszung_06_31-860x608.jpg 860w, https:\/\/muzeum.haus.pl\/wp-content\/uploads\/2023\/12\/miszung_06_31-1160x820.jpg 1160w, https:\/\/muzeum.haus.pl\/wp-content\/uploads\/2023\/12\/miszung_06_31-1320x933.jpg 1320w\" sizes=\"auto, (max-width: 580px) 100vw, 580px\" \/><\/a><figcaption>Eine Sammlung von gew\u00f6hnlichen Gedichten. Der Autor ist Stefan Dziurda, geboren am 10.02.1904 in der Woiwodschaft Lublin; er verbrachte zwei Jahre mit seinen Eltern in Brasilien. Im Jahr 1930 ging er zum Arbeiten nach Frankreich, kehrte nach dem Krieg 1946 nach Polen zur\u00fcck und lie\u00df sich in Oberschlesien in Wilcze Gard\u0142o nieder. Er arbeitete bis 1961 im Bergwerk So\u015bnica. Privatarchiv von Izabela Rataj.<\/figcaption><\/figure><\/li><li id=\"rzecz_18079\" class=\"cmsmasters_gallery_item cmsmasters_caption\"><figure><a href=\"https:\/\/muzeum.haus.pl\/wp-content\/uploads\/2023\/12\/miszung_06_32.jpg\" data-caption=\"Eine Sammlung von gew\u00f6hnlichen Gedichten. Der Autor ist Stefan Dziurda, geboren am 10.02.1904 in der Woiwodschaft Lublin; er verbrachte zwei Jahre mit seinen Eltern in Brasilien. Im Jahr 1930 ging er zum Arbeiten nach Frankreich, kehrte nach dem Krieg 1946 nach Polen zur\u00fcck und lie\u00df sich in Oberschlesien in Wilcze Gard\u0142o nieder. Er arbeitete bis 1961 im Bergwerk So\u015bnica. Privatarchiv von Izabela Rataj.\"><img loading=\"lazy\" decoding=\"async\" width=\"580\" height=\"410\" src=\"https:\/\/muzeum.haus.pl\/wp-content\/uploads\/2023\/12\/miszung_06_32-580x410.jpg\" class=\"attachment-cmsmasters-project-masonry-thumb size-cmsmasters-project-masonry-thumb\" alt=\"\" srcset=\"https:\/\/muzeum.haus.pl\/wp-content\/uploads\/2023\/12\/miszung_06_32-580x410.jpg 580w, https:\/\/muzeum.haus.pl\/wp-content\/uploads\/2023\/12\/miszung_06_32-300x212.jpg 300w, https:\/\/muzeum.haus.pl\/wp-content\/uploads\/2023\/12\/miszung_06_32-1024x724.jpg 1024w, https:\/\/muzeum.haus.pl\/wp-content\/uploads\/2023\/12\/miszung_06_32-768x543.jpg 768w, https:\/\/muzeum.haus.pl\/wp-content\/uploads\/2023\/12\/miszung_06_32-1536x1086.jpg 1536w, https:\/\/muzeum.haus.pl\/wp-content\/uploads\/2023\/12\/miszung_06_32-2048x1448.jpg 2048w, https:\/\/muzeum.haus.pl\/wp-content\/uploads\/2023\/12\/miszung_06_32-860x608.jpg 860w, https:\/\/muzeum.haus.pl\/wp-content\/uploads\/2023\/12\/miszung_06_32-1160x820.jpg 1160w, https:\/\/muzeum.haus.pl\/wp-content\/uploads\/2023\/12\/miszung_06_32-1320x933.jpg 1320w\" sizes=\"auto, (max-width: 580px) 100vw, 580px\" \/><\/a><figcaption>Eine Sammlung von gew\u00f6hnlichen Gedichten. Der Autor ist Stefan Dziurda, geboren am 10.02.1904 in der Woiwodschaft Lublin; er verbrachte zwei Jahre mit seinen Eltern in Brasilien. Im Jahr 1930 ging er zum Arbeiten nach Frankreich, kehrte nach dem Krieg 1946 nach Polen zur\u00fcck und lie\u00df sich in Oberschlesien in Wilcze Gard\u0142o nieder. Er arbeitete bis 1961 im Bergwerk So\u015bnica. Privatarchiv von Izabela Rataj.<\/figcaption><\/figure><\/li><li id=\"rzecz_18081\" class=\"cmsmasters_gallery_item cmsmasters_caption\"><figure><a href=\"https:\/\/muzeum.haus.pl\/wp-content\/uploads\/2023\/12\/miszung_06_33.jpg\" data-caption=\"Eine Sammlung von gew\u00f6hnlichen Gedichten. Der Autor ist Stefan Dziurda, geboren am 10.02.1904 in der Woiwodschaft Lublin; er verbrachte zwei Jahre mit seinen Eltern in Brasilien. Im Jahr 1930 ging er zum Arbeiten nach Frankreich, kehrte nach dem Krieg 1946 nach Polen zur\u00fcck und lie\u00df sich in Oberschlesien in Wilcze Gard\u0142o nieder. Er arbeitete bis 1961 im Bergwerk So\u015bnica. Privatarchiv von Izabela Rataj.\"><img loading=\"lazy\" decoding=\"async\" width=\"580\" height=\"410\" src=\"https:\/\/muzeum.haus.pl\/wp-content\/uploads\/2023\/12\/miszung_06_33-580x410.jpg\" class=\"attachment-cmsmasters-project-masonry-thumb size-cmsmasters-project-masonry-thumb\" alt=\"\" srcset=\"https:\/\/muzeum.haus.pl\/wp-content\/uploads\/2023\/12\/miszung_06_33-580x410.jpg 580w, https:\/\/muzeum.haus.pl\/wp-content\/uploads\/2023\/12\/miszung_06_33-300x212.jpg 300w, https:\/\/muzeum.haus.pl\/wp-content\/uploads\/2023\/12\/miszung_06_33-1024x724.jpg 1024w, https:\/\/muzeum.haus.pl\/wp-content\/uploads\/2023\/12\/miszung_06_33-768x543.jpg 768w, https:\/\/muzeum.haus.pl\/wp-content\/uploads\/2023\/12\/miszung_06_33-1536x1086.jpg 1536w, https:\/\/muzeum.haus.pl\/wp-content\/uploads\/2023\/12\/miszung_06_33-2048x1448.jpg 2048w, https:\/\/muzeum.haus.pl\/wp-content\/uploads\/2023\/12\/miszung_06_33-860x608.jpg 860w, https:\/\/muzeum.haus.pl\/wp-content\/uploads\/2023\/12\/miszung_06_33-1160x820.jpg 1160w, https:\/\/muzeum.haus.pl\/wp-content\/uploads\/2023\/12\/miszung_06_33-1320x933.jpg 1320w\" sizes=\"auto, (max-width: 580px) 100vw, 580px\" \/><\/a><figcaption>Eine Sammlung von gew\u00f6hnlichen Gedichten. Der Autor ist Stefan Dziurda, geboren am 10.02.1904 in der Woiwodschaft Lublin; er verbrachte zwei Jahre mit seinen Eltern in Brasilien. Im Jahr 1930 ging er zum Arbeiten nach Frankreich, kehrte nach dem Krieg 1946 nach Polen zur\u00fcck und lie\u00df sich in Oberschlesien in Wilcze Gard\u0142o nieder. Er arbeitete bis 1961 im Bergwerk So\u015bnica. Privatarchiv von Izabela Rataj.<\/figcaption><\/figure><\/li><li id=\"rzecz_18083\" class=\"cmsmasters_gallery_item cmsmasters_caption\"><figure><a href=\"https:\/\/muzeum.haus.pl\/wp-content\/uploads\/2023\/12\/miszung_06_34.jpg\" data-caption=\"Eine Sammlung von gew\u00f6hnlichen Gedichten. Der Autor ist Stefan Dziurda, geboren am 10.02.1904 in der Woiwodschaft Lublin; er verbrachte zwei Jahre mit seinen Eltern in Brasilien. Im Jahr 1930 ging er zum Arbeiten nach Frankreich, kehrte nach dem Krieg 1946 nach Polen zur\u00fcck und lie\u00df sich in Oberschlesien in Wilcze Gard\u0142o nieder. Er arbeitete bis 1961 im Bergwerk So\u015bnica. Privatarchiv von Izabela Rataj.\"><img loading=\"lazy\" decoding=\"async\" width=\"580\" height=\"410\" src=\"https:\/\/muzeum.haus.pl\/wp-content\/uploads\/2023\/12\/miszung_06_34-580x410.jpg\" class=\"attachment-cmsmasters-project-masonry-thumb size-cmsmasters-project-masonry-thumb\" alt=\"\" srcset=\"https:\/\/muzeum.haus.pl\/wp-content\/uploads\/2023\/12\/miszung_06_34-580x410.jpg 580w, https:\/\/muzeum.haus.pl\/wp-content\/uploads\/2023\/12\/miszung_06_34-300x212.jpg 300w, https:\/\/muzeum.haus.pl\/wp-content\/uploads\/2023\/12\/miszung_06_34-1024x724.jpg 1024w, https:\/\/muzeum.haus.pl\/wp-content\/uploads\/2023\/12\/miszung_06_34-768x543.jpg 768w, https:\/\/muzeum.haus.pl\/wp-content\/uploads\/2023\/12\/miszung_06_34-1536x1086.jpg 1536w, https:\/\/muzeum.haus.pl\/wp-content\/uploads\/2023\/12\/miszung_06_34-2048x1448.jpg 2048w, https:\/\/muzeum.haus.pl\/wp-content\/uploads\/2023\/12\/miszung_06_34-860x608.jpg 860w, https:\/\/muzeum.haus.pl\/wp-content\/uploads\/2023\/12\/miszung_06_34-1160x820.jpg 1160w, https:\/\/muzeum.haus.pl\/wp-content\/uploads\/2023\/12\/miszung_06_34-1320x933.jpg 1320w\" sizes=\"auto, (max-width: 580px) 100vw, 580px\" \/><\/a><figcaption>Eine Sammlung von gew\u00f6hnlichen Gedichten. Der Autor ist Stefan Dziurda, geboren am 10.02.1904 in der Woiwodschaft Lublin; er verbrachte zwei Jahre mit seinen Eltern in Brasilien. Im Jahr 1930 ging er zum Arbeiten nach Frankreich, kehrte nach dem Krieg 1946 nach Polen zur\u00fcck und lie\u00df sich in Oberschlesien in Wilcze Gard\u0142o nieder. Er arbeitete bis 1961 im Bergwerk So\u015bnica. Privatarchiv von Izabela Rataj.<\/figcaption><\/figure><\/li><li id=\"rzecz_18085\" class=\"cmsmasters_gallery_item cmsmasters_caption\"><figure><a href=\"https:\/\/muzeum.haus.pl\/wp-content\/uploads\/2023\/12\/miszung_06_35.jpg\" data-caption=\"Eine Sammlung von gew\u00f6hnlichen Gedichten. Der Autor ist Stefan Dziurda, geboren am 10.02.1904 in der Woiwodschaft Lublin; er verbrachte zwei Jahre mit seinen Eltern in Brasilien. Im Jahr 1930 ging er zum Arbeiten nach Frankreich, kehrte nach dem Krieg 1946 nach Polen zur\u00fcck und lie\u00df sich in Oberschlesien in Wilcze Gard\u0142o nieder. Er arbeitete bis 1961 im Bergwerk So\u015bnica. Privatarchiv von Izabela Rataj.\"><img loading=\"lazy\" decoding=\"async\" width=\"580\" height=\"410\" src=\"https:\/\/muzeum.haus.pl\/wp-content\/uploads\/2023\/12\/miszung_06_35-580x410.jpg\" class=\"attachment-cmsmasters-project-masonry-thumb size-cmsmasters-project-masonry-thumb\" alt=\"\" srcset=\"https:\/\/muzeum.haus.pl\/wp-content\/uploads\/2023\/12\/miszung_06_35-580x410.jpg 580w, https:\/\/muzeum.haus.pl\/wp-content\/uploads\/2023\/12\/miszung_06_35-300x212.jpg 300w, https:\/\/muzeum.haus.pl\/wp-content\/uploads\/2023\/12\/miszung_06_35-1024x724.jpg 1024w, https:\/\/muzeum.haus.pl\/wp-content\/uploads\/2023\/12\/miszung_06_35-768x543.jpg 768w, https:\/\/muzeum.haus.pl\/wp-content\/uploads\/2023\/12\/miszung_06_35-1536x1086.jpg 1536w, https:\/\/muzeum.haus.pl\/wp-content\/uploads\/2023\/12\/miszung_06_35-2048x1448.jpg 2048w, https:\/\/muzeum.haus.pl\/wp-content\/uploads\/2023\/12\/miszung_06_35-860x608.jpg 860w, https:\/\/muzeum.haus.pl\/wp-content\/uploads\/2023\/12\/miszung_06_35-1160x820.jpg 1160w, https:\/\/muzeum.haus.pl\/wp-content\/uploads\/2023\/12\/miszung_06_35-1320x933.jpg 1320w\" sizes=\"auto, (max-width: 580px) 100vw, 580px\" \/><\/a><figcaption>Eine Sammlung von gew\u00f6hnlichen Gedichten. Der Autor ist Stefan Dziurda, geboren am 10.02.1904 in der Woiwodschaft Lublin; er verbrachte zwei Jahre mit seinen Eltern in Brasilien. Im Jahr 1930 ging er zum Arbeiten nach Frankreich, kehrte nach dem Krieg 1946 nach Polen zur\u00fcck und lie\u00df sich in Oberschlesien in Wilcze Gard\u0142o nieder. Er arbeitete bis 1961 im Bergwerk So\u015bnica. Privatarchiv von Izabela Rataj.<\/figcaption><\/figure><\/li><li id=\"rzecz_18087\" class=\"cmsmasters_gallery_item cmsmasters_caption\"><figure><a href=\"https:\/\/muzeum.haus.pl\/wp-content\/uploads\/2023\/12\/miszung_06_36.jpg\" data-caption=\"Ein Farbfoto, wahrscheinlich in den 1970er Jahren aufgenommen, zeigt die Fu\u00dfballmannschaft von Wilcze Gard\u0142o. Das Foto wurde im Stadion von Wilcze Gard\u0142o aufgenommen, mit den Geb\u00e4uden an der Go\u017adzikowa-Stra\u00dfe im Hintergrund. Privatsammlung von Anna So\u015bniak.\"><img loading=\"lazy\" decoding=\"async\" width=\"580\" height=\"384\" src=\"https:\/\/muzeum.haus.pl\/wp-content\/uploads\/2023\/12\/miszung_06_36-580x384.jpg\" class=\"attachment-cmsmasters-project-masonry-thumb size-cmsmasters-project-masonry-thumb\" alt=\"\" srcset=\"https:\/\/muzeum.haus.pl\/wp-content\/uploads\/2023\/12\/miszung_06_36-580x384.jpg 580w, https:\/\/muzeum.haus.pl\/wp-content\/uploads\/2023\/12\/miszung_06_36-300x199.jpg 300w, https:\/\/muzeum.haus.pl\/wp-content\/uploads\/2023\/12\/miszung_06_36-1024x679.jpg 1024w, https:\/\/muzeum.haus.pl\/wp-content\/uploads\/2023\/12\/miszung_06_36-768x509.jpg 768w, https:\/\/muzeum.haus.pl\/wp-content\/uploads\/2023\/12\/miszung_06_36-860x570.jpg 860w, https:\/\/muzeum.haus.pl\/wp-content\/uploads\/2023\/12\/miszung_06_36-1160x769.jpg 1160w, https:\/\/muzeum.haus.pl\/wp-content\/uploads\/2023\/12\/miszung_06_36-1320x875.jpg 1320w, https:\/\/muzeum.haus.pl\/wp-content\/uploads\/2023\/12\/miszung_06_36.jpg 1512w\" sizes=\"auto, (max-width: 580px) 100vw, 580px\" \/><\/a><figcaption>Ein Farbfoto, wahrscheinlich in den 1970er Jahren aufgenommen, zeigt die Fu\u00dfballmannschaft von Wilcze Gard\u0142o. Das Foto wurde im Stadion von Wilcze Gard\u0142o aufgenommen, mit den Geb\u00e4uden an der Go\u017adzikowa-Stra\u00dfe im Hintergrund. Privatsammlung von Anna So\u015bniak.<\/figcaption><\/figure><\/li><li id=\"rzecz_18089\" class=\"cmsmasters_gallery_item cmsmasters_caption\"><figure><a href=\"https:\/\/muzeum.haus.pl\/wp-content\/uploads\/2023\/12\/miszung_06_37.jpg\" data-caption=\"Schwarz-Wei\u00df-Foto von Tadeusz Wasieczko (geb. 27.03.1933 in Frankreich - Stiring-Wendel, - gest. 10.03.1996) Herr Tadeusz kam im Januar 1949 zusammen mit seinen Eltern nach Polen. In Polen arbeitete er bei POCh, einem Industrieunternehmen, das Chemikalien f\u00fcr verschiedene Wirtschaftszweige lieferte. Privatarchiv von Izabela Rataj.\"><img loading=\"lazy\" decoding=\"async\" width=\"580\" height=\"906\" src=\"https:\/\/muzeum.haus.pl\/wp-content\/uploads\/2023\/12\/miszung_06_37-580x906.jpg\" class=\"attachment-cmsmasters-project-masonry-thumb size-cmsmasters-project-masonry-thumb\" alt=\"\" srcset=\"https:\/\/muzeum.haus.pl\/wp-content\/uploads\/2023\/12\/miszung_06_37-580x906.jpg 580w, https:\/\/muzeum.haus.pl\/wp-content\/uploads\/2023\/12\/miszung_06_37-192x300.jpg 192w, https:\/\/muzeum.haus.pl\/wp-content\/uploads\/2023\/12\/miszung_06_37-656x1024.jpg 656w, https:\/\/muzeum.haus.pl\/wp-content\/uploads\/2023\/12\/miszung_06_37-768x1199.jpg 768w, https:\/\/muzeum.haus.pl\/wp-content\/uploads\/2023\/12\/miszung_06_37-860x1343.jpg 860w, https:\/\/muzeum.haus.pl\/wp-content\/uploads\/2023\/12\/miszung_06_37.jpg 906w\" sizes=\"auto, (max-width: 580px) 100vw, 580px\" \/><\/a><figcaption>Schwarz-Wei\u00df-Foto von Tadeusz Wasieczko (geb. 27.03.1933 in Frankreich - Stiring-Wendel, - gest. 10.03.1996) Herr Tadeusz kam im Januar 1949 zusammen mit seinen Eltern nach Polen. In Polen arbeitete er bei POCh, einem Industrieunternehmen, das Chemikalien f\u00fcr verschiedene Wirtschaftszweige lieferte. Privatarchiv von Izabela Rataj.<\/figcaption><\/figure><\/li><li id=\"rzecz_18091\" class=\"cmsmasters_gallery_item cmsmasters_caption\"><figure><a href=\"https:\/\/muzeum.haus.pl\/wp-content\/uploads\/2023\/12\/miszung_06_38.jpg\" data-caption=\"schwarz-wei\u00df Fotografie, zeigt Edward Wasieczko (geboren am 06.10.1945 in Frankreich in Stiring-Wendel - gestorben am 04.04.2017). Mit seinen Eltern kam er im Januar 1949 nach Polen. In Polen arbeitete er im Kohlebergwerk Gliwice. Privatarchiv von Izabela Rataj.\"><img loading=\"lazy\" decoding=\"async\" width=\"580\" height=\"812\" src=\"https:\/\/muzeum.haus.pl\/wp-content\/uploads\/2023\/12\/miszung_06_38-580x812.jpg\" class=\"attachment-cmsmasters-project-masonry-thumb size-cmsmasters-project-masonry-thumb\" alt=\"\" srcset=\"https:\/\/muzeum.haus.pl\/wp-content\/uploads\/2023\/12\/miszung_06_38-580x812.jpg 580w, https:\/\/muzeum.haus.pl\/wp-content\/uploads\/2023\/12\/miszung_06_38-214x300.jpg 214w, https:\/\/muzeum.haus.pl\/wp-content\/uploads\/2023\/12\/miszung_06_38-731x1024.jpg 731w, https:\/\/muzeum.haus.pl\/wp-content\/uploads\/2023\/12\/miszung_06_38-768x1075.jpg 768w, https:\/\/muzeum.haus.pl\/wp-content\/uploads\/2023\/12\/miszung_06_38-1097x1536.jpg 1097w, https:\/\/muzeum.haus.pl\/wp-content\/uploads\/2023\/12\/miszung_06_38-1463x2048.jpg 1463w, https:\/\/muzeum.haus.pl\/wp-content\/uploads\/2023\/12\/miszung_06_38-860x1204.jpg 860w, https:\/\/muzeum.haus.pl\/wp-content\/uploads\/2023\/12\/miszung_06_38-1160x1624.jpg 1160w, https:\/\/muzeum.haus.pl\/wp-content\/uploads\/2023\/12\/miszung_06_38-1320x1848.jpg 1320w, https:\/\/muzeum.haus.pl\/wp-content\/uploads\/2023\/12\/miszung_06_38.jpg 1500w\" sizes=\"auto, (max-width: 580px) 100vw, 580px\" \/><\/a><figcaption>schwarz-wei\u00df Fotografie, zeigt Edward Wasieczko (geboren am 06.10.1945 in Frankreich in Stiring-Wendel - gestorben am 04.04.2017). Mit seinen Eltern kam er im Januar 1949 nach Polen. In Polen arbeitete er im Kohlebergwerk Gliwice. Privatarchiv von Izabela Rataj.<\/figcaption><\/figure><\/li><li id=\"rzecz_18093\" class=\"cmsmasters_gallery_item cmsmasters_caption\"><figure><a href=\"https:\/\/muzeum.haus.pl\/wp-content\/uploads\/2023\/12\/miszung_06_39.jpg\" data-caption=\"Das sepiafarbene Foto zeigt Micha\u0142 und Maria Wasieczko. Sie lebten bis zu ihrer R\u00fcckkehr nach Polen im Jahr 1949 in Stiring-Wendel, Frankreich. Das Foto wurde an ihrem Hochzeitstag im Jahr 1929 aufgenommen. Privatarchiv von Izabela Rataj.\"><img loading=\"lazy\" decoding=\"async\" width=\"580\" height=\"817\" src=\"https:\/\/muzeum.haus.pl\/wp-content\/uploads\/2023\/12\/miszung_06_39-580x817.jpg\" class=\"attachment-cmsmasters-project-masonry-thumb size-cmsmasters-project-masonry-thumb\" alt=\"\" srcset=\"https:\/\/muzeum.haus.pl\/wp-content\/uploads\/2023\/12\/miszung_06_39-580x817.jpg 580w, https:\/\/muzeum.haus.pl\/wp-content\/uploads\/2023\/12\/miszung_06_39-213x300.jpg 213w, https:\/\/muzeum.haus.pl\/wp-content\/uploads\/2023\/12\/miszung_06_39-727x1024.jpg 727w, https:\/\/muzeum.haus.pl\/wp-content\/uploads\/2023\/12\/miszung_06_39-768x1082.jpg 768w, https:\/\/muzeum.haus.pl\/wp-content\/uploads\/2023\/12\/miszung_06_39-1090x1536.jpg 1090w, https:\/\/muzeum.haus.pl\/wp-content\/uploads\/2023\/12\/miszung_06_39-1454x2048.jpg 1454w, https:\/\/muzeum.haus.pl\/wp-content\/uploads\/2023\/12\/miszung_06_39-860x1211.jpg 860w, https:\/\/muzeum.haus.pl\/wp-content\/uploads\/2023\/12\/miszung_06_39-1160x1634.jpg 1160w, https:\/\/muzeum.haus.pl\/wp-content\/uploads\/2023\/12\/miszung_06_39-1320x1859.jpg 1320w, https:\/\/muzeum.haus.pl\/wp-content\/uploads\/2023\/12\/miszung_06_39.jpg 1476w\" sizes=\"auto, (max-width: 580px) 100vw, 580px\" \/><\/a><figcaption>Das sepiafarbene Foto zeigt Micha\u0142 und Maria Wasieczko. Sie lebten bis zu ihrer R\u00fcckkehr nach Polen im Jahr 1949 in Stiring-Wendel, Frankreich. Das Foto wurde an ihrem Hochzeitstag im Jahr 1929 aufgenommen. Privatarchiv von Izabela Rataj.<\/figcaption><\/figure><\/li><li id=\"rzecz_18095\" class=\"cmsmasters_gallery_item cmsmasters_caption\"><figure><a href=\"https:\/\/muzeum.haus.pl\/wp-content\/uploads\/2023\/12\/miszung_06_40.jpg\" data-caption=\"Das Schwarz-Wei\u00df-Foto zeigt Witold Wasieczko (geb. in Stiring-Wendel, Frankreich, 09.04.1934 - gest. 26.05.1987). Herr Witold kam mit seinen Eltern im Januar 1949 nach Polen. Er arbeitete im Stahlwerk I Maja in Gliwice. Als Kind wollte er nach seiner R\u00fcckkehr nicht in eine polnische Schule gehen, worunter er sehr litt. Privatarchiv von Izabela Rataj.\"><img loading=\"lazy\" decoding=\"async\" width=\"580\" height=\"870\" src=\"https:\/\/muzeum.haus.pl\/wp-content\/uploads\/2023\/12\/miszung_06_40-580x870.jpg\" class=\"attachment-cmsmasters-project-masonry-thumb size-cmsmasters-project-masonry-thumb\" alt=\"\" srcset=\"https:\/\/muzeum.haus.pl\/wp-content\/uploads\/2023\/12\/miszung_06_40-580x870.jpg 580w, https:\/\/muzeum.haus.pl\/wp-content\/uploads\/2023\/12\/miszung_06_40-200x300.jpg 200w, https:\/\/muzeum.haus.pl\/wp-content\/uploads\/2023\/12\/miszung_06_40-683x1024.jpg 683w, https:\/\/muzeum.haus.pl\/wp-content\/uploads\/2023\/12\/miszung_06_40-768x1152.jpg 768w, https:\/\/muzeum.haus.pl\/wp-content\/uploads\/2023\/12\/miszung_06_40-860x1290.jpg 860w, https:\/\/muzeum.haus.pl\/wp-content\/uploads\/2023\/12\/miszung_06_40.jpg 992w\" sizes=\"auto, (max-width: 580px) 100vw, 580px\" \/><\/a><figcaption>Das Schwarz-Wei\u00df-Foto zeigt Witold Wasieczko (geb. in Stiring-Wendel, Frankreich, 09.04.1934 - gest. 26.05.1987). Herr Witold kam mit seinen Eltern im Januar 1949 nach Polen. Er arbeitete im Stahlwerk I Maja in Gliwice. Als Kind wollte er nach seiner R\u00fcckkehr nicht in eine polnische Schule gehen, worunter er sehr litt. Privatarchiv von Izabela Rataj.<\/figcaption><\/figure><\/li><li id=\"rzecz_18097\" class=\"cmsmasters_gallery_item cmsmasters_caption\"><figure><a href=\"https:\/\/muzeum.haus.pl\/wp-content\/uploads\/2023\/12\/miszung_06_41.jpg\" data-caption=\"Schwarz-Wei\u00df-Foto aus dem Jahr 1968, das ein M\u00e4dchen, Basia Giepart, zeigt, das auf dem Rahmen des Brunnens in Wilcze Gard\u0142o sitzt. Der Springbrunnen befand sich vor dem Geb\u00e4ude des Gemeindehauses mit dem Eingangstor. Privatsammlung von Barbara Piernikarczyk (geb. Giepart).\"><img loading=\"lazy\" decoding=\"async\" width=\"580\" height=\"871\" src=\"https:\/\/muzeum.haus.pl\/wp-content\/uploads\/2023\/12\/miszung_06_41-580x871.jpg\" class=\"attachment-cmsmasters-project-masonry-thumb size-cmsmasters-project-masonry-thumb\" alt=\"\" srcset=\"https:\/\/muzeum.haus.pl\/wp-content\/uploads\/2023\/12\/miszung_06_41-580x871.jpg 580w, https:\/\/muzeum.haus.pl\/wp-content\/uploads\/2023\/12\/miszung_06_41-200x300.jpg 200w, https:\/\/muzeum.haus.pl\/wp-content\/uploads\/2023\/12\/miszung_06_41-682x1024.jpg 682w, https:\/\/muzeum.haus.pl\/wp-content\/uploads\/2023\/12\/miszung_06_41-768x1153.jpg 768w, https:\/\/muzeum.haus.pl\/wp-content\/uploads\/2023\/12\/miszung_06_41-1023x1536.jpg 1023w, https:\/\/muzeum.haus.pl\/wp-content\/uploads\/2023\/12\/miszung_06_41-1364x2048.jpg 1364w, https:\/\/muzeum.haus.pl\/wp-content\/uploads\/2023\/12\/miszung_06_41-860x1291.jpg 860w, https:\/\/muzeum.haus.pl\/wp-content\/uploads\/2023\/12\/miszung_06_41-1160x1741.jpg 1160w, https:\/\/muzeum.haus.pl\/wp-content\/uploads\/2023\/12\/miszung_06_41-1320x1981.jpg 1320w, https:\/\/muzeum.haus.pl\/wp-content\/uploads\/2023\/12\/miszung_06_41.jpg 1399w\" sizes=\"auto, (max-width: 580px) 100vw, 580px\" \/><\/a><figcaption>Schwarz-Wei\u00df-Foto aus dem Jahr 1968, das ein M\u00e4dchen, Basia Giepart, zeigt, das auf dem Rahmen des Brunnens in Wilcze Gard\u0142o sitzt. Der Springbrunnen befand sich vor dem Geb\u00e4ude des Gemeindehauses mit dem Eingangstor. Privatsammlung von Barbara Piernikarczyk (geb. Giepart).<\/figcaption><\/figure><\/li><li id=\"rzecz_18099\" class=\"cmsmasters_gallery_item cmsmasters_caption\"><figure><a href=\"https:\/\/muzeum.haus.pl\/wp-content\/uploads\/2023\/12\/miszung_06_42.jpg\" data-caption=\"Ein Schwarz-Wei\u00df-Foto aus dem Jahr 1968 zeigt ein M\u00e4dchen, Basia Giepart, vor dem Hintergrund des Brunnens in Wilcze Gardle, gehalten von ihrer Schwester Kasia Giepart (heute Osiurek) und ihrer Freundin Ola Wszo\u0142ek. Der Brunnen befand sich vor dem Geb\u00e4ude des Gemeindehauses mit dem Eingangstor. Privatsammlung von Barbara Piernikarczyk (geb. Giepart).\"><img loading=\"lazy\" decoding=\"async\" width=\"580\" height=\"414\" src=\"https:\/\/muzeum.haus.pl\/wp-content\/uploads\/2023\/12\/miszung_06_42-580x414.jpg\" class=\"attachment-cmsmasters-project-masonry-thumb size-cmsmasters-project-masonry-thumb\" alt=\"\" srcset=\"https:\/\/muzeum.haus.pl\/wp-content\/uploads\/2023\/12\/miszung_06_42-580x414.jpg 580w, https:\/\/muzeum.haus.pl\/wp-content\/uploads\/2023\/12\/miszung_06_42-300x214.jpg 300w, https:\/\/muzeum.haus.pl\/wp-content\/uploads\/2023\/12\/miszung_06_42-1024x732.jpg 1024w, https:\/\/muzeum.haus.pl\/wp-content\/uploads\/2023\/12\/miszung_06_42-768x549.jpg 768w, https:\/\/muzeum.haus.pl\/wp-content\/uploads\/2023\/12\/miszung_06_42-860x614.jpg 860w, https:\/\/muzeum.haus.pl\/wp-content\/uploads\/2023\/12\/miszung_06_42.jpg 1068w\" sizes=\"auto, (max-width: 580px) 100vw, 580px\" \/><\/a><figcaption>Ein Schwarz-Wei\u00df-Foto aus dem Jahr 1968 zeigt ein M\u00e4dchen, Basia Giepart, vor dem Hintergrund des Brunnens in Wilcze Gardle, gehalten von ihrer Schwester Kasia Giepart (heute Osiurek) und ihrer Freundin Ola Wszo\u0142ek. Der Brunnen befand sich vor dem Geb\u00e4ude des Gemeindehauses mit dem Eingangstor. Privatsammlung von Barbara Piernikarczyk (geb. Giepart).<\/figcaption><\/figure><\/li><li id=\"rzecz_18101\" class=\"cmsmasters_gallery_item cmsmasters_caption\"><figure><a href=\"https:\/\/muzeum.haus.pl\/wp-content\/uploads\/2023\/12\/miszung_06_43.jpg\" data-caption=\"Eine Schwarz-Wei\u00df-Fotografie aus dem Jahr 1972 zeigt die M\u00e4dchen: die Schwestern Basia und Kasia Giepart in einer winterlichen Umgebung. Die M\u00e4dchen sitzen auf einem Schlitten im Park in Wolfskehle. Privatsammlung von Barbara Piernikarczyk (geb. Giepart).\"><img loading=\"lazy\" decoding=\"async\" width=\"580\" height=\"367\" src=\"https:\/\/muzeum.haus.pl\/wp-content\/uploads\/2023\/12\/miszung_06_43-580x367.jpg\" class=\"attachment-cmsmasters-project-masonry-thumb size-cmsmasters-project-masonry-thumb\" alt=\"\" srcset=\"https:\/\/muzeum.haus.pl\/wp-content\/uploads\/2023\/12\/miszung_06_43-580x367.jpg 580w, https:\/\/muzeum.haus.pl\/wp-content\/uploads\/2023\/12\/miszung_06_43-300x190.jpg 300w, https:\/\/muzeum.haus.pl\/wp-content\/uploads\/2023\/12\/miszung_06_43-1024x647.jpg 1024w, https:\/\/muzeum.haus.pl\/wp-content\/uploads\/2023\/12\/miszung_06_43-768x485.jpg 768w, https:\/\/muzeum.haus.pl\/wp-content\/uploads\/2023\/12\/miszung_06_43-1536x971.jpg 1536w, https:\/\/muzeum.haus.pl\/wp-content\/uploads\/2023\/12\/miszung_06_43-2048x1294.jpg 2048w, https:\/\/muzeum.haus.pl\/wp-content\/uploads\/2023\/12\/miszung_06_43-860x543.jpg 860w, https:\/\/muzeum.haus.pl\/wp-content\/uploads\/2023\/12\/miszung_06_43-1160x733.jpg 1160w, https:\/\/muzeum.haus.pl\/wp-content\/uploads\/2023\/12\/miszung_06_43-1320x834.jpg 1320w\" sizes=\"auto, (max-width: 580px) 100vw, 580px\" \/><\/a><figcaption>Eine Schwarz-Wei\u00df-Fotografie aus dem Jahr 1972 zeigt die M\u00e4dchen: die Schwestern Basia und Kasia Giepart in einer winterlichen Umgebung. Die M\u00e4dchen sitzen auf einem Schlitten im Park in Wolfskehle. Privatsammlung von Barbara Piernikarczyk (geb. Giepart).<\/figcaption><\/figure><\/li><li id=\"rzecz_18103\" class=\"cmsmasters_gallery_item cmsmasters_caption\"><figure><a href=\"https:\/\/muzeum.haus.pl\/wp-content\/uploads\/2023\/12\/miszung_06_44.jpg\" data-caption=\"Ein Farbfoto aus dem Jahr 1973 zeigt ein als K\u00f6chin verkleidetes M\u00e4dchen, Basia Giepart, neben einem Spielzeugherd in einem Kindergarten in Wolfskehle. Der Kindergarten befand sich damals in der Market Street (dem heutigen Jasmine Square). Privatsammlung von Barbara Piernikarczyk (geb. Giepart).\"><img loading=\"lazy\" decoding=\"async\" width=\"580\" height=\"832\" src=\"https:\/\/muzeum.haus.pl\/wp-content\/uploads\/2023\/12\/miszung_06_44-580x832.jpg\" class=\"attachment-cmsmasters-project-masonry-thumb size-cmsmasters-project-masonry-thumb\" alt=\"\" srcset=\"https:\/\/muzeum.haus.pl\/wp-content\/uploads\/2023\/12\/miszung_06_44-580x832.jpg 580w, https:\/\/muzeum.haus.pl\/wp-content\/uploads\/2023\/12\/miszung_06_44-209x300.jpg 209w, https:\/\/muzeum.haus.pl\/wp-content\/uploads\/2023\/12\/miszung_06_44-714x1024.jpg 714w, https:\/\/muzeum.haus.pl\/wp-content\/uploads\/2023\/12\/miszung_06_44-768x1102.jpg 768w, https:\/\/muzeum.haus.pl\/wp-content\/uploads\/2023\/12\/miszung_06_44-860x1234.jpg 860w, https:\/\/muzeum.haus.pl\/wp-content\/uploads\/2023\/12\/miszung_06_44.jpg 962w\" sizes=\"auto, (max-width: 580px) 100vw, 580px\" \/><\/a><figcaption>Ein Farbfoto aus dem Jahr 1973 zeigt ein als K\u00f6chin verkleidetes M\u00e4dchen, Basia Giepart, neben einem Spielzeugherd in einem Kindergarten in Wolfskehle. Der Kindergarten befand sich damals in der Market Street (dem heutigen Jasmine Square). Privatsammlung von Barbara Piernikarczyk (geb. Giepart).<\/figcaption><\/figure><\/li><li id=\"rzecz_18105\" class=\"cmsmasters_gallery_item cmsmasters_caption\"><figure><a href=\"https:\/\/muzeum.haus.pl\/wp-content\/uploads\/2023\/12\/miszung_06_45.jpg\" data-caption=\"Farbfotografie, wahrscheinlich in den 1970er Jahren aufgenommen, zeigt Edward Skiba vor seinem Haus in der Magnolia Street. Im Hintergrund sind Autos und ein Bus zu sehen, sowie ein Teil der Schule und H\u00e4user in der Go\u017adzikowa-Stra\u00dfe. Privatsammlung von Anna So\u015bniak.\"><img loading=\"lazy\" decoding=\"async\" width=\"580\" height=\"384\" src=\"https:\/\/muzeum.haus.pl\/wp-content\/uploads\/2023\/12\/miszung_06_45-580x384.jpg\" class=\"attachment-cmsmasters-project-masonry-thumb size-cmsmasters-project-masonry-thumb\" alt=\"\" srcset=\"https:\/\/muzeum.haus.pl\/wp-content\/uploads\/2023\/12\/miszung_06_45-580x384.jpg 580w, https:\/\/muzeum.haus.pl\/wp-content\/uploads\/2023\/12\/miszung_06_45-300x199.jpg 300w, https:\/\/muzeum.haus.pl\/wp-content\/uploads\/2023\/12\/miszung_06_45-1024x679.jpg 1024w, https:\/\/muzeum.haus.pl\/wp-content\/uploads\/2023\/12\/miszung_06_45-768x509.jpg 768w, https:\/\/muzeum.haus.pl\/wp-content\/uploads\/2023\/12\/miszung_06_45-860x570.jpg 860w, https:\/\/muzeum.haus.pl\/wp-content\/uploads\/2023\/12\/miszung_06_45-1160x769.jpg 1160w, https:\/\/muzeum.haus.pl\/wp-content\/uploads\/2023\/12\/miszung_06_45-1320x875.jpg 1320w, https:\/\/muzeum.haus.pl\/wp-content\/uploads\/2023\/12\/miszung_06_45.jpg 1512w\" sizes=\"auto, (max-width: 580px) 100vw, 580px\" \/><\/a><figcaption>Farbfotografie, wahrscheinlich in den 1970er Jahren aufgenommen, zeigt Edward Skiba vor seinem Haus in der Magnolia Street. Im Hintergrund sind Autos und ein Bus zu sehen, sowie ein Teil der Schule und H\u00e4user in der Go\u017adzikowa-Stra\u00dfe. Privatsammlung von Anna So\u015bniak.<\/figcaption><\/figure><\/li><\/ul><div class=\"cmsmasters_wrap_more_items\"><div class=\"cmsmasters_more_gallery_items cmsmasters_wrap_items_loader\"><a href=\"javascript:void(0)\" class=\"cmsmasters_button cmsmasters_gallery_items_loader cmsmasters_items_loader\"><span>Wczytaj wi\u0119cej<\/span><\/a><\/div><\/div><\/div>\n<\/div><\/div>\n<\/div>\n<\/div>\n<\/div>\n<\/div>\n<\/div>\n\n","protected":false},"excerpt":{"rendered":"","protected":false},"author":2,"featured_media":0,"parent":18133,"menu_order":48,"template":"","format":"standard","meta":{"_acf_changed":false,"footnotes":""},"class_list":["post-18143","project","type-project","status-publish","format-standard","hentry"],"acf":[],"yoast_head":"<!-- This site is optimized with the Yoast SEO plugin v27.3 - https:\/\/yoast.com\/product\/yoast-seo-wordpress\/ -->\n<title>Reisekoffer - Muzeum online Domu Wsp\u00f3\u0142pracy Polsko-Niemieckiej<\/title>\n<meta name=\"robots\" content=\"index, follow, max-snippet:-1, max-image-preview:large, max-video-preview:-1\" \/>\n<link rel=\"canonical\" href=\"https:\/\/muzeum.haus.pl\/de\/ausstellung\/virtuelle-ausstellung-mischung-erkenntnis-durch-kunst\/reisekoffer\/\" \/>\n<meta property=\"og:locale\" content=\"de_DE\" \/>\n<meta property=\"og:type\" content=\"article\" \/>\n<meta property=\"og:title\" content=\"Reisekoffer - Muzeum online Domu Wsp\u00f3\u0142pracy Polsko-Niemieckiej\" \/>\n<meta property=\"og:url\" content=\"https:\/\/muzeum.haus.pl\/de\/ausstellung\/virtuelle-ausstellung-mischung-erkenntnis-durch-kunst\/reisekoffer\/\" \/>\n<meta property=\"og:site_name\" content=\"Muzeum online Domu Wsp\u00f3\u0142pracy Polsko-Niemieckiej\" \/>\n<meta name=\"twitter:card\" content=\"summary_large_image\" \/>\n<meta name=\"twitter:label1\" content=\"Gesch\u00e4tzte Lesezeit\" \/>\n\t<meta name=\"twitter:data1\" content=\"2\u00a0Minuten\" \/>\n<script type=\"application\/ld+json\" class=\"yoast-schema-graph\">{\"@context\":\"https:\\\/\\\/schema.org\",\"@graph\":[{\"@type\":\"WebPage\",\"@id\":\"https:\\\/\\\/muzeum.haus.pl\\\/de\\\/ausstellung\\\/virtuelle-ausstellung-mischung-erkenntnis-durch-kunst\\\/reisekoffer\\\/\",\"url\":\"https:\\\/\\\/muzeum.haus.pl\\\/de\\\/ausstellung\\\/virtuelle-ausstellung-mischung-erkenntnis-durch-kunst\\\/reisekoffer\\\/\",\"name\":\"Reisekoffer - Muzeum online Domu Wsp\u00f3\u0142pracy Polsko-Niemieckiej\",\"isPartOf\":{\"@id\":\"https:\\\/\\\/muzeum.haus.pl\\\/de\\\/#website\"},\"datePublished\":\"2023-12-21T09:07:55+00:00\",\"breadcrumb\":{\"@id\":\"https:\\\/\\\/muzeum.haus.pl\\\/de\\\/ausstellung\\\/virtuelle-ausstellung-mischung-erkenntnis-durch-kunst\\\/reisekoffer\\\/#breadcrumb\"},\"inLanguage\":\"de\",\"potentialAction\":[{\"@type\":\"ReadAction\",\"target\":[\"https:\\\/\\\/muzeum.haus.pl\\\/de\\\/ausstellung\\\/virtuelle-ausstellung-mischung-erkenntnis-durch-kunst\\\/reisekoffer\\\/\"]}]},{\"@type\":\"BreadcrumbList\",\"@id\":\"https:\\\/\\\/muzeum.haus.pl\\\/de\\\/ausstellung\\\/virtuelle-ausstellung-mischung-erkenntnis-durch-kunst\\\/reisekoffer\\\/#breadcrumb\",\"itemListElement\":[{\"@type\":\"ListItem\",\"position\":1,\"name\":\"Home\",\"item\":\"https:\\\/\\\/muzeum.haus.pl\\\/de\\\/\"},{\"@type\":\"ListItem\",\"position\":2,\"name\":\"ausstellung\",\"item\":\"https:\\\/\\\/muzeum.haus.pl\\\/de\\\/ausstellung\\\/\"},{\"@type\":\"ListItem\",\"position\":3,\"name\":\"Virtuelle Ausstellung: &#8220;Mischung &#8211; Erkenntnis durch Kunst&#8221;\",\"item\":\"https:\\\/\\\/muzeum.haus.pl\\\/de\\\/ausstellung\\\/virtuelle-ausstellung-mischung-erkenntnis-durch-kunst\\\/\"},{\"@type\":\"ListItem\",\"position\":4,\"name\":\"Reisekoffer\"}]},{\"@type\":\"WebSite\",\"@id\":\"https:\\\/\\\/muzeum.haus.pl\\\/de\\\/#website\",\"url\":\"https:\\\/\\\/muzeum.haus.pl\\\/de\\\/\",\"name\":\"Muzeum online Domu Wsp\u00f3\u0142pracy Polsko-Niemieckiej\",\"description\":\"DWPN\",\"potentialAction\":[{\"@type\":\"SearchAction\",\"target\":{\"@type\":\"EntryPoint\",\"urlTemplate\":\"https:\\\/\\\/muzeum.haus.pl\\\/de\\\/?s={search_term_string}\"},\"query-input\":{\"@type\":\"PropertyValueSpecification\",\"valueRequired\":true,\"valueName\":\"search_term_string\"}}],\"inLanguage\":\"de\"}]}<\/script>\n<!-- \/ Yoast SEO plugin. -->","yoast_head_json":{"title":"Reisekoffer - Muzeum online Domu Wsp\u00f3\u0142pracy Polsko-Niemieckiej","robots":{"index":"index","follow":"follow","max-snippet":"max-snippet:-1","max-image-preview":"max-image-preview:large","max-video-preview":"max-video-preview:-1"},"canonical":"https:\/\/muzeum.haus.pl\/de\/ausstellung\/virtuelle-ausstellung-mischung-erkenntnis-durch-kunst\/reisekoffer\/","og_locale":"de_DE","og_type":"article","og_title":"Reisekoffer - Muzeum online Domu Wsp\u00f3\u0142pracy Polsko-Niemieckiej","og_url":"https:\/\/muzeum.haus.pl\/de\/ausstellung\/virtuelle-ausstellung-mischung-erkenntnis-durch-kunst\/reisekoffer\/","og_site_name":"Muzeum online Domu Wsp\u00f3\u0142pracy Polsko-Niemieckiej","twitter_card":"summary_large_image","twitter_misc":{"Gesch\u00e4tzte Lesezeit":"2\u00a0Minuten"},"schema":{"@context":"https:\/\/schema.org","@graph":[{"@type":"WebPage","@id":"https:\/\/muzeum.haus.pl\/de\/ausstellung\/virtuelle-ausstellung-mischung-erkenntnis-durch-kunst\/reisekoffer\/","url":"https:\/\/muzeum.haus.pl\/de\/ausstellung\/virtuelle-ausstellung-mischung-erkenntnis-durch-kunst\/reisekoffer\/","name":"Reisekoffer - Muzeum online Domu Wsp\u00f3\u0142pracy Polsko-Niemieckiej","isPartOf":{"@id":"https:\/\/muzeum.haus.pl\/de\/#website"},"datePublished":"2023-12-21T09:07:55+00:00","breadcrumb":{"@id":"https:\/\/muzeum.haus.pl\/de\/ausstellung\/virtuelle-ausstellung-mischung-erkenntnis-durch-kunst\/reisekoffer\/#breadcrumb"},"inLanguage":"de","potentialAction":[{"@type":"ReadAction","target":["https:\/\/muzeum.haus.pl\/de\/ausstellung\/virtuelle-ausstellung-mischung-erkenntnis-durch-kunst\/reisekoffer\/"]}]},{"@type":"BreadcrumbList","@id":"https:\/\/muzeum.haus.pl\/de\/ausstellung\/virtuelle-ausstellung-mischung-erkenntnis-durch-kunst\/reisekoffer\/#breadcrumb","itemListElement":[{"@type":"ListItem","position":1,"name":"Home","item":"https:\/\/muzeum.haus.pl\/de\/"},{"@type":"ListItem","position":2,"name":"ausstellung","item":"https:\/\/muzeum.haus.pl\/de\/ausstellung\/"},{"@type":"ListItem","position":3,"name":"Virtuelle Ausstellung: &#8220;Mischung &#8211; Erkenntnis durch Kunst&#8221;","item":"https:\/\/muzeum.haus.pl\/de\/ausstellung\/virtuelle-ausstellung-mischung-erkenntnis-durch-kunst\/"},{"@type":"ListItem","position":4,"name":"Reisekoffer"}]},{"@type":"WebSite","@id":"https:\/\/muzeum.haus.pl\/de\/#website","url":"https:\/\/muzeum.haus.pl\/de\/","name":"Muzeum online Domu Wsp\u00f3\u0142pracy Polsko-Niemieckiej","description":"DWPN","potentialAction":[{"@type":"SearchAction","target":{"@type":"EntryPoint","urlTemplate":"https:\/\/muzeum.haus.pl\/de\/?s={search_term_string}"},"query-input":{"@type":"PropertyValueSpecification","valueRequired":true,"valueName":"search_term_string"}}],"inLanguage":"de"}]}},"_links":{"self":[{"href":"https:\/\/muzeum.haus.pl\/de\/wp-json\/wp\/v2\/project\/18143","targetHints":{"allow":["GET"]}}],"collection":[{"href":"https:\/\/muzeum.haus.pl\/de\/wp-json\/wp\/v2\/project"}],"about":[{"href":"https:\/\/muzeum.haus.pl\/de\/wp-json\/wp\/v2\/types\/project"}],"author":[{"embeddable":true,"href":"https:\/\/muzeum.haus.pl\/de\/wp-json\/wp\/v2\/users\/2"}],"version-history":[{"count":1,"href":"https:\/\/muzeum.haus.pl\/de\/wp-json\/wp\/v2\/project\/18143\/revisions"}],"predecessor-version":[{"id":18144,"href":"https:\/\/muzeum.haus.pl\/de\/wp-json\/wp\/v2\/project\/18143\/revisions\/18144"}],"up":[{"embeddable":true,"href":"https:\/\/muzeum.haus.pl\/de\/wp-json\/wp\/v2\/project\/18133"}],"wp:attachment":[{"href":"https:\/\/muzeum.haus.pl\/de\/wp-json\/wp\/v2\/media?parent=18143"}],"curies":[{"name":"wp","href":"https:\/\/api.w.org\/{rel}","templated":true}]}}